{"id":2278,"date":"2022-05-26T06:17:12","date_gmt":"2022-05-26T06:17:12","guid":{"rendered":"https:\/\/uhinaknew.ficoba.org\/producto\/izena-eman\/"},"modified":"2025-12-23T15:44:50","modified_gmt":"2025-12-23T14:44:50","slug":"inscripcion-uhinak","status":"publish","type":"product","link":"https:\/\/www.uhinak.com\/eu\/producto\/inscripcion-uhinak\/","title":{"rendered":"IZENA EMAN"},"content":{"rendered":"<p><!-- Event snippet for UHINAK_Inicio_Form on : Please do not remove. Place this snippet on pages with events you\u2019re tracking. Creation date: 07\/30\/2024 --><br \/>\n<script>\n  gtag('event', 'conversion', {\n    'allow_custom_scripts': true,\n    'send_to': 'DC-14264940\/uhi\/uhina0+standard'\n  });\n<\/script><br \/>\n<noscript><br \/>\n<img decoding=\"async\" src=\"https:\/\/ad.doubleclick.net\/ddm\/activity\/src=14264940;type=uhi;cat=uhina0;dc_lat=;dc_rdid=;tag_for_child_directed_treatment=;tfua=;npa=;gdpr=%24%7BGDPR%7D;gdpr_consent=%24%7BGDPR_CONSENT_755%7D;ord=1?\" width=\"1\" height=\"1\" alt=\"\"><br \/>\n<\/noscript><br \/>\n<!-- End of event snippet: Please do not remove --><\/p>\n<div><\/div>\n<p><script>\nwindow.onload = function() {\n  show_language_texts(\"lang_eu\");\n  \/\/alert(\"aquiES\");\n};\n<\/script><\/p>\n<style>\nh3{<br \/>padding-top: 30px !important;<br \/>    padding-bottom: 10px !important;<br \/>    color: #000;<br \/>    text-decoration: underline;<br \/>    text-decoration-color: #f4ac00;<br \/>}<br \/><\/style>\n<h3>Aldaketak eta bertan behera uztea<\/h3>\n<p>Deuseztatze edo aldaketarik egonez gero idatziz jakinarazi behar zaio Idazkaritza Teknikoari e-mailez <a href=\"mailto:uhinak@ficoba.org\">uhinak@ficoba.org<\/a>.<\/p>\n<h5>Bertan behera uzteko baldintzak<\/h5>\n<ul>\n<li>Las inscripciones canceladas <strong>antes del 1 de octubre de 2024 <\/strong>recibir\u00e1n la devoluci\u00f3n del importe abonado excepto un 10% en concepto de gastos de gesti\u00f3n.<\/li>\n<li>Las inscripciones canceladas <strong>a partir del 1 de octubre de 2024(incluido) <\/strong> sufrir\u00e1n una penalizaci\u00f3n del 100%.<\/li>\n<\/ul>\n","protected":false},"excerpt":{"rendered":"<p>Aldaketak eta bertan behera uztea Deuseztatze edo aldaketarik egonez gero idatziz jakinarazi behar zaio Idazkaritza Teknikoari e-mailez uhinak@ficoba.org. Bertan behera uzteko baldintzak Las inscripciones canceladas antes del 1 de octubre de 2024 recibir\u00e1n la devoluci\u00f3n del importe abonado excepto un 10% en concepto de gastos de gesti\u00f3n. Las inscripciones canceladas a partir del 1 de [&hellip;]<\/p>\n","protected":false},"featured_media":0,"template":"","meta":[],"product_brand":[],"product_cat":[43],"product_tag":[],"class_list":{"0":"post-2278","1":"product","2":"type-product","3":"status-publish","5":"product_cat-sin-categorizar-eu","7":"first","8":"instock","9":"virtual","10":"purchasable","11":"product-type-simple"},"yoast_head":"<!-- This site is optimized with the Yoast SEO plugin v26.8 - https:\/\/yoast.com\/product\/yoast-seo-wordpress\/ -->\n<title>IZENA EMAN - uhinak<\/title>\n<meta name=\"description\" content=\"Solicitud de inscripci\u00f3n al congreso al VI Congreso transfronterizosobre Cambio Clim\u00e1tico y Litoral23-24 octubre 2024\" \/>\n<meta name=\"robots\" content=\"index, follow, max-snippet:-1, max-image-preview:large, max-video-preview:-1\" \/>\n<link rel=\"canonical\" href=\"https:\/\/www.uhinak.com\/eu\/producto\/inscripcion-uhinak\/\" \/>\n<meta property=\"og:locale\" content=\"eu_ES\" \/>\n<meta property=\"og:type\" content=\"article\" \/>\n<meta property=\"og:title\" content=\"IZENA EMAN - uhinak\" \/>\n<meta property=\"og:description\" content=\"Solicitud de inscripci\u00f3n al congreso al VI Congreso transfronterizosobre Cambio Clim\u00e1tico y Litoral23-24 octubre 2024\" \/>\n<meta property=\"og:url\" content=\"https:\/\/www.uhinak.com\/eu\/producto\/inscripcion-uhinak\/\" \/>\n<meta property=\"og:site_name\" content=\"uhinak\" \/>\n<meta property=\"article:modified_time\" content=\"2025-12-23T14:44:50+00:00\" \/>\n<meta property=\"og:image\" content=\"https:\/\/ad.doubleclick.net\/ddm\/activity\/src=14264940;type=uhi;cat=uhina0;dc_lat=;dc_rdid=;tag_for_child_directed_treatment=;tfua=;npa=;gdpr=%24%7BGDPR%7D;gdpr_consent=%24%7BGDPR_CONSENT_755%7D;ord=1?\" \/>\n<meta name=\"twitter:card\" content=\"summary_large_image\" \/>\n<meta name=\"twitter:site\" content=\"@UhinakK\" \/>\n<meta name=\"twitter:label1\" content=\"Est. reading time\" \/>\n\t<meta name=\"twitter:data1\" content=\"1 minute\" \/>\n<script type=\"application\/ld+json\" class=\"yoast-schema-graph\">{\"@context\":\"https:\/\/schema.org\",\"@graph\":[{\"@type\":\"WebPage\",\"@id\":\"https:\/\/www.uhinak.com\/eu\/producto\/inscripcion-uhinak\/\",\"url\":\"https:\/\/www.uhinak.com\/eu\/producto\/inscripcion-uhinak\/\",\"name\":\"IZENA EMAN - uhinak\",\"isPartOf\":{\"@id\":\"https:\/\/www.uhinak.com\/#website\"},\"primaryImageOfPage\":{\"@id\":\"https:\/\/www.uhinak.com\/eu\/producto\/inscripcion-uhinak\/#primaryimage\"},\"image\":{\"@id\":\"https:\/\/www.uhinak.com\/eu\/producto\/inscripcion-uhinak\/#primaryimage\"},\"thumbnailUrl\":\"https:\/\/ad.doubleclick.net\/ddm\/activity\/src=14264940;type=uhi;cat=uhina0;dc_lat=;dc_rdid=;tag_for_child_directed_treatment=;tfua=;npa=;gdpr=%24%7BGDPR%7D;gdpr_consent=%24%7BGDPR_CONSENT_755%7D;ord=1?\",\"datePublished\":\"2022-05-26T06:17:12+00:00\",\"dateModified\":\"2025-12-23T14:44:50+00:00\",\"description\":\"Solicitud de inscripci\u00f3n al congreso al VI Congreso transfronterizosobre Cambio Clim\u00e1tico y Litoral23-24 octubre 2024\",\"breadcrumb\":{\"@id\":\"https:\/\/www.uhinak.com\/eu\/producto\/inscripcion-uhinak\/#breadcrumb\"},\"inLanguage\":\"eu-ES\",\"potentialAction\":[{\"@type\":\"ReadAction\",\"target\":[\"https:\/\/www.uhinak.com\/eu\/producto\/inscripcion-uhinak\/\"]}]},{\"@type\":\"ImageObject\",\"inLanguage\":\"eu-ES\",\"@id\":\"https:\/\/www.uhinak.com\/eu\/producto\/inscripcion-uhinak\/#primaryimage\",\"url\":\"https:\/\/ad.doubleclick.net\/ddm\/activity\/src=14264940;type=uhi;cat=uhina0;dc_lat=;dc_rdid=;tag_for_child_directed_treatment=;tfua=;npa=;gdpr=%24%7BGDPR%7D;gdpr_consent=%24%7BGDPR_CONSENT_755%7D;ord=1?\",\"contentUrl\":\"https:\/\/ad.doubleclick.net\/ddm\/activity\/src=14264940;type=uhi;cat=uhina0;dc_lat=;dc_rdid=;tag_for_child_directed_treatment=;tfua=;npa=;gdpr=%24%7BGDPR%7D;gdpr_consent=%24%7BGDPR_CONSENT_755%7D;ord=1?\"},{\"@type\":\"BreadcrumbList\",\"@id\":\"https:\/\/www.uhinak.com\/eu\/producto\/inscripcion-uhinak\/#breadcrumb\",\"itemListElement\":[{\"@type\":\"ListItem\",\"position\":1,\"name\":\"Portada\",\"item\":\"https:\/\/www.uhinak.com\/eu\/home\/\"},{\"@type\":\"ListItem\",\"position\":2,\"name\":\"Inscripci\u00f3n\",\"item\":\"https:\/\/www.uhinak.com\/?page_id=1625\"},{\"@type\":\"ListItem\",\"position\":3,\"name\":\"IZENA EMAN\"}]},{\"@type\":\"WebSite\",\"@id\":\"https:\/\/www.uhinak.com\/#website\",\"url\":\"https:\/\/www.uhinak.com\/\",\"name\":\"uhinak\",\"description\":\"VII Congreso transfronterizo sobre Cambio Clim\u00e1tico y Litoral\",\"publisher\":{\"@id\":\"https:\/\/www.uhinak.com\/#organization\"},\"alternateName\":\"VI Congreso transfronterizo sobre Cambio Clim\u00e1tico y Litoral\",\"potentialAction\":[{\"@type\":\"SearchAction\",\"target\":{\"@type\":\"EntryPoint\",\"urlTemplate\":\"https:\/\/www.uhinak.com\/?s={search_term_string}\"},\"query-input\":{\"@type\":\"PropertyValueSpecification\",\"valueRequired\":true,\"valueName\":\"search_term_string\"}}],\"inLanguage\":\"eu-ES\"},{\"@type\":\"Organization\",\"@id\":\"https:\/\/www.uhinak.com\/#organization\",\"name\":\"uhinak\",\"alternateName\":\"VI Congreso transfronterizo sobre Cambio Clim\u00e1tico y Litoral\",\"url\":\"https:\/\/www.uhinak.com\/\",\"logo\":{\"@type\":\"ImageObject\",\"inLanguage\":\"eu-ES\",\"@id\":\"https:\/\/www.uhinak.com\/#\/schema\/logo\/image\/\",\"url\":\"https:\/\/www.uhinak.com\/wp-content\/uploads\/2022\/04\/logo_uhinak.png\",\"contentUrl\":\"https:\/\/www.uhinak.com\/wp-content\/uploads\/2022\/04\/logo_uhinak.png\",\"width\":216,\"height\":138,\"caption\":\"uhinak\"},\"image\":{\"@id\":\"https:\/\/www.uhinak.com\/#\/schema\/logo\/image\/\"},\"sameAs\":[\"https:\/\/x.com\/UhinakK\",\"https:\/\/www.linkedin.com\/company\/ficoba\/\"]}]}<\/script>\n<!-- \/ Yoast SEO plugin. -->","yoast_head_json":{"title":"IZENA EMAN - uhinak","description":"Solicitud de inscripci\u00f3n al congreso al VI Congreso transfronterizosobre Cambio Clim\u00e1tico y Litoral23-24 octubre 2024","robots":{"index":"index","follow":"follow","max-snippet":"max-snippet:-1","max-image-preview":"max-image-preview:large","max-video-preview":"max-video-preview:-1"},"canonical":"https:\/\/www.uhinak.com\/eu\/producto\/inscripcion-uhinak\/","og_locale":"eu_ES","og_type":"article","og_title":"IZENA EMAN - uhinak","og_description":"Solicitud de inscripci\u00f3n al congreso al VI Congreso transfronterizosobre Cambio Clim\u00e1tico y Litoral23-24 octubre 2024","og_url":"https:\/\/www.uhinak.com\/eu\/producto\/inscripcion-uhinak\/","og_site_name":"uhinak","article_modified_time":"2025-12-23T14:44:50+00:00","og_image":[{"url":"https:\/\/ad.doubleclick.net\/ddm\/activity\/src=14264940;type=uhi;cat=uhina0;dc_lat=;dc_rdid=;tag_for_child_directed_treatment=;tfua=;npa=;gdpr=%24%7BGDPR%7D;gdpr_consent=%24%7BGDPR_CONSENT_755%7D;ord=1?","type":"","width":"","height":""}],"twitter_card":"summary_large_image","twitter_site":"@UhinakK","twitter_misc":{"Est. reading time":"1 minute"},"schema":{"@context":"https:\/\/schema.org","@graph":[{"@type":"WebPage","@id":"https:\/\/www.uhinak.com\/eu\/producto\/inscripcion-uhinak\/","url":"https:\/\/www.uhinak.com\/eu\/producto\/inscripcion-uhinak\/","name":"IZENA EMAN - uhinak","isPartOf":{"@id":"https:\/\/www.uhinak.com\/#website"},"primaryImageOfPage":{"@id":"https:\/\/www.uhinak.com\/eu\/producto\/inscripcion-uhinak\/#primaryimage"},"image":{"@id":"https:\/\/www.uhinak.com\/eu\/producto\/inscripcion-uhinak\/#primaryimage"},"thumbnailUrl":"https:\/\/ad.doubleclick.net\/ddm\/activity\/src=14264940;type=uhi;cat=uhina0;dc_lat=;dc_rdid=;tag_for_child_directed_treatment=;tfua=;npa=;gdpr=%24%7BGDPR%7D;gdpr_consent=%24%7BGDPR_CONSENT_755%7D;ord=1?","datePublished":"2022-05-26T06:17:12+00:00","dateModified":"2025-12-23T14:44:50+00:00","description":"Solicitud de inscripci\u00f3n al congreso al VI Congreso transfronterizosobre Cambio Clim\u00e1tico y Litoral23-24 octubre 2024","breadcrumb":{"@id":"https:\/\/www.uhinak.com\/eu\/producto\/inscripcion-uhinak\/#breadcrumb"},"inLanguage":"eu-ES","potentialAction":[{"@type":"ReadAction","target":["https:\/\/www.uhinak.com\/eu\/producto\/inscripcion-uhinak\/"]}]},{"@type":"ImageObject","inLanguage":"eu-ES","@id":"https:\/\/www.uhinak.com\/eu\/producto\/inscripcion-uhinak\/#primaryimage","url":"https:\/\/ad.doubleclick.net\/ddm\/activity\/src=14264940;type=uhi;cat=uhina0;dc_lat=;dc_rdid=;tag_for_child_directed_treatment=;tfua=;npa=;gdpr=%24%7BGDPR%7D;gdpr_consent=%24%7BGDPR_CONSENT_755%7D;ord=1?","contentUrl":"https:\/\/ad.doubleclick.net\/ddm\/activity\/src=14264940;type=uhi;cat=uhina0;dc_lat=;dc_rdid=;tag_for_child_directed_treatment=;tfua=;npa=;gdpr=%24%7BGDPR%7D;gdpr_consent=%24%7BGDPR_CONSENT_755%7D;ord=1?"},{"@type":"BreadcrumbList","@id":"https:\/\/www.uhinak.com\/eu\/producto\/inscripcion-uhinak\/#breadcrumb","itemListElement":[{"@type":"ListItem","position":1,"name":"Portada","item":"https:\/\/www.uhinak.com\/eu\/home\/"},{"@type":"ListItem","position":2,"name":"Inscripci\u00f3n","item":"https:\/\/www.uhinak.com\/?page_id=1625"},{"@type":"ListItem","position":3,"name":"IZENA EMAN"}]},{"@type":"WebSite","@id":"https:\/\/www.uhinak.com\/#website","url":"https:\/\/www.uhinak.com\/","name":"uhinak","description":"VII Congreso transfronterizo sobre Cambio Clim\u00e1tico y Litoral","publisher":{"@id":"https:\/\/www.uhinak.com\/#organization"},"alternateName":"VI Congreso transfronterizo sobre Cambio Clim\u00e1tico y Litoral","potentialAction":[{"@type":"SearchAction","target":{"@type":"EntryPoint","urlTemplate":"https:\/\/www.uhinak.com\/?s={search_term_string}"},"query-input":{"@type":"PropertyValueSpecification","valueRequired":true,"valueName":"search_term_string"}}],"inLanguage":"eu-ES"},{"@type":"Organization","@id":"https:\/\/www.uhinak.com\/#organization","name":"uhinak","alternateName":"VI Congreso transfronterizo sobre Cambio Clim\u00e1tico y Litoral","url":"https:\/\/www.uhinak.com\/","logo":{"@type":"ImageObject","inLanguage":"eu-ES","@id":"https:\/\/www.uhinak.com\/#\/schema\/logo\/image\/","url":"https:\/\/www.uhinak.com\/wp-content\/uploads\/2022\/04\/logo_uhinak.png","contentUrl":"https:\/\/www.uhinak.com\/wp-content\/uploads\/2022\/04\/logo_uhinak.png","width":216,"height":138,"caption":"uhinak"},"image":{"@id":"https:\/\/www.uhinak.com\/#\/schema\/logo\/image\/"},"sameAs":["https:\/\/x.com\/UhinakK","https:\/\/www.linkedin.com\/company\/ficoba\/"]}]}},"_links":{"self":[{"href":"https:\/\/www.uhinak.com\/eu\/wp-json\/wp\/v2\/product\/2278","targetHints":{"allow":["GET"]}}],"collection":[{"href":"https:\/\/www.uhinak.com\/eu\/wp-json\/wp\/v2\/product"}],"about":[{"href":"https:\/\/www.uhinak.com\/eu\/wp-json\/wp\/v2\/types\/product"}],"wp:attachment":[{"href":"https:\/\/www.uhinak.com\/eu\/wp-json\/wp\/v2\/media?parent=2278"}],"wp:term":[{"taxonomy":"product_brand","embeddable":true,"href":"https:\/\/www.uhinak.com\/eu\/wp-json\/wp\/v2\/product_brand?post=2278"},{"taxonomy":"product_cat","embeddable":true,"href":"https:\/\/www.uhinak.com\/eu\/wp-json\/wp\/v2\/product_cat?post=2278"},{"taxonomy":"product_tag","embeddable":true,"href":"https:\/\/www.uhinak.com\/eu\/wp-json\/wp\/v2\/product_tag?post=2278"}],"curies":[{"name":"wp","href":"https:\/\/api.w.org\/{rel}","templated":true}]}}