{"id":4225,"date":"2022-07-12T10:32:23","date_gmt":"2022-07-12T08:32:23","guid":{"rendered":"https:\/\/www.uhinak.com\/programme\/"},"modified":"2024-10-31T13:57:20","modified_gmt":"2024-10-31T12:57:20","slug":"programme","status":"publish","type":"page","link":"https:\/\/www.uhinak.com\/fr\/programme\/","title":{"rendered":"Programme"},"content":{"rendered":"\t\t<div data-elementor-type=\"wp-page\" data-elementor-id=\"4225\" class=\"elementor elementor-4225\" data-elementor-post-type=\"page\">\n\t\t\t\t\t\t<section class=\"elementor-section elementor-top-section elementor-element elementor-element-ad54b15 elementor-section-boxed elementor-section-height-default elementor-section-height-default\" data-id=\"ad54b15\" data-element_type=\"section\" data-settings=\"{&quot;background_background&quot;:&quot;classic&quot;}\">\n\t\t\t\t\t\t<div class=\"elementor-container elementor-column-gap-default\">\n\t\t\t\t\t<div class=\"elementor-column elementor-col-33 elementor-top-column elementor-element elementor-element-0466f34\" data-id=\"0466f34\" data-element_type=\"column\">\n\t\t\t<div class=\"elementor-widget-wrap elementor-element-populated\">\n\t\t\t\t\t\t<div class=\"elementor-element elementor-element-02ded85 elementor-align-center elementor-widget__width-inherit elementor-widget elementor-widget-button\" data-id=\"02ded85\" data-element_type=\"widget\" data-widget_type=\"button.default\">\n\t\t\t\t<div class=\"elementor-widget-container\">\n\t\t\t\t\t\t\t\t\t<div class=\"elementor-button-wrapper\">\n\t\t\t\t\t<a class=\"elementor-button elementor-button-link elementor-size-xl\" href=\"https:\/\/www.uhinak.com\/wp-content\/uploads\/2024\/10\/Uhinak24-programa-red-FR-2.pdf\" target=\"_blank\">\n\t\t\t\t\t\t<span class=\"elementor-button-content-wrapper\">\n\t\t\t\t\t\t<span class=\"elementor-button-icon\">\n\t\t\t\t<i aria-hidden=\"true\" class=\"fas fa-file-pdf\"><\/i>\t\t\t<\/span>\n\t\t\t\t\t\t\t\t\t<span class=\"elementor-button-text\">Descargar el programa en PDF<\/span>\n\t\t\t\t\t<\/span>\n\t\t\t\t\t<\/a>\n\t\t\t\t<\/div>\n\t\t\t\t\t\t\t\t<\/div>\n\t\t\t\t<\/div>\n\t\t\t\t\t<\/div>\n\t\t<\/div>\n\t\t\t\t<div class=\"elementor-column elementor-col-33 elementor-top-column elementor-element elementor-element-52c0767\" data-id=\"52c0767\" data-element_type=\"column\">\n\t\t\t<div class=\"elementor-widget-wrap elementor-element-populated\">\n\t\t\t\t\t\t<div class=\"elementor-element elementor-element-339b668 elementor-align-center elementor-widget__width-inherit elementor-widget elementor-widget-button\" data-id=\"339b668\" data-element_type=\"widget\" data-widget_type=\"button.default\">\n\t\t\t\t<div class=\"elementor-widget-container\">\n\t\t\t\t\t\t\t\t\t<div class=\"elementor-button-wrapper\">\n\t\t\t\t\t<a class=\"elementor-button elementor-button-link elementor-size-xl\" href=\"https:\/\/www.uhinak.com\/wp-content\/uploads\/2024\/10\/Uhinak-2024-Libro-de-abstracts-1.pdf\" target=\"_blank\">\n\t\t\t\t\t\t<span class=\"elementor-button-content-wrapper\">\n\t\t\t\t\t\t<span class=\"elementor-button-icon\">\n\t\t\t\t<i aria-hidden=\"true\" class=\"fas fa-file-pdf\"><\/i>\t\t\t<\/span>\n\t\t\t\t\t\t\t\t\t<span class=\"elementor-button-text\">Descargar el libro de res\u00famenes de ponencias y comunicaciones<\/span>\n\t\t\t\t\t<\/span>\n\t\t\t\t\t<\/a>\n\t\t\t\t<\/div>\n\t\t\t\t\t\t\t\t<\/div>\n\t\t\t\t<\/div>\n\t\t\t\t\t<\/div>\n\t\t<\/div>\n\t\t\t\t<div class=\"elementor-column elementor-col-33 elementor-top-column elementor-element elementor-element-7d66243\" data-id=\"7d66243\" data-element_type=\"column\">\n\t\t\t<div class=\"elementor-widget-wrap elementor-element-populated\">\n\t\t\t\t\t\t<div class=\"elementor-element elementor-element-59cafc6 elementor-align-center elementor-widget__width-inherit elementor-widget elementor-widget-button\" data-id=\"59cafc6\" data-element_type=\"widget\" data-widget_type=\"button.default\">\n\t\t\t\t<div class=\"elementor-widget-container\">\n\t\t\t\t\t\t\t\t\t<div class=\"elementor-button-wrapper\">\n\t\t\t\t\t<a class=\"elementor-button elementor-button-link elementor-size-xl\" href=\"https:\/\/www.uhinak.com\/wp-content\/uploads\/2024\/10\/Revista-RIM-Uhinak-2024.pdf\" target=\"_blank\">\n\t\t\t\t\t\t<span class=\"elementor-button-content-wrapper\">\n\t\t\t\t\t\t<span class=\"elementor-button-icon\">\n\t\t\t\t<i aria-hidden=\"true\" class=\"fas fa-file-signature\"><\/i>\t\t\t<\/span>\n\t\t\t\t\t\t\t\t\t<span class=\"elementor-button-text\">Revista de invetigaci\u00f3n Marina \u2013 RIM AZTI - Abstract extendidos<\/span>\n\t\t\t\t\t<\/span>\n\t\t\t\t\t<\/a>\n\t\t\t\t<\/div>\n\t\t\t\t\t\t\t\t<\/div>\n\t\t\t\t<\/div>\n\t\t\t\t\t<\/div>\n\t\t<\/div>\n\t\t\t\t\t<\/div>\n\t\t<\/section>\n\t\t\t\t<section class=\"elementor-section elementor-top-section elementor-element elementor-element-6e7dd57 elementor-section-boxed elementor-section-height-default elementor-section-height-default\" data-id=\"6e7dd57\" data-element_type=\"section\">\n\t\t\t\t\t\t<div class=\"elementor-container elementor-column-gap-default\">\n\t\t\t\t\t<div class=\"elementor-column elementor-col-100 elementor-top-column elementor-element elementor-element-3817621\" data-id=\"3817621\" data-element_type=\"column\">\n\t\t\t<div class=\"elementor-widget-wrap elementor-element-populated\">\n\t\t\t\t\t\t<div class=\"elementor-element elementor-element-82e494c elementor-widget elementor-widget-responsive-tabs-with-icons\" data-id=\"82e494c\" data-element_type=\"widget\" data-widget_type=\"responsive-tabs-with-icons.default\">\n\t\t\t\t<div class=\"elementor-widget-container\">\n\t\t\t\t\t\r\n      <section class=\"responsive-tabs-section responsive-tabs-scroll-section\">\r\n        <div class=\"responsive-tabs-block\">\r\n          <ul class=\"responsive-tabs-list responsive-tabs-with-scroll\">\r\n                          <li class=\"responsive-tab active-tab\">\r\n                <div class=\"responsive-tab-info\">\r\n                                    <span class=\"responsive-tab-icon\">\r\n                                        <a class=\"responsive-tab-link\"\r\n                                           href=\"#responsive-tab-1\"><\/a>\r\n                                    <\/span>\r\n                  <h2 class=\"responsive-tab-name\">\r\n                    <a class=\"responsive-tab-link\"\r\n                       href=\"#responsive-tab-1\">Primera jornada<\/a>\r\n                  <\/h2>\r\n                <\/div>\r\n              <\/li>\r\n                            <li class=\"responsive-tab \">\r\n                <div class=\"responsive-tab-info\">\r\n                                    <span class=\"responsive-tab-icon\">\r\n                                        <a class=\"responsive-tab-link\"\r\n                                           href=\"#responsive-tab-2\"><\/a>\r\n                                    <\/span>\r\n                  <h2 class=\"responsive-tab-name\">\r\n                    <a class=\"responsive-tab-link\"\r\n                       href=\"#responsive-tab-2\">Segunda jornada<\/a>\r\n                  <\/h2>\r\n                <\/div>\r\n              <\/li>\r\n                            <li class=\"responsive-tab \">\r\n                <div class=\"responsive-tab-info\">\r\n                                    <span class=\"responsive-tab-icon\">\r\n                                        <a class=\"responsive-tab-link\"\r\n                                           href=\"#responsive-tab-3\"><\/a>\r\n                                    <\/span>\r\n                  <h2 class=\"responsive-tab-name\">\r\n                    <a class=\"responsive-tab-link\"\r\n                       href=\"#responsive-tab-3\">Posters<\/a>\r\n                  <\/h2>\r\n                <\/div>\r\n              <\/li>\r\n                            <li class=\"responsive-tab \">\r\n                <div class=\"responsive-tab-info\">\r\n                                    <span class=\"responsive-tab-icon\">\r\n                                        <a class=\"responsive-tab-link\"\r\n                                           href=\"#responsive-tab-4\"><\/a>\r\n                                    <\/span>\r\n                  <h2 class=\"responsive-tab-name\">\r\n                    <a class=\"responsive-tab-link\"\r\n                       href=\"#responsive-tab-4\">Ponentes<\/a>\r\n                  <\/h2>\r\n                <\/div>\r\n              <\/li>\r\n                        <\/ul>\r\n          <div class=\"tab-scroll-angle tab-scroll-angle-left\">\r\n            <span\r\n                class=\"icon-angle-left\"><i aria-hidden=\"true\" class=\"fas fa-chevron-left\"><\/i><\/span>\r\n          <\/div>\r\n          <div class=\"tab-scroll-angle tab-scroll-angle-right\">\r\n            <span\r\n                class=\"icon-angle-right\"><i aria-hidden=\"true\" class=\"fas fa-chevron-right\"><\/i><\/span>\r\n          <\/div>\r\n        <\/div>\r\n        <ul class=\"responsive-tabs-content-list\">\r\n                      <li id=\"responsive-tab-1\" class=\"responsive-tab-content active-tab\">\r\n                                                <div\r\n                      id=\"#responsive-tab-1\">\t\t<div data-elementor-type=\"page\" data-elementor-id=\"6667\" class=\"elementor elementor-6667 elementor-6272\" data-elementor-post-type=\"elementor_library\">\n\t\t\t\t\t\t<section class=\"elementor-section elementor-top-section elementor-element elementor-element-dc72cae elementor-section-boxed elementor-section-height-default elementor-section-height-default\" data-id=\"dc72cae\" data-element_type=\"section\">\n\t\t\t\t\t\t<div class=\"elementor-container elementor-column-gap-default\">\n\t\t\t\t\t<div class=\"elementor-column elementor-col-100 elementor-top-column elementor-element elementor-element-cb8d279\" data-id=\"cb8d279\" data-element_type=\"column\">\n\t\t\t<div class=\"elementor-widget-wrap elementor-element-populated\">\n\t\t\t\t\t\t<div class=\"elementor-element elementor-element-cd2fabb elementor-widget elementor-widget-text-editor\" data-id=\"cd2fabb\" data-element_type=\"widget\" data-widget_type=\"text-editor.default\">\n\t\t\t\t<div class=\"elementor-widget-container\">\n\t\t\t\t\t\t\t\t\t<h5 class=\"p1\">Premi\u00e8re journ\u00e9e<\/h5>\n\t\t\t\t\t\t\t\t<\/div>\n\t\t\t\t<\/div>\n\t\t\t\t\t<\/div>\n\t\t<\/div>\n\t\t\t\t\t<\/div>\n\t\t<\/section>\n\t\t\t\t<section class=\"elementor-section elementor-top-section elementor-element elementor-element-0197005 elementor-section-boxed elementor-section-height-default elementor-section-height-default\" data-id=\"0197005\" data-element_type=\"section\">\n\t\t\t\t\t\t<div class=\"elementor-container elementor-column-gap-default\">\n\t\t\t\t\t<div class=\"elementor-column elementor-col-50 elementor-top-column elementor-element elementor-element-a24fb25 hora-programa\" data-id=\"a24fb25\" data-element_type=\"column\">\n\t\t\t<div class=\"elementor-widget-wrap elementor-element-populated\">\n\t\t\t\t\t\t<div class=\"elementor-element elementor-element-61d8b58 elementor-widget elementor-widget-text-editor\" data-id=\"61d8b58\" data-element_type=\"widget\" data-widget_type=\"text-editor.default\">\n\t\t\t\t<div class=\"elementor-widget-container\">\n\t\t\t\t\t\t\t\t\t<h5>8:00<\/h5>\n\t\t\t\t\t\t\t\t<\/div>\n\t\t\t\t<\/div>\n\t\t\t\t\t<\/div>\n\t\t<\/div>\n\t\t\t\t<div class=\"elementor-column elementor-col-50 elementor-top-column elementor-element elementor-element-7dc6397\" data-id=\"7dc6397\" data-element_type=\"column\">\n\t\t\t<div class=\"elementor-widget-wrap elementor-element-populated\">\n\t\t\t\t\t\t<div class=\"elementor-element elementor-element-764f76d elementor-widget elementor-widget-text-editor\" data-id=\"764f76d\" data-element_type=\"widget\" data-widget_type=\"text-editor.default\">\n\t\t\t\t<div class=\"elementor-widget-container\">\n\t\t\t\t\t\t\t\t\t<h5>R\u00e9ception des participants au congr\u00e8s et caf\u00e9 de bienvenu<\/h5>\n\t\t\t\t\t\t\t\t<\/div>\n\t\t\t\t<\/div>\n\t\t\t\t\t<\/div>\n\t\t<\/div>\n\t\t\t\t\t<\/div>\n\t\t<\/section>\n\t\t\t\t<section class=\"elementor-section elementor-top-section elementor-element elementor-element-35d6280 elementor-section-boxed elementor-section-height-default elementor-section-height-default\" data-id=\"35d6280\" data-element_type=\"section\">\n\t\t\t\t\t\t<div class=\"elementor-container elementor-column-gap-default\">\n\t\t\t\t\t<div class=\"elementor-column elementor-col-50 elementor-top-column elementor-element elementor-element-f2888eb hora-programa\" data-id=\"f2888eb\" data-element_type=\"column\">\n\t\t\t<div class=\"elementor-widget-wrap elementor-element-populated\">\n\t\t\t\t\t\t<div class=\"elementor-element elementor-element-320fb7e elementor-widget elementor-widget-text-editor\" data-id=\"320fb7e\" data-element_type=\"widget\" data-widget_type=\"text-editor.default\">\n\t\t\t\t<div class=\"elementor-widget-container\">\n\t\t\t\t\t\t\t\t\t<h5>9:00<\/h5>\n\t\t\t\t\t\t\t\t<\/div>\n\t\t\t\t<\/div>\n\t\t\t\t\t<\/div>\n\t\t<\/div>\n\t\t\t\t<div class=\"elementor-column elementor-col-50 elementor-top-column elementor-element elementor-element-4630f30\" data-id=\"4630f30\" data-element_type=\"column\">\n\t\t\t<div class=\"elementor-widget-wrap elementor-element-populated\">\n\t\t\t\t\t\t<div class=\"elementor-element elementor-element-6263822 elementor-widget elementor-widget-text-editor\" data-id=\"6263822\" data-element_type=\"widget\" data-widget_type=\"text-editor.default\">\n\t\t\t\t<div class=\"elementor-widget-container\">\n\t\t\t\t\t\t\t\t\t<h6>Ouverture institutionnelle<\/h6>\n\t\t\t\t\t\t\t\t<\/div>\n\t\t\t\t<\/div>\n\t\t\t\t\t<\/div>\n\t\t<\/div>\n\t\t\t\t\t<\/div>\n\t\t<\/section>\n\t\t\t\t<section class=\"elementor-section elementor-top-section elementor-element elementor-element-8e89bae elementor-section-boxed elementor-section-height-default elementor-section-height-default\" data-id=\"8e89bae\" data-element_type=\"section\">\n\t\t\t\t\t\t<div class=\"elementor-container elementor-column-gap-default\">\n\t\t\t\t\t<div class=\"elementor-column elementor-col-50 elementor-top-column elementor-element elementor-element-8720b9e hora-programa\" data-id=\"8720b9e\" data-element_type=\"column\">\n\t\t\t<div class=\"elementor-widget-wrap elementor-element-populated\">\n\t\t\t\t\t\t<div class=\"elementor-element elementor-element-51f0aeb elementor-widget elementor-widget-text-editor\" data-id=\"51f0aeb\" data-element_type=\"widget\" data-widget_type=\"text-editor.default\">\n\t\t\t\t<div class=\"elementor-widget-container\">\n\t\t\t\t\t\t\t\t\t<h5>9:30<\/h5>\n\t\t\t\t\t\t\t\t<\/div>\n\t\t\t\t<\/div>\n\t\t\t\t\t<\/div>\n\t\t<\/div>\n\t\t\t\t<div class=\"elementor-column elementor-col-50 elementor-top-column elementor-element elementor-element-4d85a73\" data-id=\"4d85a73\" data-element_type=\"column\">\n\t\t\t<div class=\"elementor-widget-wrap elementor-element-populated\">\n\t\t\t\t\t\t<div class=\"elementor-element elementor-element-6d092ae elementor-widget elementor-widget-text-editor\" data-id=\"6d092ae\" data-element_type=\"widget\" data-widget_type=\"text-editor.default\">\n\t\t\t\t<div class=\"elementor-widget-container\">\n\t\t\t\t\t\t\t\t\t<p class=\"p1\"><span class=\"s1\">Opening:<b> Julien Mader, Marine Technology Director chez AZTI et responsable du comit\u00e9 scientifique d&rsquo;Uhinak<\/b><\/span><\/p>\t\t\t\t\t\t\t\t<\/div>\n\t\t\t\t<\/div>\n\t\t\t\t\t<\/div>\n\t\t<\/div>\n\t\t\t\t\t<\/div>\n\t\t<\/section>\n\t\t\t\t<section class=\"elementor-section elementor-top-section elementor-element elementor-element-cb1278a elementor-section-boxed elementor-section-height-default elementor-section-height-default\" data-id=\"cb1278a\" data-element_type=\"section\">\n\t\t\t\t\t\t<div class=\"elementor-container elementor-column-gap-default\">\n\t\t\t\t\t<div class=\"elementor-column elementor-col-50 elementor-top-column elementor-element elementor-element-c370f5e hora-programa\" data-id=\"c370f5e\" data-element_type=\"column\">\n\t\t\t<div class=\"elementor-widget-wrap elementor-element-populated\">\n\t\t\t\t\t\t<div class=\"elementor-element elementor-element-3f68246 ocultar-hora elementor-widget elementor-widget-text-editor\" data-id=\"3f68246\" data-element_type=\"widget\" data-widget_type=\"text-editor.default\">\n\t\t\t\t<div class=\"elementor-widget-container\">\n\t\t\t\t\t\t\t\t\t<h5>9:40<\/h5>\n\t\t\t\t\t\t\t\t<\/div>\n\t\t\t\t<\/div>\n\t\t\t\t\t<\/div>\n\t\t<\/div>\n\t\t\t\t<div class=\"elementor-column elementor-col-50 elementor-top-column elementor-element elementor-element-e18f703\" data-id=\"e18f703\" data-element_type=\"column\">\n\t\t\t<div class=\"elementor-widget-wrap elementor-element-populated\">\n\t\t\t\t\t\t<div class=\"elementor-element elementor-element-c478e03 elementor-widget elementor-widget-text-editor\" data-id=\"c478e03\" data-element_type=\"widget\" data-widget_type=\"text-editor.default\">\n\t\t\t\t<div class=\"elementor-widget-container\">\n\t\t\t\t\t\t\t\t\t<h6>Conf\u00e9rence inaugurale :<\/h6>\n\t\t\t\t\t\t\t\t<\/div>\n\t\t\t\t<\/div>\n\t\t\t\t<div class=\"elementor-element elementor-element-90d86b6 elementor-widget elementor-widget-text-editor\" data-id=\"90d86b6\" data-element_type=\"widget\" data-widget_type=\"text-editor.default\">\n\t\t\t\t<div class=\"elementor-widget-container\">\n\t\t\t\t\t\t\t\t\t<p class=\"p1\"><b>ALERTE SUR L&rsquo;EFFONDREMENT PROCHAIN DE LA CIRCULATION M\u00c9RIDIENNE DE RETOURNEMENT DE L&rsquo;ATLANTIQUE<\/b><\/p>\n\t\t\t\t\t\t\t\t<\/div>\n\t\t\t\t<\/div>\n\t\t\t\t<div class=\"elementor-element elementor-element-55ee940 texto-programa elementor-widget elementor-widget-text-editor\" data-id=\"55ee940\" data-element_type=\"widget\" data-widget_type=\"text-editor.default\">\n\t\t\t\t<div class=\"elementor-widget-container\">\n\t\t\t\t\t\t\t\t\t<div class=\"detalle_ponencia\"><p class=\"p1\">La circulation m\u00e9ridienne de retournement de l&rsquo;Atlantique (AMOC) est un point de basculement important dans le syst\u00e8me climatique et un effondrement futur aurait de graves r\u00e9percussions sur le climat de la r\u00e9gion de l&rsquo;Atlantique Nord. Un affaiblissement de la circulation a \u00e9t\u00e9 signal\u00e9 ces derni\u00e8res ann\u00e9es, mais les \u00e9valuations du Groupe d&rsquo;experts intergouvernemental sur l&rsquo;\u00e9volution du climat (GIEC), bas\u00e9es sur les simulations du projet de comparaison des mod\u00e8les climatiques (CMIP), sugg\u00e8rent qu&rsquo;un effondrement complet au cours du 21e si\u00e8cle est peu probable. Toutefois, l&rsquo;augmentation des concentrations de gaz \u00e0 effet de serre est de plus en plus pr\u00e9occupante. Les pr\u00e9visions bas\u00e9es sur l&rsquo;observation reposent sur la d\u00e9tection de signes avant-coureurs, principalement une augmentation de la variance (perte de r\u00e9silience) et une augmentation de l&rsquo;autocorr\u00e9lation (ralentissement critique), qui ont \u00e9t\u00e9 r\u00e9cemment signal\u00e9es pour l&rsquo;AMOC. Nous pr\u00e9sentons ici des estimations statistiques et bas\u00e9es sur des donn\u00e9es concernant le moment de la rupture. Nous estimons que l&rsquo;effondrement de l&rsquo;AMOC se produira vers le milieu du si\u00e8cle dans le cadre du sc\u00e9nario actuel des \u00e9missions futures.<\/p><\/div>\t\t\t\t\t\t\t\t<\/div>\n\t\t\t\t<\/div>\n\t\t\t\t<section class=\"elementor-section elementor-inner-section elementor-element elementor-element-eb3cea5 elementor-section-content-middle elementor-section-boxed elementor-section-height-default elementor-section-height-default\" data-id=\"eb3cea5\" data-element_type=\"section\">\n\t\t\t\t\t\t<div class=\"elementor-container elementor-column-gap-default\">\n\t\t\t\t\t<div class=\"elementor-column elementor-col-50 elementor-inner-column elementor-element elementor-element-7ee3bd8\" data-id=\"7ee3bd8\" data-element_type=\"column\">\n\t\t\t<div class=\"elementor-widget-wrap elementor-element-populated\">\n\t\t\t\t\t\t<div class=\"elementor-element elementor-element-c8270ab foto-programa elementor-widget-tablet__width-initial elementor-widget-mobile__width-initial elementor-widget elementor-widget-image\" data-id=\"c8270ab\" data-element_type=\"widget\" data-widget_type=\"image.default\">\n\t\t\t\t<div class=\"elementor-widget-container\">\n\t\t\t\t\t\t\t\t\t\t\t\t\t\t\t<img fetchpriority=\"high\" decoding=\"async\" width=\"796\" height=\"868\" src=\"https:\/\/www.uhinak.com\/wp-content\/uploads\/2022\/07\/01-Peter-Ditlevsen.png\" class=\"attachment-full size-full wp-image-6504\" alt=\"\" srcset=\"https:\/\/www.uhinak.com\/wp-content\/uploads\/2022\/07\/01-Peter-Ditlevsen.png 796w, https:\/\/www.uhinak.com\/wp-content\/uploads\/2022\/07\/01-Peter-Ditlevsen-275x300.png 275w, https:\/\/www.uhinak.com\/wp-content\/uploads\/2022\/07\/01-Peter-Ditlevsen-768x837.png 768w, https:\/\/www.uhinak.com\/wp-content\/uploads\/2022\/07\/01-Peter-Ditlevsen-600x654.png 600w\" sizes=\"(max-width: 796px) 100vw, 796px\" \/>\t\t\t\t\t\t\t\t\t\t\t\t\t\t\t<\/div>\n\t\t\t\t<\/div>\n\t\t\t\t\t<\/div>\n\t\t<\/div>\n\t\t\t\t<div class=\"elementor-column elementor-col-50 elementor-inner-column elementor-element elementor-element-d8535cd\" data-id=\"d8535cd\" data-element_type=\"column\">\n\t\t\t<div class=\"elementor-widget-wrap elementor-element-populated\">\n\t\t\t\t\t\t<div class=\"elementor-element elementor-element-24f8486 elementor-widget elementor-widget-author-box\" data-id=\"24f8486\" data-element_type=\"widget\" data-widget_type=\"author-box.default\">\n\t\t\t\t<div class=\"elementor-widget-container\">\n\t\t\t\t\t\t\t<div class=\"elementor-author-box\">\n\t\t\t\n\t\t\t<div class=\"elementor-author-box__text\">\n\t\t\t\t\t\t\t\t\t<a href=\"https:\/\/www.uhinak.com\/fr\/conferenciers\/#peter-ditlevsen\">\n\t\t\t\t\t\t<h5 class=\"elementor-author-box__name\">\n\t\t\t\t\t\t\tPeter Ditlevsen\t\t\t\t\t\t<\/h5>\n\t\t\t\t\t<\/a>\n\t\t\t\t\n\t\t\t\t\t\t\t\t\t<div class=\"elementor-author-box__bio\">\n\t\t\t\t\t\t<p>Professeur, Universit\u00e9 de Copenhague<\/p>\n\t\t\t\t\t<\/div>\n\t\t\t\t\n\t\t\t\t\t\t\t<\/div>\n\t\t<\/div>\n\t\t\t\t\t\t<\/div>\n\t\t\t\t<\/div>\n\t\t\t\t\t<\/div>\n\t\t<\/div>\n\t\t\t\t\t<\/div>\n\t\t<\/section>\n\t\t\t\t\t<\/div>\n\t\t<\/div>\n\t\t\t\t\t<\/div>\n\t\t<\/section>\n\t\t\t\t<section class=\"elementor-section elementor-top-section elementor-element elementor-element-914331e elementor-section-boxed elementor-section-height-default elementor-section-height-default\" data-id=\"914331e\" data-element_type=\"section\">\n\t\t\t\t\t\t<div class=\"elementor-container elementor-column-gap-default\">\n\t\t\t\t\t<div class=\"elementor-column elementor-col-100 elementor-top-column elementor-element elementor-element-5f06cb1\" data-id=\"5f06cb1\" data-element_type=\"column\">\n\t\t\t<div class=\"elementor-widget-wrap elementor-element-populated\">\n\t\t\t\t\t\t<div class=\"elementor-element elementor-element-0dff6d8 elementor-widget elementor-widget-text-editor\" data-id=\"0dff6d8\" data-element_type=\"widget\" data-widget_type=\"text-editor.default\">\n\t\t\t\t<div class=\"elementor-widget-container\">\n\t\t\t\t\t\t\t\t\t<h4>BLOC 1: <b>POINTS DE NON-RETOUR PLAN\u00c9TAIRES<\/b><\/h4>\n\t\t\t\t\t\t\t\t<\/div>\n\t\t\t\t<\/div>\n\t\t\t\t\t<\/div>\n\t\t<\/div>\n\t\t\t\t\t<\/div>\n\t\t<\/section>\n\t\t\t\t<section class=\"elementor-section elementor-top-section elementor-element elementor-element-006b4a4 elementor-section-boxed elementor-section-height-default elementor-section-height-default\" data-id=\"006b4a4\" data-element_type=\"section\">\n\t\t\t\t\t\t<div class=\"elementor-container elementor-column-gap-default\">\n\t\t\t\t\t<div class=\"elementor-column elementor-col-50 elementor-top-column elementor-element elementor-element-90eeb9b hora-programa\" data-id=\"90eeb9b\" data-element_type=\"column\">\n\t\t\t<div class=\"elementor-widget-wrap elementor-element-populated\">\n\t\t\t\t\t\t<div class=\"elementor-element elementor-element-9cf62e1 ocultar-hora elementor-widget elementor-widget-text-editor\" data-id=\"9cf62e1\" data-element_type=\"widget\" data-widget_type=\"text-editor.default\">\n\t\t\t\t<div class=\"elementor-widget-container\">\n\t\t\t\t\t\t\t\t\t<h5>10:15<\/h5>\t\t\t\t\t\t\t\t<\/div>\n\t\t\t\t<\/div>\n\t\t\t\t\t<\/div>\n\t\t<\/div>\n\t\t\t\t<div class=\"elementor-column elementor-col-50 elementor-top-column elementor-element elementor-element-32b99a7\" data-id=\"32b99a7\" data-element_type=\"column\">\n\t\t\t<div class=\"elementor-widget-wrap elementor-element-populated\">\n\t\t\t\t\t\t<div class=\"elementor-element elementor-element-48001dc elementor-widget elementor-widget-text-editor\" data-id=\"48001dc\" data-element_type=\"widget\" data-widget_type=\"text-editor.default\">\n\t\t\t\t<div class=\"elementor-widget-container\">\n\t\t\t\t\t\t\t\t\t<h6>Conf\u00e9rence invit\u00e9e :<\/h6>\n\t\t\t\t\t\t\t\t<\/div>\n\t\t\t\t<\/div>\n\t\t\t\t<div class=\"elementor-element elementor-element-838ef3f elementor-widget elementor-widget-text-editor\" data-id=\"838ef3f\" data-element_type=\"widget\" data-widget_type=\"text-editor.default\">\n\t\t\t\t<div class=\"elementor-widget-container\">\n\t\t\t\t\t\t\t\t\t<p class=\"p1\"><b>VAGUES DE CHALEUR MARINE DANS LE SUD DU GOLFE DE GASCOGNE ET FLUX D&rsquo;\u00c9NERGIE ATMOSPH\u00c8RE-OC\u00c9AN<\/b><\/p>\t\t\t\t\t\t\t\t<\/div>\n\t\t\t\t<\/div>\n\t\t\t\t<div class=\"elementor-element elementor-element-f561947 texto-programa elementor-widget elementor-widget-text-editor\" data-id=\"f561947\" data-element_type=\"widget\" data-widget_type=\"text-editor.default\">\n\t\t\t\t<div class=\"elementor-widget-container\">\n\t\t\t\t\t\t\t\t\t<p class=\"p1\">Les temp\u00e9ratures de surface de la mer (SST) d\u00e9riv\u00e9es des satellites (MODIS SST, 2000-2023) et interpol\u00e9es de mani\u00e8re optimale (SST, 1981-2023) montrent que les records de temp\u00e9ratures \u00e9lev\u00e9es de surface de la mer (SST) en \u00e9t\u00e9 sont actuellement plus fr\u00e9quemment d\u00e9pass\u00e9s que les records d\u00b4\u00e9v\u00e8nements froids dans le sud du golfe de Gascogne (SBoB). Nous v\u00e9rifions l&rsquo;hypoth\u00e8se selon laquelle l&rsquo;atmosph\u00e8re pourrait influencer ces relev\u00e9s. Nous utilisons les donn\u00e9es journali\u00e8res MODIS-NSST et OISST moyenn\u00e9es dans l&rsquo;espace et calcul\u00e9es sur les donn\u00e9es de l&rsquo;oc\u00e9an ouvert dans le SBoB. Les donn\u00e9es des r\u00e9analyses (ERA5 pour les \ufb02ux d&rsquo;\u00e9nergie atmosph\u00e8re-oc\u00e9an et la r\u00e9analyse oc\u00e9anique ib\u00e9ro-atlantique de CMEMS pour la profondeur et la salinit\u00e9 de la couche m\u00e9lang\u00e9e) sont utilis\u00e9es pour estimer la relation lin\u00e9aire entre la d\u00e9riv\u00e9e dans le temps de la SST moyenn\u00e9e dans l&rsquo;espace et les \ufb02ux d&rsquo;\u00e9nergie de surface. La d\u00e9riv\u00e9e temporelle de la SST calcul\u00e9e \u00e0 partir de l&rsquo;OISST est moins bruit\u00e9e lorsqu&rsquo;elle est utilis\u00e9e pour le calcul de la relation avec les \ufb02ux d&rsquo;\u00e9nergie. Un mod\u00e8le de r\u00e9gression lin\u00e9aire multiple (MLR) a \u00e9t\u00e9 appliqu\u00e9 aux composantes principales des \ufb02ux de chaleur latente et sensible turbulente de surface et des flux de rayonnement d&rsquo;ondes courtes et d&rsquo;ondes longues, moyenn\u00e9s sur une journ\u00e9e. Le MLR montre que l&rsquo;atmosph\u00e8re est tout au plus capable d&rsquo;expliquer 29% de la variance totale au cours du mois d&rsquo;ao\u00fbt entre 2000 et 2023. Ce r\u00e9sultat sugg\u00e8re que le r\u00e9chauffement de la surface de la mer est probablement d\u00fb \u00e0 une combinaison de for\u00e7age atmosph\u00e9rique et de processus advectifs oc\u00e9aniques (horizontaux et\/ou verticaux).<\/p>\t\t\t\t\t\t\t\t<\/div>\n\t\t\t\t<\/div>\n\t\t\t\t<section class=\"elementor-section elementor-inner-section elementor-element elementor-element-afb709b elementor-section-content-middle elementor-section-boxed elementor-section-height-default elementor-section-height-default\" data-id=\"afb709b\" data-element_type=\"section\">\n\t\t\t\t\t\t<div class=\"elementor-container elementor-column-gap-default\">\n\t\t\t\t\t<div class=\"elementor-column elementor-col-50 elementor-inner-column elementor-element elementor-element-14cdb89\" data-id=\"14cdb89\" data-element_type=\"column\">\n\t\t\t<div class=\"elementor-widget-wrap elementor-element-populated\">\n\t\t\t\t\t\t<div class=\"elementor-element elementor-element-13a6235 foto-programa elementor-widget-tablet__width-initial elementor-widget-mobile__width-initial elementor-widget elementor-widget-image\" data-id=\"13a6235\" data-element_type=\"widget\" data-widget_type=\"image.default\">\n\t\t\t\t<div class=\"elementor-widget-container\">\n\t\t\t\t\t\t\t\t\t\t\t\t\t\t\t<img decoding=\"async\" width=\"1920\" height=\"2560\" src=\"https:\/\/www.uhinak.com\/wp-content\/uploads\/2022\/07\/02-Jon-S-enz-scaled.jpg\" class=\"attachment-full size-full wp-image-6528\" alt=\"\" srcset=\"https:\/\/www.uhinak.com\/wp-content\/uploads\/2022\/07\/02-Jon-S-enz-scaled.jpg 1920w, https:\/\/www.uhinak.com\/wp-content\/uploads\/2022\/07\/02-Jon-S-enz-225x300.jpg 225w, https:\/\/www.uhinak.com\/wp-content\/uploads\/2022\/07\/02-Jon-S-enz-768x1024.jpg 768w, https:\/\/www.uhinak.com\/wp-content\/uploads\/2022\/07\/02-Jon-S-enz-1152x1536.jpg 1152w, https:\/\/www.uhinak.com\/wp-content\/uploads\/2022\/07\/02-Jon-S-enz-1536x2048.jpg 1536w, https:\/\/www.uhinak.com\/wp-content\/uploads\/2022\/07\/02-Jon-S-enz-600x800.jpg 600w\" sizes=\"(max-width: 1920px) 100vw, 1920px\" \/>\t\t\t\t\t\t\t\t\t\t\t\t\t\t\t<\/div>\n\t\t\t\t<\/div>\n\t\t\t\t\t<\/div>\n\t\t<\/div>\n\t\t\t\t<div class=\"elementor-column elementor-col-50 elementor-inner-column elementor-element elementor-element-732984e\" data-id=\"732984e\" data-element_type=\"column\">\n\t\t\t<div class=\"elementor-widget-wrap elementor-element-populated\">\n\t\t\t\t\t\t<div class=\"elementor-element elementor-element-31350ca elementor-widget elementor-widget-author-box\" data-id=\"31350ca\" data-element_type=\"widget\" data-widget_type=\"author-box.default\">\n\t\t\t\t<div class=\"elementor-widget-container\">\n\t\t\t\t\t\t\t<div class=\"elementor-author-box\">\n\t\t\t\n\t\t\t<div class=\"elementor-author-box__text\">\n\t\t\t\t\t\t\t\t\t<a href=\"https:\/\/www.uhinak.com\/fr\/conferenciers\/#jon-saenz\">\n\t\t\t\t\t\t<h5 class=\"elementor-author-box__name\">\n\t\t\t\t\t\t\tJon S\u00e1enz \t\t\t\t\t\t<\/h5>\n\t\t\t\t\t<\/a>\n\t\t\t\t\n\t\t\t\t\t\t\t\t\t<div class=\"elementor-author-box__bio\">\n\t\t\t\t\t\t<p>Universit\u00e9 du Pays Basque UPV\/EHU<\/p>\n\t\t\t\t\t<\/div>\n\t\t\t\t\n\t\t\t\t\t\t\t<\/div>\n\t\t<\/div>\n\t\t\t\t\t\t<\/div>\n\t\t\t\t<\/div>\n\t\t\t\t\t<\/div>\n\t\t<\/div>\n\t\t\t\t\t<\/div>\n\t\t<\/section>\n\t\t\t\t\t<\/div>\n\t\t<\/div>\n\t\t\t\t\t<\/div>\n\t\t<\/section>\n\t\t\t\t<section class=\"elementor-section elementor-top-section elementor-element elementor-element-c73f4d3 elementor-section-boxed elementor-section-height-default elementor-section-height-default\" data-id=\"c73f4d3\" data-element_type=\"section\">\n\t\t\t\t\t\t<div class=\"elementor-container elementor-column-gap-default\">\n\t\t\t\t\t<div class=\"elementor-column elementor-col-100 elementor-top-column elementor-element elementor-element-95246c0\" data-id=\"95246c0\" data-element_type=\"column\">\n\t\t\t<div class=\"elementor-widget-wrap elementor-element-populated\">\n\t\t\t\t\t\t<div class=\"elementor-element elementor-element-d5d1270 elementor-widget elementor-widget-text-editor\" data-id=\"d5d1270\" data-element_type=\"widget\" data-widget_type=\"text-editor.default\">\n\t\t\t\t<div class=\"elementor-widget-container\">\n\t\t\t\t\t\t\t\t\t<h5 class=\"p1\">Communications orales<\/h5>\n\t\t\t\t\t\t\t\t<\/div>\n\t\t\t\t<\/div>\n\t\t\t\t\t<\/div>\n\t\t<\/div>\n\t\t\t\t\t<\/div>\n\t\t<\/section>\n\t\t\t\t<section class=\"elementor-section elementor-top-section elementor-element elementor-element-dfea45b elementor-section-boxed elementor-section-height-default elementor-section-height-default\" data-id=\"dfea45b\" data-element_type=\"section\">\n\t\t\t\t\t\t<div class=\"elementor-container elementor-column-gap-default\">\n\t\t\t\t\t<div class=\"elementor-column elementor-col-50 elementor-top-column elementor-element elementor-element-55d8734 hora-programa\" data-id=\"55d8734\" data-element_type=\"column\">\n\t\t\t<div class=\"elementor-widget-wrap elementor-element-populated\">\n\t\t\t\t\t\t<div class=\"elementor-element elementor-element-48212b8 ocultar-hora elementor-widget elementor-widget-text-editor\" data-id=\"48212b8\" data-element_type=\"widget\" data-widget_type=\"text-editor.default\">\n\t\t\t\t<div class=\"elementor-widget-container\">\n\t\t\t\t\t\t\t\t\t<p>10:40<\/p>\n\t\t\t\t\t\t\t\t<\/div>\n\t\t\t\t<\/div>\n\t\t\t\t\t<\/div>\n\t\t<\/div>\n\t\t\t\t<div class=\"elementor-column elementor-col-50 elementor-top-column elementor-element elementor-element-1e06980\" data-id=\"1e06980\" data-element_type=\"column\">\n\t\t\t<div class=\"elementor-widget-wrap elementor-element-populated\">\n\t\t\t\t\t\t<div class=\"elementor-element elementor-element-43d8782 elementor-widget elementor-widget-text-editor\" data-id=\"43d8782\" data-element_type=\"widget\" data-widget_type=\"text-editor.default\">\n\t\t\t\t<div class=\"elementor-widget-container\">\n\t\t\t\t\t\t\t\t\t<p class=\"p1\">Evolution future de la d\u00e9soxyg\u00e9nation et de la temp\u00e9rature de l&rsquo;eau sous for\u00e7age climatique dans des zones c\u00f4ti\u00e8res peu profondes : le cas des lagunes m\u00e9diterran\u00e9ennes. Louison Huchet, Laboratoire Chrome &#8211; Universit\u00e9 de N\u00eemes.  <\/p>\n\t\t\t\t\t\t\t\t<\/div>\n\t\t\t\t<\/div>\n\t\t\t\t\t<\/div>\n\t\t<\/div>\n\t\t\t\t\t<\/div>\n\t\t<\/section>\n\t\t\t\t<section class=\"elementor-section elementor-top-section elementor-element elementor-element-f9b2f47 elementor-section-boxed elementor-section-height-default elementor-section-height-default\" data-id=\"f9b2f47\" data-element_type=\"section\">\n\t\t\t\t\t\t<div class=\"elementor-container elementor-column-gap-default\">\n\t\t\t\t\t<div class=\"elementor-column elementor-col-50 elementor-top-column elementor-element elementor-element-e6ed577 hora-programa\" data-id=\"e6ed577\" data-element_type=\"column\">\n\t\t\t<div class=\"elementor-widget-wrap elementor-element-populated\">\n\t\t\t\t\t\t<div class=\"elementor-element elementor-element-79421cc ocultar-hora elementor-widget elementor-widget-text-editor\" data-id=\"79421cc\" data-element_type=\"widget\" data-widget_type=\"text-editor.default\">\n\t\t\t\t<div class=\"elementor-widget-container\">\n\t\t\t\t\t\t\t\t\t<p>10:50<\/p>\n\t\t\t\t\t\t\t\t<\/div>\n\t\t\t\t<\/div>\n\t\t\t\t\t<\/div>\n\t\t<\/div>\n\t\t\t\t<div class=\"elementor-column elementor-col-50 elementor-top-column elementor-element elementor-element-72c48dd\" data-id=\"72c48dd\" data-element_type=\"column\">\n\t\t\t<div class=\"elementor-widget-wrap elementor-element-populated\">\n\t\t\t\t\t\t<div class=\"elementor-element elementor-element-6a4e0ec elementor-widget elementor-widget-text-editor\" data-id=\"6a4e0ec\" data-element_type=\"widget\" data-widget_type=\"text-editor.default\">\n\t\t\t\t<div class=\"elementor-widget-container\">\n\t\t\t\t\t\t\t\t\t<p class=\"p1\">Variabilit\u00e9 saisonni\u00e8re, interannuelle et \u00e0 long terme de la temp\u00e9rature de surface de la mer dans l&rsquo;upwelling au nord-ouest de la p\u00e9ninsule ib\u00e9rique, 1982-2020. Silvia Piedracoba, CETMAR. <\/p>\n\t\t\t\t\t\t\t\t<\/div>\n\t\t\t\t<\/div>\n\t\t\t\t\t<\/div>\n\t\t<\/div>\n\t\t\t\t\t<\/div>\n\t\t<\/section>\n\t\t\t\t<section class=\"elementor-section elementor-top-section elementor-element elementor-element-2723583 elementor-section-boxed elementor-section-height-default elementor-section-height-default\" data-id=\"2723583\" data-element_type=\"section\">\n\t\t\t\t\t\t<div class=\"elementor-container elementor-column-gap-default\">\n\t\t\t\t\t<div class=\"elementor-column elementor-col-50 elementor-top-column elementor-element elementor-element-d5105b4 hora-programa\" data-id=\"d5105b4\" data-element_type=\"column\">\n\t\t\t<div class=\"elementor-widget-wrap elementor-element-populated\">\n\t\t\t\t\t\t<div class=\"elementor-element elementor-element-b717968 ocultar-hora elementor-widget elementor-widget-text-editor\" data-id=\"b717968\" data-element_type=\"widget\" data-widget_type=\"text-editor.default\">\n\t\t\t\t<div class=\"elementor-widget-container\">\n\t\t\t\t\t\t\t\t\t<p>11:00<\/p>\n\t\t\t\t\t\t\t\t<\/div>\n\t\t\t\t<\/div>\n\t\t\t\t\t<\/div>\n\t\t<\/div>\n\t\t\t\t<div class=\"elementor-column elementor-col-50 elementor-top-column elementor-element elementor-element-2fc06e9\" data-id=\"2fc06e9\" data-element_type=\"column\">\n\t\t\t<div class=\"elementor-widget-wrap elementor-element-populated\">\n\t\t\t\t\t\t<div class=\"elementor-element elementor-element-a33e16b elementor-widget elementor-widget-text-editor\" data-id=\"a33e16b\" data-element_type=\"widget\" data-widget_type=\"text-editor.default\">\n\t\t\t\t<div class=\"elementor-widget-container\">\n\t\t\t\t\t\t\t\t\t<p class=\"p1\">Evolution naturelle et anthropique des marais de l&rsquo;estuaire de l&rsquo;Oka (R\u00e9serve de Biosph\u00e8re d&rsquo;Urdaibai) : leur importance dans les \u00e9tudes sur le changement du niveau de la mer. Ane Garc\u00eda Artola, Universit\u00e9 du Pays Basque UPV\/EHU. <\/p>\n\t\t\t\t\t\t\t\t<\/div>\n\t\t\t\t<\/div>\n\t\t\t\t\t<\/div>\n\t\t<\/div>\n\t\t\t\t\t<\/div>\n\t\t<\/section>\n\t\t\t\t<section class=\"elementor-section elementor-top-section elementor-element elementor-element-7d187ce elementor-section-boxed elementor-section-height-default elementor-section-height-default\" data-id=\"7d187ce\" data-element_type=\"section\">\n\t\t\t\t\t\t<div class=\"elementor-container elementor-column-gap-default\">\n\t\t\t\t\t<div class=\"elementor-column elementor-col-50 elementor-top-column elementor-element elementor-element-2f95b2c hora-programa\" data-id=\"2f95b2c\" data-element_type=\"column\">\n\t\t\t<div class=\"elementor-widget-wrap elementor-element-populated\">\n\t\t\t\t\t\t<div class=\"elementor-element elementor-element-30eb5ec elementor-widget elementor-widget-text-editor\" data-id=\"30eb5ec\" data-element_type=\"widget\" data-widget_type=\"text-editor.default\">\n\t\t\t\t<div class=\"elementor-widget-container\">\n\t\t\t\t\t\t\t\t\t<p>11:10<\/p>\n\t\t\t\t\t\t\t\t<\/div>\n\t\t\t\t<\/div>\n\t\t\t\t\t<\/div>\n\t\t<\/div>\n\t\t\t\t<div class=\"elementor-column elementor-col-50 elementor-top-column elementor-element elementor-element-480094a\" data-id=\"480094a\" data-element_type=\"column\">\n\t\t\t<div class=\"elementor-widget-wrap elementor-element-populated\">\n\t\t\t\t\t\t<div class=\"elementor-element elementor-element-d0a8e95 elementor-position-inline-start elementor-view-default elementor-mobile-position-block-start elementor-widget elementor-widget-icon-box\" data-id=\"d0a8e95\" data-element_type=\"widget\" data-widget_type=\"icon-box.default\">\n\t\t\t\t<div class=\"elementor-widget-container\">\n\t\t\t\t\t\t\t<div class=\"elementor-icon-box-wrapper\">\n\n\t\t\t\t\t\t<div class=\"elementor-icon-box-icon\">\n\t\t\t\t<span  class=\"elementor-icon\">\n\t\t\t\t<i aria-hidden=\"true\" class=\"fas fa-coffee\"><\/i>\t\t\t\t<\/span>\n\t\t\t<\/div>\n\t\t\t\n\t\t\t\t\t\t<div class=\"elementor-icon-box-content\">\n\n\t\t\t\t\t\t\t\t\t<h3 class=\"elementor-icon-box-title\">\n\t\t\t\t\t\t<span  >\n\t\t\t\t\t\t\tNetworking caf\u00e9 - S\u00e9ances pr\u00e9sentation poster et visite de la zone d'exposition\t\t\t\t\t\t<\/span>\n\t\t\t\t\t<\/h3>\n\t\t\t\t\n\t\t\t\t\n\t\t\t<\/div>\n\t\t\t\n\t\t<\/div>\n\t\t\t\t\t\t<\/div>\n\t\t\t\t<\/div>\n\t\t\t\t\t<\/div>\n\t\t<\/div>\n\t\t\t\t\t<\/div>\n\t\t<\/section>\n\t\t\t\t<section class=\"elementor-section elementor-top-section elementor-element elementor-element-c2ab0d4 elementor-section-boxed elementor-section-height-default elementor-section-height-default\" data-id=\"c2ab0d4\" data-element_type=\"section\">\n\t\t\t\t\t\t<div class=\"elementor-container elementor-column-gap-default\">\n\t\t\t\t\t<div class=\"elementor-column elementor-col-50 elementor-top-column elementor-element elementor-element-e4f3019 hora-programa\" data-id=\"e4f3019\" data-element_type=\"column\">\n\t\t\t<div class=\"elementor-widget-wrap elementor-element-populated\">\n\t\t\t\t\t\t<div class=\"elementor-element elementor-element-7708d8a ocultar-hora elementor-widget elementor-widget-text-editor\" data-id=\"7708d8a\" data-element_type=\"widget\" data-widget_type=\"text-editor.default\">\n\t\t\t\t<div class=\"elementor-widget-container\">\n\t\t\t\t\t\t\t\t\t<p>11:50<\/p>\n\t\t\t\t\t\t\t\t<\/div>\n\t\t\t\t<\/div>\n\t\t\t\t\t<\/div>\n\t\t<\/div>\n\t\t\t\t<div class=\"elementor-column elementor-col-50 elementor-top-column elementor-element elementor-element-c65280a\" data-id=\"c65280a\" data-element_type=\"column\">\n\t\t\t<div class=\"elementor-widget-wrap elementor-element-populated\">\n\t\t\t\t\t\t<div class=\"elementor-element elementor-element-d427a2c elementor-widget elementor-widget-text-editor\" data-id=\"d427a2c\" data-element_type=\"widget\" data-widget_type=\"text-editor.default\">\n\t\t\t\t<div class=\"elementor-widget-container\">\n\t\t\t\t\t\t\t\t\t<p class=\"p1\">Effet de la temp\u00e9rature de l&rsquo;eau sur les taux de croissance des premiers stades de vie de l&rsquo;anchois europ\u00e9en (Engraulis encrasicolus). Elorri Ar\u00e9valo, AZTI. <\/p>\n\t\t\t\t\t\t\t\t<\/div>\n\t\t\t\t<\/div>\n\t\t\t\t\t<\/div>\n\t\t<\/div>\n\t\t\t\t\t<\/div>\n\t\t<\/section>\n\t\t\t\t<section class=\"elementor-section elementor-top-section elementor-element elementor-element-bf9ddab elementor-section-boxed elementor-section-height-default elementor-section-height-default\" data-id=\"bf9ddab\" data-element_type=\"section\">\n\t\t\t\t\t\t<div class=\"elementor-container elementor-column-gap-default\">\n\t\t\t\t\t<div class=\"elementor-column elementor-col-50 elementor-top-column elementor-element elementor-element-d3986d9 hora-programa\" data-id=\"d3986d9\" data-element_type=\"column\">\n\t\t\t<div class=\"elementor-widget-wrap elementor-element-populated\">\n\t\t\t\t\t\t<div class=\"elementor-element elementor-element-ffa9912 ocultar-hora elementor-widget elementor-widget-text-editor\" data-id=\"ffa9912\" data-element_type=\"widget\" data-widget_type=\"text-editor.default\">\n\t\t\t\t<div class=\"elementor-widget-container\">\n\t\t\t\t\t\t\t\t\t<p>12:00<\/p>\n\t\t\t\t\t\t\t\t<\/div>\n\t\t\t\t<\/div>\n\t\t\t\t\t<\/div>\n\t\t<\/div>\n\t\t\t\t<div class=\"elementor-column elementor-col-50 elementor-top-column elementor-element elementor-element-bf76f12\" data-id=\"bf76f12\" data-element_type=\"column\">\n\t\t\t<div class=\"elementor-widget-wrap elementor-element-populated\">\n\t\t\t\t\t\t<div class=\"elementor-element elementor-element-833ec58 elementor-widget elementor-widget-text-editor\" data-id=\"833ec58\" data-element_type=\"widget\" data-widget_type=\"text-editor.default\">\n\t\t\t\t<div class=\"elementor-widget-container\">\n\t\t\t\t\t\t\t\t\t<p class=\"p1\">Sensibilit\u00e9 des flottes de p\u00eache au changement climatique : capacit\u00e9 de sortie en mer des navires du sud du golfe de Gascogne. Claire Kermorvant. Universit\u00e9 de Pau et des Pays de l\u2019Adour.<\/p>\t\t\t\t\t\t\t\t<\/div>\n\t\t\t\t<\/div>\n\t\t\t\t\t<\/div>\n\t\t<\/div>\n\t\t\t\t\t<\/div>\n\t\t<\/section>\n\t\t\t\t<section class=\"elementor-section elementor-top-section elementor-element elementor-element-8276557 elementor-section-boxed elementor-section-height-default elementor-section-height-default\" data-id=\"8276557\" data-element_type=\"section\">\n\t\t\t\t\t\t<div class=\"elementor-container elementor-column-gap-default\">\n\t\t\t\t\t<div class=\"elementor-column elementor-col-50 elementor-top-column elementor-element elementor-element-b6374d1 hora-programa\" data-id=\"b6374d1\" data-element_type=\"column\">\n\t\t\t<div class=\"elementor-widget-wrap elementor-element-populated\">\n\t\t\t\t\t\t<div class=\"elementor-element elementor-element-2ad87a3 ocultar-hora elementor-widget elementor-widget-text-editor\" data-id=\"2ad87a3\" data-element_type=\"widget\" data-widget_type=\"text-editor.default\">\n\t\t\t\t<div class=\"elementor-widget-container\">\n\t\t\t\t\t\t\t\t\t<p>12:10<\/p>\n\t\t\t\t\t\t\t\t<\/div>\n\t\t\t\t<\/div>\n\t\t\t\t\t<\/div>\n\t\t<\/div>\n\t\t\t\t<div class=\"elementor-column elementor-col-50 elementor-top-column elementor-element elementor-element-95a3181\" data-id=\"95a3181\" data-element_type=\"column\">\n\t\t\t<div class=\"elementor-widget-wrap elementor-element-populated\">\n\t\t\t\t\t\t<div class=\"elementor-element elementor-element-83d46a7 elementor-widget elementor-widget-text-editor\" data-id=\"83d46a7\" data-element_type=\"widget\" data-widget_type=\"text-editor.default\">\n\t\t\t\t<div class=\"elementor-widget-container\">\n\t\t\t\t\t\t\t\t\t<p class=\"p1\">Acidification c\u00f4ti\u00e8re dans les \u00eeles Canaries. David Gonz\u00e1lez, IOCAG \u2013 ULPGC <\/p>\n\t\t\t\t\t\t\t\t<\/div>\n\t\t\t\t<\/div>\n\t\t\t\t\t<\/div>\n\t\t<\/div>\n\t\t\t\t\t<\/div>\n\t\t<\/section>\n\t\t\t\t<section class=\"elementor-section elementor-top-section elementor-element elementor-element-ca87b20 elementor-section-boxed elementor-section-height-default elementor-section-height-default\" data-id=\"ca87b20\" data-element_type=\"section\">\n\t\t\t\t\t\t<div class=\"elementor-container elementor-column-gap-default\">\n\t\t\t\t\t<div class=\"elementor-column elementor-col-50 elementor-top-column elementor-element elementor-element-380af8f hora-programa\" data-id=\"380af8f\" data-element_type=\"column\">\n\t\t\t<div class=\"elementor-widget-wrap elementor-element-populated\">\n\t\t\t\t\t\t<div class=\"elementor-element elementor-element-77d5070 elementor-widget elementor-widget-text-editor\" data-id=\"77d5070\" data-element_type=\"widget\" data-widget_type=\"text-editor.default\">\n\t\t\t\t<div class=\"elementor-widget-container\">\n\t\t\t\t\t\t\t\t\t<p>12:20<\/p>\n\t\t\t\t\t\t\t\t<\/div>\n\t\t\t\t<\/div>\n\t\t\t\t\t<\/div>\n\t\t<\/div>\n\t\t\t\t<div class=\"elementor-column elementor-col-50 elementor-top-column elementor-element elementor-element-c3ad3f1\" data-id=\"c3ad3f1\" data-element_type=\"column\">\n\t\t\t<div class=\"elementor-widget-wrap elementor-element-populated\">\n\t\t\t\t\t\t<div class=\"elementor-element elementor-element-49ab51f elementor-position-inline-start elementor-view-default elementor-mobile-position-block-start elementor-widget elementor-widget-icon-box\" data-id=\"49ab51f\" data-element_type=\"widget\" data-widget_type=\"icon-box.default\">\n\t\t\t\t<div class=\"elementor-widget-container\">\n\t\t\t\t\t\t\t<div class=\"elementor-icon-box-wrapper\">\n\n\t\t\t\t\t\t<div class=\"elementor-icon-box-icon\">\n\t\t\t\t<span  class=\"elementor-icon\">\n\t\t\t\t<i aria-hidden=\"true\" class=\"fas fa-comment\"><\/i>\t\t\t\t<\/span>\n\t\t\t<\/div>\n\t\t\t\n\t\t\t\t\t\t<div class=\"elementor-icon-box-content\">\n\n\t\t\t\t\t\t\t\t\t<h3 class=\"elementor-icon-box-title\">\n\t\t\t\t\t\t<span  >\n\t\t\t\t\t\t\tColloque. Mod\u00e9r\u00e9 par Jon Saenz (UPV\/EHU)\t\t\t\t\t\t<\/span>\n\t\t\t\t\t<\/h3>\n\t\t\t\t\n\t\t\t\t\n\t\t\t<\/div>\n\t\t\t\n\t\t<\/div>\n\t\t\t\t\t\t<\/div>\n\t\t\t\t<\/div>\n\t\t\t\t\t<\/div>\n\t\t<\/div>\n\t\t\t\t\t<\/div>\n\t\t<\/section>\n\t\t\t\t<section class=\"elementor-section elementor-top-section elementor-element elementor-element-aabec3c elementor-section-boxed elementor-section-height-default elementor-section-height-default\" data-id=\"aabec3c\" data-element_type=\"section\">\n\t\t\t\t\t\t<div class=\"elementor-container elementor-column-gap-default\">\n\t\t\t\t\t<div class=\"elementor-column elementor-col-100 elementor-top-column elementor-element elementor-element-9e2734a\" data-id=\"9e2734a\" data-element_type=\"column\">\n\t\t\t<div class=\"elementor-widget-wrap elementor-element-populated\">\n\t\t\t\t\t\t<div class=\"elementor-element elementor-element-b9e5291 elementor-widget elementor-widget-text-editor\" data-id=\"b9e5291\" data-element_type=\"widget\" data-widget_type=\"text-editor.default\">\n\t\t\t\t<div class=\"elementor-widget-container\">\n\t\t\t\t\t\t\t\t\t<h4>BLOC 2: <b>\u00c9VENEMENTS EXTREMES ET MESURES D\u00b4ADAPTATION<\/b><\/h4>\n\t\t\t\t\t\t\t\t<\/div>\n\t\t\t\t<\/div>\n\t\t\t\t\t<\/div>\n\t\t<\/div>\n\t\t\t\t\t<\/div>\n\t\t<\/section>\n\t\t\t\t<section class=\"elementor-section elementor-top-section elementor-element elementor-element-aa93a2e elementor-section-boxed elementor-section-height-default elementor-section-height-default\" data-id=\"aa93a2e\" data-element_type=\"section\">\n\t\t\t\t\t\t<div class=\"elementor-container elementor-column-gap-default\">\n\t\t\t\t\t<div class=\"elementor-column elementor-col-50 elementor-top-column elementor-element elementor-element-b767f2d hora-programa\" data-id=\"b767f2d\" data-element_type=\"column\">\n\t\t\t<div class=\"elementor-widget-wrap elementor-element-populated\">\n\t\t\t\t\t\t<div class=\"elementor-element elementor-element-9b04530 ocultar-hora elementor-widget elementor-widget-text-editor\" data-id=\"9b04530\" data-element_type=\"widget\" data-widget_type=\"text-editor.default\">\n\t\t\t\t<div class=\"elementor-widget-container\">\n\t\t\t\t\t\t\t\t\t<h5>12:50<\/h5>\t\t\t\t\t\t\t\t<\/div>\n\t\t\t\t<\/div>\n\t\t\t\t\t<\/div>\n\t\t<\/div>\n\t\t\t\t<div class=\"elementor-column elementor-col-50 elementor-top-column elementor-element elementor-element-67da8a9\" data-id=\"67da8a9\" data-element_type=\"column\">\n\t\t\t<div class=\"elementor-widget-wrap elementor-element-populated\">\n\t\t\t\t\t\t<div class=\"elementor-element elementor-element-7a4afd0 elementor-widget elementor-widget-text-editor\" data-id=\"7a4afd0\" data-element_type=\"widget\" data-widget_type=\"text-editor.default\">\n\t\t\t\t<div class=\"elementor-widget-container\">\n\t\t\t\t\t\t\t\t\t<h6>Conf\u00e9rence invit\u00e9e :<\/h6>\n\t\t\t\t\t\t\t\t<\/div>\n\t\t\t\t<\/div>\n\t\t\t\t<div class=\"elementor-element elementor-element-2d70126 elementor-widget elementor-widget-text-editor\" data-id=\"2d70126\" data-element_type=\"widget\" data-widget_type=\"text-editor.default\">\n\t\t\t\t<div class=\"elementor-widget-container\">\n\t\t\t\t\t\t\t\t\t<p class=\"p1\"><b>PROGRAMME DE SUIVI DES ACTIONS DE RESTAURATION DES MARAIS SUR LA C\u00d4TE BASQUE<\/b><\/p>\n\t\t\t\t\t\t\t\t<\/div>\n\t\t\t\t<\/div>\n\t\t\t\t<div class=\"elementor-element elementor-element-b09b49c texto-programa elementor-widget elementor-widget-text-editor\" data-id=\"b09b49c\" data-element_type=\"widget\" data-widget_type=\"text-editor.default\">\n\t\t\t\t<div class=\"elementor-widget-container\">\n\t\t\t\t\t\t\t\t\t<p class=\"p1\">Dans le cadre de la mission d&rsquo;adaptation au changement climatique de l&rsquo;UE, le projet Regions4Climate (R4C, GA-101093873, 2023-2027) lance des actions innovantes pour am\u00e9liorer la r\u00e9silience climatique dans 12 r\u00e9gions europ\u00e9ennes. La r\u00e9gion basque est repr\u00e9sent\u00e9e par AZTI, Tecnalia, Zabala, Ihobe et le d\u00e9partement DESMA du Gouvernement Basque. L&rsquo;une des missions des partenaires basques est d&rsquo;\u00e9valuer l&rsquo;impact des actions de restauration des marais ass\u00e9ch\u00e9s qui seront men\u00e9es dans l&rsquo;estuaire du Txingudi\/Bidassoa. Le syst\u00e8me de surveillance d\u00e9velopp\u00e9 fait partie d&rsquo;un programme local, r\u00e9gional et transfrontalier de surveillance des \u00e9v\u00e9nements extr\u00eames et des changements \u00e0 long terme.   <\/p>\n\t\t\t\t\t\t\t\t<\/div>\n\t\t\t\t<\/div>\n\t\t\t\t<section class=\"elementor-section elementor-inner-section elementor-element elementor-element-532cc79 elementor-section-content-middle elementor-section-boxed elementor-section-height-default elementor-section-height-default\" data-id=\"532cc79\" data-element_type=\"section\">\n\t\t\t\t\t\t<div class=\"elementor-container elementor-column-gap-default\">\n\t\t\t\t\t<div class=\"elementor-column elementor-col-50 elementor-inner-column elementor-element elementor-element-04019fc\" data-id=\"04019fc\" data-element_type=\"column\">\n\t\t\t<div class=\"elementor-widget-wrap elementor-element-populated\">\n\t\t\t\t\t\t<div class=\"elementor-element elementor-element-c54b240 foto-programa elementor-widget-tablet__width-initial elementor-widget-mobile__width-initial elementor-widget elementor-widget-image\" data-id=\"c54b240\" data-element_type=\"widget\" data-widget_type=\"image.default\">\n\t\t\t\t<div class=\"elementor-widget-container\">\n\t\t\t\t\t\t\t\t\t\t\t\t\t\t\t<img decoding=\"async\" width=\"400\" height=\"400\" src=\"https:\/\/www.uhinak.com\/wp-content\/uploads\/2022\/07\/04-Roland-Garnier-foto.jpg\" class=\"attachment-full size-full wp-image-6524\" alt=\"\" srcset=\"https:\/\/www.uhinak.com\/wp-content\/uploads\/2022\/07\/04-Roland-Garnier-foto.jpg 400w, https:\/\/www.uhinak.com\/wp-content\/uploads\/2022\/07\/04-Roland-Garnier-foto-300x300.jpg 300w, https:\/\/www.uhinak.com\/wp-content\/uploads\/2022\/07\/04-Roland-Garnier-foto-150x150.jpg 150w, https:\/\/www.uhinak.com\/wp-content\/uploads\/2022\/07\/04-Roland-Garnier-foto-100x100.jpg 100w\" sizes=\"(max-width: 400px) 100vw, 400px\" \/>\t\t\t\t\t\t\t\t\t\t\t\t\t\t\t<\/div>\n\t\t\t\t<\/div>\n\t\t\t\t\t<\/div>\n\t\t<\/div>\n\t\t\t\t<div class=\"elementor-column elementor-col-50 elementor-inner-column elementor-element elementor-element-7fa74b8\" data-id=\"7fa74b8\" data-element_type=\"column\">\n\t\t\t<div class=\"elementor-widget-wrap elementor-element-populated\">\n\t\t\t\t\t\t<div class=\"elementor-element elementor-element-c1e7180 elementor-widget elementor-widget-author-box\" data-id=\"c1e7180\" data-element_type=\"widget\" data-widget_type=\"author-box.default\">\n\t\t\t\t<div class=\"elementor-widget-container\">\n\t\t\t\t\t\t\t<div class=\"elementor-author-box\">\n\t\t\t\n\t\t\t<div class=\"elementor-author-box__text\">\n\t\t\t\t\t\t\t\t\t<a href=\"https:\/\/www.uhinak.com\/fr\/conferenciers\/#roland-garnier\">\n\t\t\t\t\t\t<h5 class=\"elementor-author-box__name\">\n\t\t\t\t\t\t\tRoland Garnier\t\t\t\t\t\t<\/h5>\n\t\t\t\t\t<\/a>\n\t\t\t\t\n\t\t\t\t\t\t\t\t\t<div class=\"elementor-author-box__bio\">\n\t\t\t\t\t\t<p>AZTI<\/p>\n\t\t\t\t\t<\/div>\n\t\t\t\t\n\t\t\t\t\t\t\t<\/div>\n\t\t<\/div>\n\t\t\t\t\t\t<\/div>\n\t\t\t\t<\/div>\n\t\t\t\t\t<\/div>\n\t\t<\/div>\n\t\t\t\t\t<\/div>\n\t\t<\/section>\n\t\t\t\t\t<\/div>\n\t\t<\/div>\n\t\t\t\t\t<\/div>\n\t\t<\/section>\n\t\t\t\t<section class=\"elementor-section elementor-top-section elementor-element elementor-element-8b24180 elementor-section-boxed elementor-section-height-default elementor-section-height-default\" data-id=\"8b24180\" data-element_type=\"section\">\n\t\t\t\t\t\t<div class=\"elementor-container elementor-column-gap-default\">\n\t\t\t\t\t<div class=\"elementor-column elementor-col-50 elementor-top-column elementor-element elementor-element-bdbd1f5 hora-programa\" data-id=\"bdbd1f5\" data-element_type=\"column\">\n\t\t\t<div class=\"elementor-widget-wrap elementor-element-populated\">\n\t\t\t\t\t\t<div class=\"elementor-element elementor-element-ed887a8 ocultar-hora elementor-widget elementor-widget-text-editor\" data-id=\"ed887a8\" data-element_type=\"widget\" data-widget_type=\"text-editor.default\">\n\t\t\t\t<div class=\"elementor-widget-container\">\n\t\t\t\t\t\t\t\t\t<p>13:15<\/p>\t\t\t\t\t\t\t\t<\/div>\n\t\t\t\t<\/div>\n\t\t\t\t\t<\/div>\n\t\t<\/div>\n\t\t\t\t<div class=\"elementor-column elementor-col-50 elementor-top-column elementor-element elementor-element-11e5cff\" data-id=\"11e5cff\" data-element_type=\"column\">\n\t\t\t<div class=\"elementor-widget-wrap elementor-element-populated\">\n\t\t\t\t\t\t<div class=\"elementor-element elementor-element-a356a0b elementor-widget elementor-widget-text-editor\" data-id=\"a356a0b\" data-element_type=\"widget\" data-widget_type=\"text-editor.default\">\n\t\t\t\t<div class=\"elementor-widget-container\">\n\t\t\t\t\t\t\t\t\t<p class=\"p1\">\u00c9valuation des risques et strat\u00e9gies d&rsquo;adaptation flexibles face aux inondations c\u00f4ti\u00e8res caus\u00e9es par le changement climatique dans les zones urbaines c\u00f4ti\u00e8res de Macaron\u00e9sie. Application \u00e0 Garachico (Tenerife). Projet LIFE GARACHICO.\u00a0<span style=\"color: var( --e-global-color-primary ); letter-spacing: 0px; background-color: var( --e-global-color-c696dce );\">Mar\u00eda Fuentes, IH Cantabria.<\/span><\/p>\t\t\t\t\t\t\t\t<\/div>\n\t\t\t\t<\/div>\n\t\t\t\t\t<\/div>\n\t\t<\/div>\n\t\t\t\t\t<\/div>\n\t\t<\/section>\n\t\t\t\t<section class=\"elementor-section elementor-top-section elementor-element elementor-element-53d118c elementor-section-boxed elementor-section-height-default elementor-section-height-default\" data-id=\"53d118c\" data-element_type=\"section\">\n\t\t\t\t\t\t<div class=\"elementor-container elementor-column-gap-default\">\n\t\t\t\t\t<div class=\"elementor-column elementor-col-50 elementor-top-column elementor-element elementor-element-eebffc9 hora-programa\" data-id=\"eebffc9\" data-element_type=\"column\">\n\t\t\t<div class=\"elementor-widget-wrap elementor-element-populated\">\n\t\t\t\t\t\t<div class=\"elementor-element elementor-element-f4f1109 ocultar-hora elementor-widget elementor-widget-text-editor\" data-id=\"f4f1109\" data-element_type=\"widget\" data-widget_type=\"text-editor.default\">\n\t\t\t\t<div class=\"elementor-widget-container\">\n\t\t\t\t\t\t\t\t\t<p>13:25<\/p>\t\t\t\t\t\t\t\t<\/div>\n\t\t\t\t<\/div>\n\t\t\t\t\t<\/div>\n\t\t<\/div>\n\t\t\t\t<div class=\"elementor-column elementor-col-50 elementor-top-column elementor-element elementor-element-8fa7cf2\" data-id=\"8fa7cf2\" data-element_type=\"column\">\n\t\t\t<div class=\"elementor-widget-wrap elementor-element-populated\">\n\t\t\t\t\t\t<div class=\"elementor-element elementor-element-a6f9d3b elementor-widget elementor-widget-text-editor\" data-id=\"a6f9d3b\" data-element_type=\"widget\" data-widget_type=\"text-editor.default\">\n\t\t\t\t<div class=\"elementor-widget-container\">\n\t\t\t\t\t\t\t\t\t<p class=\"p1\">Application m\u00e9thodologique de l&rsquo;adaptation au changement climatique dans les actions c\u00f4ti\u00e8res &#8211; cas d&rsquo;\u00e9tude sur la c\u00f4te sud de Murcie. Miriam Garc\u00eda Oliva, CEDEX-CEPYC. <\/p>\n\t\t\t\t\t\t\t\t<\/div>\n\t\t\t\t<\/div>\n\t\t\t\t\t<\/div>\n\t\t<\/div>\n\t\t\t\t\t<\/div>\n\t\t<\/section>\n\t\t\t\t<section class=\"elementor-section elementor-top-section elementor-element elementor-element-9521646 elementor-section-boxed elementor-section-height-default elementor-section-height-default\" data-id=\"9521646\" data-element_type=\"section\">\n\t\t\t\t\t\t<div class=\"elementor-container elementor-column-gap-default\">\n\t\t\t\t\t<div class=\"elementor-column elementor-col-50 elementor-top-column elementor-element elementor-element-6ce6e3f hora-programa\" data-id=\"6ce6e3f\" data-element_type=\"column\">\n\t\t\t<div class=\"elementor-widget-wrap elementor-element-populated\">\n\t\t\t\t\t\t<div class=\"elementor-element elementor-element-2f0515a ocultar-hora elementor-widget elementor-widget-text-editor\" data-id=\"2f0515a\" data-element_type=\"widget\" data-widget_type=\"text-editor.default\">\n\t\t\t\t<div class=\"elementor-widget-container\">\n\t\t\t\t\t\t\t\t\t<p>13:35<\/p>\t\t\t\t\t\t\t\t<\/div>\n\t\t\t\t<\/div>\n\t\t\t\t\t<\/div>\n\t\t<\/div>\n\t\t\t\t<div class=\"elementor-column elementor-col-50 elementor-top-column elementor-element elementor-element-962097a\" data-id=\"962097a\" data-element_type=\"column\">\n\t\t\t<div class=\"elementor-widget-wrap elementor-element-populated\">\n\t\t\t\t\t\t<div class=\"elementor-element elementor-element-d0ec8ed elementor-widget elementor-widget-text-editor\" data-id=\"d0ec8ed\" data-element_type=\"widget\" data-widget_type=\"text-editor.default\">\n\t\t\t\t<div class=\"elementor-widget-container\">\n\t\t\t\t\t\t\t\t\t<p class=\"p1\">Perceptions du risque de changement climatique c\u00f4tier et pr\u00e9f\u00e9rences en mati\u00e8re d&rsquo;adaptation: le cas de Dakar. Andrea Briones, Basque Centre for Climate Change et Real Instituto Elcano. <\/p>\t\t\t\t\t\t\t\t<\/div>\n\t\t\t\t<\/div>\n\t\t\t\t\t<\/div>\n\t\t<\/div>\n\t\t\t\t\t<\/div>\n\t\t<\/section>\n\t\t\t\t<section class=\"elementor-section elementor-top-section elementor-element elementor-element-cfab21a elementor-section-boxed elementor-section-height-default elementor-section-height-default\" data-id=\"cfab21a\" data-element_type=\"section\">\n\t\t\t\t\t\t<div class=\"elementor-container elementor-column-gap-default\">\n\t\t\t\t\t<div class=\"elementor-column elementor-col-50 elementor-top-column elementor-element elementor-element-44f97e8 hora-programa\" data-id=\"44f97e8\" data-element_type=\"column\">\n\t\t\t<div class=\"elementor-widget-wrap elementor-element-populated\">\n\t\t\t\t\t\t<div class=\"elementor-element elementor-element-d5822eb elementor-widget elementor-widget-text-editor\" data-id=\"d5822eb\" data-element_type=\"widget\" data-widget_type=\"text-editor.default\">\n\t\t\t\t<div class=\"elementor-widget-container\">\n\t\t\t\t\t\t\t\t\t<p>13:45<\/p>\t\t\t\t\t\t\t\t<\/div>\n\t\t\t\t<\/div>\n\t\t\t\t\t<\/div>\n\t\t<\/div>\n\t\t\t\t<div class=\"elementor-column elementor-col-50 elementor-top-column elementor-element elementor-element-a16de86\" data-id=\"a16de86\" data-element_type=\"column\">\n\t\t\t<div class=\"elementor-widget-wrap elementor-element-populated\">\n\t\t\t\t\t\t<div class=\"elementor-element elementor-element-8ffce5f elementor-position-inline-start elementor-mobile-position-inline-start elementor-view-default elementor-widget elementor-widget-icon-box\" data-id=\"8ffce5f\" data-element_type=\"widget\" data-widget_type=\"icon-box.default\">\n\t\t\t\t<div class=\"elementor-widget-container\">\n\t\t\t\t\t\t\t<div class=\"elementor-icon-box-wrapper\">\n\n\t\t\t\t\t\t<div class=\"elementor-icon-box-icon\">\n\t\t\t\t<span  class=\"elementor-icon\">\n\t\t\t\t<i aria-hidden=\"true\" class=\"fas fa-comment\"><\/i>\t\t\t\t<\/span>\n\t\t\t<\/div>\n\t\t\t\n\t\t\t\t\t\t<div class=\"elementor-icon-box-content\">\n\n\t\t\t\t\t\t\t\t\t<h3 class=\"elementor-icon-box-title\">\n\t\t\t\t\t\t<span  >\n\t\t\t\t\t\t\tColloque. Mod\u00e9r\u00e9 par Aur\u00e8lie Bocquet-Escourrou (GIS Littoral Basque)\t\t\t\t\t\t<\/span>\n\t\t\t\t\t<\/h3>\n\t\t\t\t\n\t\t\t\t\n\t\t\t<\/div>\n\t\t\t\n\t\t<\/div>\n\t\t\t\t\t\t<\/div>\n\t\t\t\t<\/div>\n\t\t\t\t\t<\/div>\n\t\t<\/div>\n\t\t\t\t\t<\/div>\n\t\t<\/section>\n\t\t\t\t<section class=\"elementor-section elementor-top-section elementor-element elementor-element-26c3004 elementor-section-boxed elementor-section-height-default elementor-section-height-default\" data-id=\"26c3004\" data-element_type=\"section\" data-settings=\"{&quot;background_background&quot;:&quot;classic&quot;}\">\n\t\t\t\t\t\t<div class=\"elementor-container elementor-column-gap-default\">\n\t\t\t\t\t<div class=\"elementor-column elementor-col-50 elementor-top-column elementor-element elementor-element-af0721f hora-programa\" data-id=\"af0721f\" data-element_type=\"column\">\n\t\t\t<div class=\"elementor-widget-wrap elementor-element-populated\">\n\t\t\t\t\t\t<div class=\"elementor-element elementor-element-5d8383a elementor-widget elementor-widget-text-editor\" data-id=\"5d8383a\" data-element_type=\"widget\" data-widget_type=\"text-editor.default\">\n\t\t\t\t<div class=\"elementor-widget-container\">\n\t\t\t\t\t\t\t\t\t<p>14:05<\/p>\t\t\t\t\t\t\t\t<\/div>\n\t\t\t\t<\/div>\n\t\t\t\t\t<\/div>\n\t\t<\/div>\n\t\t\t\t<div class=\"elementor-column elementor-col-50 elementor-top-column elementor-element elementor-element-88f55af\" data-id=\"88f55af\" data-element_type=\"column\">\n\t\t\t<div class=\"elementor-widget-wrap elementor-element-populated\">\n\t\t\t\t\t\t<div class=\"elementor-element elementor-element-416ce9c elementor-position-inline-start elementor-mobile-position-inline-start elementor-view-default elementor-widget elementor-widget-icon-box\" data-id=\"416ce9c\" data-element_type=\"widget\" data-widget_type=\"icon-box.default\">\n\t\t\t\t<div class=\"elementor-widget-container\">\n\t\t\t\t\t\t\t<div class=\"elementor-icon-box-wrapper\">\n\n\t\t\t\t\t\t<div class=\"elementor-icon-box-icon\">\n\t\t\t\t<span  class=\"elementor-icon\">\n\t\t\t\t<svg xmlns=\"http:\/\/www.w3.org\/2000\/svg\" viewBox=\"0 0 448 512\"><path d=\"M416 0C400 0 288 32 288 176V288c0 35.3 28.7 64 64 64h32V480c0 17.7 14.3 32 32 32s32-14.3 32-32V352 240 32c0-17.7-14.3-32-32-32zM64 16C64 7.8 57.9 1 49.7 .1S34.2 4.6 32.4 12.5L2.1 148.8C.7 155.1 0 161.5 0 167.9c0 45.9 35.1 83.6 80 87.7V480c0 17.7 14.3 32 32 32s32-14.3 32-32V255.6c44.9-4.1 80-41.8 80-87.7c0-6.4-.7-12.8-2.1-19.1L191.6 12.5c-1.8-8-9.3-13.3-17.4-12.4S160 7.8 160 16V150.2c0 5.4-4.4 9.8-9.8 9.8c-5.1 0-9.3-3.9-9.8-9L127.9 14.6C127.2 6.3 120.3 0 112 0s-15.2 6.3-15.9 14.6L83.7 151c-.5 5.1-4.7 9-9.8 9c-5.4 0-9.8-4.4-9.8-9.8V16zm48.3 152l-.3 0-.3 0 .3-.7 .3 .7z\"><\/path><\/svg>\t\t\t\t<\/span>\n\t\t\t<\/div>\n\t\t\t\n\t\t\t\t\t\t<div class=\"elementor-icon-box-content\">\n\n\t\t\t\t\t\t\t\t\t<h3 class=\"elementor-icon-box-title\">\n\t\t\t\t\t\t<span  >\n\t\t\t\t\t\t\tD\u00e9jeuner networking \t\t\t\t\t\t<\/span>\n\t\t\t\t\t<\/h3>\n\t\t\t\t\n\t\t\t\t\n\t\t\t<\/div>\n\t\t\t\n\t\t<\/div>\n\t\t\t\t\t\t<\/div>\n\t\t\t\t<\/div>\n\t\t\t\t\t<\/div>\n\t\t<\/div>\n\t\t\t\t\t<\/div>\n\t\t<\/section>\n\t\t\t\t<section class=\"elementor-section elementor-top-section elementor-element elementor-element-570ebcc elementor-section-boxed elementor-section-height-default elementor-section-height-default\" data-id=\"570ebcc\" data-element_type=\"section\">\n\t\t\t\t\t\t<div class=\"elementor-container elementor-column-gap-default\">\n\t\t\t\t\t<div class=\"elementor-column elementor-col-50 elementor-top-column elementor-element elementor-element-6d9b032 hora-programa\" data-id=\"6d9b032\" data-element_type=\"column\">\n\t\t\t<div class=\"elementor-widget-wrap elementor-element-populated\">\n\t\t\t\t\t\t<div class=\"elementor-element elementor-element-98bccd4 ocultar-hora elementor-widget elementor-widget-text-editor\" data-id=\"98bccd4\" data-element_type=\"widget\" data-widget_type=\"text-editor.default\">\n\t\t\t\t<div class=\"elementor-widget-container\">\n\t\t\t\t\t\t\t\t\t<p>15:15<\/p>\n\t\t\t\t\t\t\t\t<\/div>\n\t\t\t\t<\/div>\n\t\t\t\t\t<\/div>\n\t\t<\/div>\n\t\t\t\t<div class=\"elementor-column elementor-col-50 elementor-top-column elementor-element elementor-element-5021674\" data-id=\"5021674\" data-element_type=\"column\">\n\t\t\t<div class=\"elementor-widget-wrap elementor-element-populated\">\n\t\t\t\t\t\t<div class=\"elementor-element elementor-element-3101cbf elementor-widget elementor-widget-text-editor\" data-id=\"3101cbf\" data-element_type=\"widget\" data-widget_type=\"text-editor.default\">\n\t\t\t\t<div class=\"elementor-widget-container\">\n\t\t\t\t\t\t\t\t\t<p class=\"p1\">La cartographie des syst\u00e8mes, une m\u00e9thodologie pour aborder les complexit\u00e9s des risques d&rsquo;infection par des pathog\u00e8nes c\u00f4tiers li\u00e9s aux effets du changement climatique, \u00e0 la pollution et aux in\u00e9galit\u00e9s sociales. Estibaliz Baroja, Basque Centre for Climate Change. <\/p>\n\t\t\t\t\t\t\t\t<\/div>\n\t\t\t\t<\/div>\n\t\t\t\t\t<\/div>\n\t\t<\/div>\n\t\t\t\t\t<\/div>\n\t\t<\/section>\n\t\t\t\t<section class=\"elementor-section elementor-top-section elementor-element elementor-element-f019edb elementor-section-boxed elementor-section-height-default elementor-section-height-default\" data-id=\"f019edb\" data-element_type=\"section\">\n\t\t\t\t\t\t<div class=\"elementor-container elementor-column-gap-default\">\n\t\t\t\t\t<div class=\"elementor-column elementor-col-50 elementor-top-column elementor-element elementor-element-e7a2389 hora-programa\" data-id=\"e7a2389\" data-element_type=\"column\">\n\t\t\t<div class=\"elementor-widget-wrap elementor-element-populated\">\n\t\t\t\t\t\t<div class=\"elementor-element elementor-element-da3aa99 ocultar-hora elementor-widget elementor-widget-text-editor\" data-id=\"da3aa99\" data-element_type=\"widget\" data-widget_type=\"text-editor.default\">\n\t\t\t\t<div class=\"elementor-widget-container\">\n\t\t\t\t\t\t\t\t\t<p>15:25<\/p>\n\t\t\t\t\t\t\t\t<\/div>\n\t\t\t\t<\/div>\n\t\t\t\t\t<\/div>\n\t\t<\/div>\n\t\t\t\t<div class=\"elementor-column elementor-col-50 elementor-top-column elementor-element elementor-element-b6ead91\" data-id=\"b6ead91\" data-element_type=\"column\">\n\t\t\t<div class=\"elementor-widget-wrap elementor-element-populated\">\n\t\t\t\t\t\t<div class=\"elementor-element elementor-element-4add8e4 elementor-widget elementor-widget-text-editor\" data-id=\"4add8e4\" data-element_type=\"widget\" data-widget_type=\"text-editor.default\">\n\t\t\t\t<div class=\"elementor-widget-container\">\n\t\t\t\t\t\t\t\t\t<p class=\"p1\">\u00c9valuation de l&rsquo;impact des \u00e9v\u00e9nements m\u00e9t\u00e9orologiques extr\u00eames sur la mortalit\u00e9 des oiseaux. Maite Louzao, AZTI. <\/p>\n\t\t\t\t\t\t\t\t<\/div>\n\t\t\t\t<\/div>\n\t\t\t\t\t<\/div>\n\t\t<\/div>\n\t\t\t\t\t<\/div>\n\t\t<\/section>\n\t\t\t\t<section class=\"elementor-section elementor-top-section elementor-element elementor-element-93370a4 elementor-section-boxed elementor-section-height-default elementor-section-height-default\" data-id=\"93370a4\" data-element_type=\"section\">\n\t\t\t\t\t\t<div class=\"elementor-container elementor-column-gap-default\">\n\t\t\t\t\t<div class=\"elementor-column elementor-col-50 elementor-top-column elementor-element elementor-element-5f1ede6 hora-programa\" data-id=\"5f1ede6\" data-element_type=\"column\">\n\t\t\t<div class=\"elementor-widget-wrap elementor-element-populated\">\n\t\t\t\t\t\t<div class=\"elementor-element elementor-element-48dc5f0 ocultar-hora elementor-widget elementor-widget-text-editor\" data-id=\"48dc5f0\" data-element_type=\"widget\" data-widget_type=\"text-editor.default\">\n\t\t\t\t<div class=\"elementor-widget-container\">\n\t\t\t\t\t\t\t\t\t<p>15:35<\/p>\n\t\t\t\t\t\t\t\t<\/div>\n\t\t\t\t<\/div>\n\t\t\t\t\t<\/div>\n\t\t<\/div>\n\t\t\t\t<div class=\"elementor-column elementor-col-50 elementor-top-column elementor-element elementor-element-a9957b7\" data-id=\"a9957b7\" data-element_type=\"column\">\n\t\t\t<div class=\"elementor-widget-wrap elementor-element-populated\">\n\t\t\t\t\t\t<div class=\"elementor-element elementor-element-3d7119b elementor-widget elementor-widget-text-editor\" data-id=\"3d7119b\" data-element_type=\"widget\" data-widget_type=\"text-editor.default\">\n\t\t\t\t<div class=\"elementor-widget-container\">\n\t\t\t\t\t\t\t\t\t<p class=\"p1\">Suivi de la r\u00e9ponse morphologique des plages autour du port de Bilbao: applications d&rsquo;un mod\u00e8le pr\u00e9dictif. Manuel Vi\u00f1es, Universitat Polit\u00e8cnica de Catalunya.<\/p>\t\t\t\t\t\t\t\t<\/div>\n\t\t\t\t<\/div>\n\t\t\t\t\t<\/div>\n\t\t<\/div>\n\t\t\t\t\t<\/div>\n\t\t<\/section>\n\t\t\t\t<section class=\"elementor-section elementor-top-section elementor-element elementor-element-3411da7 elementor-section-boxed elementor-section-height-default elementor-section-height-default\" data-id=\"3411da7\" data-element_type=\"section\">\n\t\t\t\t\t\t<div class=\"elementor-container elementor-column-gap-default\">\n\t\t\t\t\t<div class=\"elementor-column elementor-col-50 elementor-top-column elementor-element elementor-element-4e05f29 hora-programa\" data-id=\"4e05f29\" data-element_type=\"column\">\n\t\t\t<div class=\"elementor-widget-wrap elementor-element-populated\">\n\t\t\t\t\t\t<div class=\"elementor-element elementor-element-89677be ocultar-hora elementor-widget elementor-widget-text-editor\" data-id=\"89677be\" data-element_type=\"widget\" data-widget_type=\"text-editor.default\">\n\t\t\t\t<div class=\"elementor-widget-container\">\n\t\t\t\t\t\t\t\t\t<p>15:45<\/p>\n\t\t\t\t\t\t\t\t<\/div>\n\t\t\t\t<\/div>\n\t\t\t\t\t<\/div>\n\t\t<\/div>\n\t\t\t\t<div class=\"elementor-column elementor-col-50 elementor-top-column elementor-element elementor-element-ec1f205\" data-id=\"ec1f205\" data-element_type=\"column\">\n\t\t\t<div class=\"elementor-widget-wrap elementor-element-populated\">\n\t\t\t\t\t\t<div class=\"elementor-element elementor-element-4e59e45 elementor-widget elementor-widget-text-editor\" data-id=\"4e59e45\" data-element_type=\"widget\" data-widget_type=\"text-editor.default\">\n\t\t\t\t<div class=\"elementor-widget-container\">\n\t\t\t\t\t\t\t\t\t<p class=\"p1\">Ports et changement climatique: une approche d&rsquo;adaptation \u00e0 plusieurs \u00e9chelles. Javier L\u00f3pez Lara, IH Cantabria.<\/p>\t\t\t\t\t\t\t\t<\/div>\n\t\t\t\t<\/div>\n\t\t\t\t\t<\/div>\n\t\t<\/div>\n\t\t\t\t\t<\/div>\n\t\t<\/section>\n\t\t\t\t<section class=\"elementor-section elementor-top-section elementor-element elementor-element-70905f4 elementor-section-boxed elementor-section-height-default elementor-section-height-default\" data-id=\"70905f4\" data-element_type=\"section\">\n\t\t\t\t\t\t<div class=\"elementor-container elementor-column-gap-default\">\n\t\t\t\t\t<div class=\"elementor-column elementor-col-50 elementor-top-column elementor-element elementor-element-a19d229 hora-programa\" data-id=\"a19d229\" data-element_type=\"column\">\n\t\t\t<div class=\"elementor-widget-wrap elementor-element-populated\">\n\t\t\t\t\t\t<div class=\"elementor-element elementor-element-a6b2b4e ocultar-hora elementor-widget elementor-widget-text-editor\" data-id=\"a6b2b4e\" data-element_type=\"widget\" data-widget_type=\"text-editor.default\">\n\t\t\t\t<div class=\"elementor-widget-container\">\n\t\t\t\t\t\t\t\t\t<p>15:55<\/p>\n\t\t\t\t\t\t\t\t<\/div>\n\t\t\t\t<\/div>\n\t\t\t\t\t<\/div>\n\t\t<\/div>\n\t\t\t\t<div class=\"elementor-column elementor-col-50 elementor-top-column elementor-element elementor-element-f8adb9f\" data-id=\"f8adb9f\" data-element_type=\"column\">\n\t\t\t<div class=\"elementor-widget-wrap elementor-element-populated\">\n\t\t\t\t\t\t<div class=\"elementor-element elementor-element-3fde90c elementor-widget elementor-widget-text-editor\" data-id=\"3fde90c\" data-element_type=\"widget\" data-widget_type=\"text-editor.default\">\n\t\t\t\t<div class=\"elementor-widget-container\">\n\t\t\t\t\t\t\t\t\t<p class=\"p1\">Tracer une voie : le r\u00f4le de l&rsquo;Observatorio Costeiro Xunta de Galicia dans les besoins de la soci\u00e9t\u00e9 galicienne. Garbi\u00f1e Ayensa, Intecmar. <\/p>\n\t\t\t\t\t\t\t\t<\/div>\n\t\t\t\t<\/div>\n\t\t\t\t\t<\/div>\n\t\t<\/div>\n\t\t\t\t\t<\/div>\n\t\t<\/section>\n\t\t\t\t<section class=\"elementor-section elementor-top-section elementor-element elementor-element-6cfdf1d elementor-section-boxed elementor-section-height-default elementor-section-height-default\" data-id=\"6cfdf1d\" data-element_type=\"section\">\n\t\t\t\t\t\t<div class=\"elementor-container elementor-column-gap-default\">\n\t\t\t\t\t<div class=\"elementor-column elementor-col-50 elementor-top-column elementor-element elementor-element-5c2ff31 hora-programa\" data-id=\"5c2ff31\" data-element_type=\"column\">\n\t\t\t<div class=\"elementor-widget-wrap elementor-element-populated\">\n\t\t\t\t\t\t<div class=\"elementor-element elementor-element-5ea9c0d ocultar-hora elementor-widget elementor-widget-text-editor\" data-id=\"5ea9c0d\" data-element_type=\"widget\" data-widget_type=\"text-editor.default\">\n\t\t\t\t<div class=\"elementor-widget-container\">\n\t\t\t\t\t\t\t\t\t<p>16:05<\/p>\n\t\t\t\t\t\t\t\t<\/div>\n\t\t\t\t<\/div>\n\t\t\t\t\t<\/div>\n\t\t<\/div>\n\t\t\t\t<div class=\"elementor-column elementor-col-50 elementor-top-column elementor-element elementor-element-63407ac\" data-id=\"63407ac\" data-element_type=\"column\">\n\t\t\t<div class=\"elementor-widget-wrap elementor-element-populated\">\n\t\t\t\t\t\t<div class=\"elementor-element elementor-element-9cb1454 elementor-widget elementor-widget-text-editor\" data-id=\"9cb1454\" data-element_type=\"widget\" data-widget_type=\"text-editor.default\">\n\t\t\t\t<div class=\"elementor-widget-container\">\n\t\t\t\t\t\t\t\t\t<p>Le projet Horizon R4C, solutions innovantes pour la r\u00e9silience climatique des communaut\u00e9s c\u00f4ti\u00e8res : exemples de la Toscane. Luigi E. Cipriani, R\u00e9gion de Toscane.<\/p>\t\t\t\t\t\t\t\t<\/div>\n\t\t\t\t<\/div>\n\t\t\t\t\t<\/div>\n\t\t<\/div>\n\t\t\t\t\t<\/div>\n\t\t<\/section>\n\t\t\t\t<section class=\"elementor-section elementor-top-section elementor-element elementor-element-9f392ec elementor-section-boxed elementor-section-height-default elementor-section-height-default\" data-id=\"9f392ec\" data-element_type=\"section\">\n\t\t\t\t\t\t<div class=\"elementor-container elementor-column-gap-default\">\n\t\t\t\t\t<div class=\"elementor-column elementor-col-50 elementor-top-column elementor-element elementor-element-5a62b95 hora-programa\" data-id=\"5a62b95\" data-element_type=\"column\">\n\t\t\t<div class=\"elementor-widget-wrap elementor-element-populated\">\n\t\t\t\t\t\t<div class=\"elementor-element elementor-element-afe4aad ocultar-hora elementor-widget elementor-widget-text-editor\" data-id=\"afe4aad\" data-element_type=\"widget\" data-widget_type=\"text-editor.default\">\n\t\t\t\t<div class=\"elementor-widget-container\">\n\t\t\t\t\t\t\t\t\t<p>16:15<\/p>\n\t\t\t\t\t\t\t\t<\/div>\n\t\t\t\t<\/div>\n\t\t\t\t\t<\/div>\n\t\t<\/div>\n\t\t\t\t<div class=\"elementor-column elementor-col-50 elementor-top-column elementor-element elementor-element-22f239a\" data-id=\"22f239a\" data-element_type=\"column\">\n\t\t\t<div class=\"elementor-widget-wrap elementor-element-populated\">\n\t\t\t\t\t\t<div class=\"elementor-element elementor-element-791363e elementor-widget elementor-widget-text-editor\" data-id=\"791363e\" data-element_type=\"widget\" data-widget_type=\"text-editor.default\">\n\t\t\t\t<div class=\"elementor-widget-container\">\n\t\t\t\t\t\t\t\t\t<p class=\"p1\">TRANSCLIMA: des dangers sans pr\u00e9c\u00e9dent dans les zones c\u00f4ti\u00e8res. Itxaso Od\u00e9riz, IH Cantabria <\/p>\n\t\t\t\t\t\t\t\t<\/div>\n\t\t\t\t<\/div>\n\t\t\t\t\t<\/div>\n\t\t<\/div>\n\t\t\t\t\t<\/div>\n\t\t<\/section>\n\t\t\t\t<section class=\"elementor-section elementor-top-section elementor-element elementor-element-4a8727d elementor-section-boxed elementor-section-height-default elementor-section-height-default\" data-id=\"4a8727d\" data-element_type=\"section\">\n\t\t\t\t\t\t<div class=\"elementor-container elementor-column-gap-default\">\n\t\t\t\t\t<div class=\"elementor-column elementor-col-50 elementor-top-column elementor-element elementor-element-7dbdadd hora-programa\" data-id=\"7dbdadd\" data-element_type=\"column\">\n\t\t\t<div class=\"elementor-widget-wrap elementor-element-populated\">\n\t\t\t\t\t\t<div class=\"elementor-element elementor-element-afc7913 elementor-widget elementor-widget-text-editor\" data-id=\"afc7913\" data-element_type=\"widget\" data-widget_type=\"text-editor.default\">\n\t\t\t\t<div class=\"elementor-widget-container\">\n\t\t\t\t\t\t\t\t\t<p>16:25<\/p>\n\t\t\t\t\t\t\t\t<\/div>\n\t\t\t\t<\/div>\n\t\t\t\t\t<\/div>\n\t\t<\/div>\n\t\t\t\t<div class=\"elementor-column elementor-col-50 elementor-top-column elementor-element elementor-element-65d8cd6\" data-id=\"65d8cd6\" data-element_type=\"column\">\n\t\t\t<div class=\"elementor-widget-wrap elementor-element-populated\">\n\t\t\t\t\t\t<div class=\"elementor-element elementor-element-a7a22ad elementor-position-inline-start elementor-view-default elementor-mobile-position-block-start elementor-widget elementor-widget-icon-box\" data-id=\"a7a22ad\" data-element_type=\"widget\" data-widget_type=\"icon-box.default\">\n\t\t\t\t<div class=\"elementor-widget-container\">\n\t\t\t\t\t\t\t<div class=\"elementor-icon-box-wrapper\">\n\n\t\t\t\t\t\t<div class=\"elementor-icon-box-icon\">\n\t\t\t\t<span  class=\"elementor-icon\">\n\t\t\t\t<i aria-hidden=\"true\" class=\"fas fa-comment\"><\/i>\t\t\t\t<\/span>\n\t\t\t<\/div>\n\t\t\t\n\t\t\t\t\t\t<div class=\"elementor-icon-box-content\">\n\n\t\t\t\t\t\t\t\t\t<h3 class=\"elementor-icon-box-title\">\n\t\t\t\t\t\t<span  >\n\t\t\t\t\t\t\tColloque. Mod\u00e9r\u00e9 par Aur\u00e8lie Bocquet-Escourrou (GIS Littoral Basque)\t\t\t\t\t\t<\/span>\n\t\t\t\t\t<\/h3>\n\t\t\t\t\n\t\t\t\t\n\t\t\t<\/div>\n\t\t\t\n\t\t<\/div>\n\t\t\t\t\t\t<\/div>\n\t\t\t\t<\/div>\n\t\t\t\t\t<\/div>\n\t\t<\/div>\n\t\t\t\t\t<\/div>\n\t\t<\/section>\n\t\t\t\t<section class=\"elementor-section elementor-top-section elementor-element elementor-element-48791da elementor-section-boxed elementor-section-height-default elementor-section-height-default\" data-id=\"48791da\" data-element_type=\"section\">\n\t\t\t\t\t\t<div class=\"elementor-container elementor-column-gap-default\">\n\t\t\t\t\t<div class=\"elementor-column elementor-col-50 elementor-top-column elementor-element elementor-element-10ac848 hora-programa\" data-id=\"10ac848\" data-element_type=\"column\">\n\t\t\t<div class=\"elementor-widget-wrap elementor-element-populated\">\n\t\t\t\t\t\t<div class=\"elementor-element elementor-element-cc6324e elementor-widget elementor-widget-text-editor\" data-id=\"cc6324e\" data-element_type=\"widget\" data-widget_type=\"text-editor.default\">\n\t\t\t\t<div class=\"elementor-widget-container\">\n\t\t\t\t\t\t\t\t\t<p>16:55<\/p>\t\t\t\t\t\t\t\t<\/div>\n\t\t\t\t<\/div>\n\t\t\t\t\t<\/div>\n\t\t<\/div>\n\t\t\t\t<div class=\"elementor-column elementor-col-50 elementor-top-column elementor-element elementor-element-7fa9360\" data-id=\"7fa9360\" data-element_type=\"column\">\n\t\t\t<div class=\"elementor-widget-wrap elementor-element-populated\">\n\t\t\t\t\t\t<div class=\"elementor-element elementor-element-23b4d22 elementor-widget elementor-widget-text-editor\" data-id=\"23b4d22\" data-element_type=\"widget\" data-widget_type=\"text-editor.default\">\n\t\t\t\t<div class=\"elementor-widget-container\">\n\t\t\t\t\t\t\t\t\t<h5 class=\"p1\">FIN DE LA PREMI\u00c8RE JOURN\u00c9E<\/h5>\t\t\t\t\t\t\t\t<\/div>\n\t\t\t\t<\/div>\n\t\t\t\t\t<\/div>\n\t\t<\/div>\n\t\t\t\t\t<\/div>\n\t\t<\/section>\n\t\t\t\t<section class=\"elementor-section elementor-top-section elementor-element elementor-element-bdb0e08 elementor-section-boxed elementor-section-height-default elementor-section-height-default\" data-id=\"bdb0e08\" data-element_type=\"section\">\n\t\t\t\t\t\t<div class=\"elementor-container elementor-column-gap-default\">\n\t\t\t\t\t<div class=\"elementor-column elementor-col-100 elementor-top-column elementor-element elementor-element-00e5b02\" data-id=\"00e5b02\" data-element_type=\"column\">\n\t\t\t<div class=\"elementor-widget-wrap elementor-element-populated\">\n\t\t\t\t\t\t<div class=\"elementor-element elementor-element-72e2959 elementor-widget elementor-widget-text-editor\" data-id=\"72e2959\" data-element_type=\"widget\" data-widget_type=\"text-editor.default\">\n\t\t\t\t<div class=\"elementor-widget-container\">\n\t\t\t\t\t\t\t\t\t<h5>Toutes les s\u00e9ances auront traduction simultan\u00e9e, au fran\u00e7ais, anglais et espagnol.<\/h5>\n\t\t\t\t\t\t\t\t<\/div>\n\t\t\t\t<\/div>\n\t\t\t\t\t<\/div>\n\t\t<\/div>\n\t\t\t\t\t<\/div>\n\t\t<\/section>\n\t\t\t\t<\/div>\n\t\t<\/div>\r\n                                          <\/li>\r\n                        <li id=\"responsive-tab-2\" class=\"responsive-tab-content \">\r\n                                                <div\r\n                      id=\"#responsive-tab-2\">\t\t<div data-elementor-type=\"page\" data-elementor-id=\"6669\" class=\"elementor elementor-6669 elementor-6456\" data-elementor-post-type=\"elementor_library\">\n\t\t\t\t\t\t<section class=\"elementor-section elementor-top-section elementor-element elementor-element-6633ce67 elementor-section-boxed elementor-section-height-default elementor-section-height-default\" data-id=\"6633ce67\" data-element_type=\"section\">\n\t\t\t\t\t\t<div class=\"elementor-container elementor-column-gap-default\">\n\t\t\t\t\t<div class=\"elementor-column elementor-col-100 elementor-top-column elementor-element elementor-element-5b9eac5e\" data-id=\"5b9eac5e\" data-element_type=\"column\">\n\t\t\t<div class=\"elementor-widget-wrap elementor-element-populated\">\n\t\t\t\t\t\t<div class=\"elementor-element elementor-element-35b837a4 elementor-widget elementor-widget-text-editor\" data-id=\"35b837a4\" data-element_type=\"widget\" data-widget_type=\"text-editor.default\">\n\t\t\t\t<div class=\"elementor-widget-container\">\n\t\t\t\t\t\t\t\t\t<h5 class=\"p1\">Deuxi\u00e8me journ\u00e9e<\/h5>\n\t\t\t\t\t\t\t\t<\/div>\n\t\t\t\t<\/div>\n\t\t\t\t\t<\/div>\n\t\t<\/div>\n\t\t\t\t\t<\/div>\n\t\t<\/section>\n\t\t\t\t<section class=\"elementor-section elementor-top-section elementor-element elementor-element-64e2e18f elementor-section-boxed elementor-section-height-default elementor-section-height-default\" data-id=\"64e2e18f\" data-element_type=\"section\">\n\t\t\t\t\t\t<div class=\"elementor-container elementor-column-gap-default\">\n\t\t\t\t\t<div class=\"elementor-column elementor-col-50 elementor-top-column elementor-element elementor-element-60d9cd34 hora-programa\" data-id=\"60d9cd34\" data-element_type=\"column\">\n\t\t\t<div class=\"elementor-widget-wrap elementor-element-populated\">\n\t\t\t\t\t\t<div class=\"elementor-element elementor-element-66745347 elementor-widget elementor-widget-text-editor\" data-id=\"66745347\" data-element_type=\"widget\" data-widget_type=\"text-editor.default\">\n\t\t\t\t<div class=\"elementor-widget-container\">\n\t\t\t\t\t\t\t\t\t<h5>8:30<\/h5>\t\t\t\t\t\t\t\t<\/div>\n\t\t\t\t<\/div>\n\t\t\t\t\t<\/div>\n\t\t<\/div>\n\t\t\t\t<div class=\"elementor-column elementor-col-50 elementor-top-column elementor-element elementor-element-46134ba8\" data-id=\"46134ba8\" data-element_type=\"column\">\n\t\t\t<div class=\"elementor-widget-wrap elementor-element-populated\">\n\t\t\t\t\t\t<div class=\"elementor-element elementor-element-359918d6 elementor-widget elementor-widget-text-editor\" data-id=\"359918d6\" data-element_type=\"widget\" data-widget_type=\"text-editor.default\">\n\t\t\t\t<div class=\"elementor-widget-container\">\n\t\t\t\t\t\t\t\t\t<p class=\"p1\">R\u00e9ception des participants et caf\u00e9 de bienvenu<\/p>\n\t\t\t\t\t\t\t\t<\/div>\n\t\t\t\t<\/div>\n\t\t\t\t\t<\/div>\n\t\t<\/div>\n\t\t\t\t\t<\/div>\n\t\t<\/section>\n\t\t\t\t<section class=\"elementor-section elementor-top-section elementor-element elementor-element-67cc893b elementor-section-boxed elementor-section-height-default elementor-section-height-default\" data-id=\"67cc893b\" data-element_type=\"section\">\n\t\t\t\t\t\t<div class=\"elementor-container elementor-column-gap-default\">\n\t\t\t\t\t<div class=\"elementor-column elementor-col-50 elementor-top-column elementor-element elementor-element-34917069 hora-programa\" data-id=\"34917069\" data-element_type=\"column\">\n\t\t\t<div class=\"elementor-widget-wrap elementor-element-populated\">\n\t\t\t\t\t\t<div class=\"elementor-element elementor-element-57de057a elementor-widget elementor-widget-text-editor\" data-id=\"57de057a\" data-element_type=\"widget\" data-widget_type=\"text-editor.default\">\n\t\t\t\t<div class=\"elementor-widget-container\">\n\t\t\t\t\t\t\t\t\t<h5>9:00<\/h5>\t\t\t\t\t\t\t\t<\/div>\n\t\t\t\t<\/div>\n\t\t\t\t\t<\/div>\n\t\t<\/div>\n\t\t\t\t<div class=\"elementor-column elementor-col-50 elementor-top-column elementor-element elementor-element-5c1316f\" data-id=\"5c1316f\" data-element_type=\"column\">\n\t\t\t<div class=\"elementor-widget-wrap elementor-element-populated\">\n\t\t\t\t\t\t<div class=\"elementor-element elementor-element-19650658 elementor-widget elementor-widget-text-editor\" data-id=\"19650658\" data-element_type=\"widget\" data-widget_type=\"text-editor.default\">\n\t\t\t\t<div class=\"elementor-widget-container\">\n\t\t\t\t\t\t\t\t\t<p class=\"p1\"><b>CONF\u00c9RENCE INAUGURALE DEUXI\u00c8ME JOURN\u00c9E<\/b><\/p>\t\t\t\t\t\t\t\t<\/div>\n\t\t\t\t<\/div>\n\t\t\t\t<div class=\"elementor-element elementor-element-5f10a5b9 elementor-widget elementor-widget-text-editor\" data-id=\"5f10a5b9\" data-element_type=\"widget\" data-widget_type=\"text-editor.default\">\n\t\t\t\t<div class=\"elementor-widget-container\">\n\t\t\t\t\t\t\t\t\t<p class=\"p1\">Capacit\u00e9 d&rsquo;adaptation et r\u00e9silience des mers europ\u00e9ennes dans le cadre de trajectoires contrast\u00e9es de changement climatique et d&rsquo;interventions de gestion multiples<\/p>\t\t\t\t\t\t\t\t<\/div>\n\t\t\t\t<\/div>\n\t\t\t\t<div class=\"elementor-element elementor-element-7afb9899 texto-programa elementor-widget elementor-widget-text-editor\" data-id=\"7afb9899\" data-element_type=\"widget\" data-widget_type=\"text-editor.default\">\n\t\t\t\t<div class=\"elementor-widget-container\">\n\t\t\t\t\t\t\t\t\t<div class=\"detalle_ponencia\"><p class=\"p1\">Dans le cadre du projet europ\u00e9en FutureMARES, nous explorons les cons\u00e9quences des sc\u00e9narios de changement climatique (CC) et des interventions de gestion sur la biodiversit\u00e9, le fonctionnement des \u00e9cosyst\u00e8mes et la fourniture de services dans les mers europ\u00e9ennes. Sept mod\u00e8les Ecospace repr\u00e9sentant \u00e0 la fois les mers r\u00e9gionales (mer du Nord, mer Baltique, golfe de Gascogne et mer M\u00e9diterran\u00e9e occidentale) et les sous-r\u00e9gions de ces zones (mer Baltique locale, mer M\u00e9diterran\u00e9e nord-ouest et plateau portugais) sont utilis\u00e9s pour simuler m\u00e9caniquement les r\u00e9cits \u00e0 \u00e9chelle r\u00e9duite de la durabilit\u00e9 mondiale (GS), de l&rsquo;entreprise nationale (NE) et des march\u00e9s mondiaux (WM) pour des sc\u00e9narios SSP contrast\u00e9s via des donn\u00e9es environnementales normalis\u00e9es \u00e0 \u00e9chelle r\u00e9duite. Les interventions de gestion dans le cadre des diff\u00e9rentes options de solutions bas\u00e9es sur la nature (NBS) comprennent la protection, la restauration et la gestion des p\u00eacheries en fonction des contextes r\u00e9gionaux, des l\u00e9gislations et des cadres juridiques. L&rsquo;impact du changement climatique et des activit\u00e9s humaines est \u00e9valu\u00e9, en quantifiant les trajectoires spatio-temporelles des principales esp\u00e8ces commerciales et vuln\u00e9rables, ainsi que certains indicateurs \u00e9cologiques et \u00e9conomiques. Les compromis des strat\u00e9gies de gestion sont compar\u00e9s en fonction des impacts sur la diversit\u00e9 des esp\u00e8ces, la fonction de l&rsquo;\u00e9cosyst\u00e8me et la fourniture de services, ainsi que la r\u00e9silience au changement climatique.<\/p><p class=\"p1\">Nos r\u00e9sultats collectifs pr\u00e9voient des r\u00e9alit\u00e9s \u00e9cologiques et socio-\u00e9conomiques distinctes \u00e0 moyen (2050) et long (2100) terme, sugg\u00e9rant que les NBS (par exemple, la restauration des esp\u00e8ces formant l&rsquo;habitat et la protection des zones cl\u00e9s, la r\u00e9duction de la charge en nutriments, et la r\u00e9alisation des objectifs de conservation concernant les AMP &#8211; 30%) combin\u00e9es avec des actions de durabilit\u00e9 de la p\u00eache (par exemple, la r\u00e9duction de l&rsquo;effort de p\u00eache et la r\u00e9duction des rejets et des prises accessoires, l&rsquo;\u00e9tablissement de zones de p\u00eache \u00e0 acc\u00e8s limit\u00e9) peuvent jouer un r\u00f4le vital dans l&rsquo;att\u00e9nuation de l&rsquo;impact futur du CC. Les r\u00e9sultats montrent des trajectoires divergentes pour de nombreuses esp\u00e8ces et indicateurs entre les sc\u00e9narios et leurs analogues du CC. Avec des augmentations de temp\u00e9rature et des diminutions de la production primaire attendues dans tous les sc\u00e9narios climatiques, nos simulations soulignent que les interventions de gestion bas\u00e9es sur les \u00e9cosyst\u00e8mes sont cruciales pour fa\u00e7onner les futurs \u00e9tats \u00e9cologiques et socio-\u00e9conomiques des mers europ\u00e9ennes, et soulignent l&rsquo;importance d&rsquo;une gestion proactive des mers r\u00e9gionales europ\u00e9ennes.<\/p><\/div>\t\t\t\t\t\t\t\t<\/div>\n\t\t\t\t<\/div>\n\t\t\t\t<section class=\"elementor-section elementor-inner-section elementor-element elementor-element-6e72321a elementor-section-content-middle elementor-section-boxed elementor-section-height-default elementor-section-height-default\" data-id=\"6e72321a\" data-element_type=\"section\">\n\t\t\t\t\t\t<div class=\"elementor-container elementor-column-gap-default\">\n\t\t\t\t\t<div class=\"elementor-column elementor-col-50 elementor-inner-column elementor-element elementor-element-3ce6906\" data-id=\"3ce6906\" data-element_type=\"column\">\n\t\t\t<div class=\"elementor-widget-wrap elementor-element-populated\">\n\t\t\t\t\t\t<div class=\"elementor-element elementor-element-1b556f38 foto-programa elementor-widget-tablet__width-initial elementor-widget-mobile__width-initial elementor-widget elementor-widget-image\" data-id=\"1b556f38\" data-element_type=\"widget\" data-widget_type=\"image.default\">\n\t\t\t\t<div class=\"elementor-widget-container\">\n\t\t\t\t\t\t\t\t\t\t\t\t\t\t\t<img loading=\"lazy\" decoding=\"async\" width=\"256\" height=\"210\" src=\"https:\/\/www.uhinak.com\/wp-content\/uploads\/2024\/06\/Foto-Marta-Coll.jpg\" class=\"attachment-large size-large wp-image-7091\" alt=\"\" \/>\t\t\t\t\t\t\t\t\t\t\t\t\t\t\t<\/div>\n\t\t\t\t<\/div>\n\t\t\t\t\t<\/div>\n\t\t<\/div>\n\t\t\t\t<div class=\"elementor-column elementor-col-50 elementor-inner-column elementor-element elementor-element-700a6248\" data-id=\"700a6248\" data-element_type=\"column\">\n\t\t\t<div class=\"elementor-widget-wrap elementor-element-populated\">\n\t\t\t\t\t\t<div class=\"elementor-element elementor-element-7bd6f7e8 elementor-widget elementor-widget-author-box\" data-id=\"7bd6f7e8\" data-element_type=\"widget\" data-widget_type=\"author-box.default\">\n\t\t\t\t<div class=\"elementor-widget-container\">\n\t\t\t\t\t\t\t<div class=\"elementor-author-box\">\n\t\t\t\n\t\t\t<div class=\"elementor-author-box__text\">\n\t\t\t\t\t\t\t\t\t<a href=\"https:\/\/www.uhinak.com\/fr\/conferenciers\/#marta-coll-monton\">\n\t\t\t\t\t\t<h5 class=\"elementor-author-box__name\">\n\t\t\t\t\t\t\tMarta Coll\t\t\t\t\t\t<\/h5>\n\t\t\t\t\t<\/a>\n\t\t\t\t\n\t\t\t\t\t\t\t\t\t<div class=\"elementor-author-box__bio\">\n\t\t\t\t\t\t<p>Senior researcher,\u2028Instituto de Ciencias del Mar (ICM) - CSIC; Barcelona<\/p>\n\t\t\t\t\t<\/div>\n\t\t\t\t\n\t\t\t\t\t\t\t<\/div>\n\t\t<\/div>\n\t\t\t\t\t\t<\/div>\n\t\t\t\t<\/div>\n\t\t\t\t\t<\/div>\n\t\t<\/div>\n\t\t\t\t\t<\/div>\n\t\t<\/section>\n\t\t\t\t\t<\/div>\n\t\t<\/div>\n\t\t\t\t\t<\/div>\n\t\t<\/section>\n\t\t\t\t<section class=\"elementor-section elementor-top-section elementor-element elementor-element-53a431f elementor-section-boxed elementor-section-height-default elementor-section-height-default\" data-id=\"53a431f\" data-element_type=\"section\">\n\t\t\t\t\t\t<div class=\"elementor-container elementor-column-gap-default\">\n\t\t\t\t\t<div class=\"elementor-column elementor-col-50 elementor-top-column elementor-element elementor-element-e1d91bd hora-programa\" data-id=\"e1d91bd\" data-element_type=\"column\">\n\t\t\t<div class=\"elementor-widget-wrap elementor-element-populated\">\n\t\t\t\t\t\t<div class=\"elementor-element elementor-element-a9a0563 ocultar-hora elementor-widget elementor-widget-text-editor\" data-id=\"a9a0563\" data-element_type=\"widget\" data-widget_type=\"text-editor.default\">\n\t\t\t\t<div class=\"elementor-widget-container\">\n\t\t\t\t\t\t\t\t\t<h5>9:35<\/h5>\t\t\t\t\t\t\t\t<\/div>\n\t\t\t\t<\/div>\n\t\t\t\t\t<\/div>\n\t\t<\/div>\n\t\t\t\t<div class=\"elementor-column elementor-col-50 elementor-top-column elementor-element elementor-element-f0b10b7\" data-id=\"f0b10b7\" data-element_type=\"column\">\n\t\t\t<div class=\"elementor-widget-wrap elementor-element-populated\">\n\t\t\t\t\t\t<div class=\"elementor-element elementor-element-88f4aba elementor-widget elementor-widget-text-editor\" data-id=\"88f4aba\" data-element_type=\"widget\" data-widget_type=\"text-editor.default\">\n\t\t\t\t<div class=\"elementor-widget-container\">\n\t\t\t\t\t\t\t\t\t<h6>Conf\u00e9rence invit\u00e9e :<\/h6>\n\t\t\t\t\t\t\t\t<\/div>\n\t\t\t\t<\/div>\n\t\t\t\t<div class=\"elementor-element elementor-element-935905d elementor-widget elementor-widget-text-editor\" data-id=\"935905d\" data-element_type=\"widget\" data-widget_type=\"text-editor.default\">\n\t\t\t\t<div class=\"elementor-widget-container\">\n\t\t\t\t\t\t\t\t\t<p class=\"p1\"><b>D\u00c9VELOPPEMENT D&rsquo;OUTILS D&rsquo;AIDE \u00c0 LA D\u00c9CISION POUR LA GESTION DES IMPACTS DES TEMP\u00caTES OC\u00c9ANIQUES LE LONG DE LA C\u00d4TE DE SAINT-JEAN-DE-LUZ, SW FRANCE.<\/b><\/p>\n\t\t\t\t\t\t\t\t<\/div>\n\t\t\t\t<\/div>\n\t\t\t\t<div class=\"elementor-element elementor-element-d166619 texto-programa elementor-widget elementor-widget-text-editor\" data-id=\"d166619\" data-element_type=\"widget\" data-widget_type=\"text-editor.default\">\n\t\t\t\t<div class=\"elementor-widget-container\">\n\t\t\t\t\t\t\t\t\t<p class=\"p1\">Le projet Region4Climate (R4C, GA-101093873) contribue \u00e0 la mission de l&rsquo;UE Adaptation au changement climatique en mettant en \u0153uvre des actions innovantes dans 12 r\u00e9gions d&rsquo;Europe dans le but d&rsquo;am\u00e9liorer la r\u00e9silience au changement climatique. Le long de la c\u00f4te sud Aquitaine, les exp\u00e9rimentations du projet sont men\u00e9es sur le site pilote du littoral de la ville de Saint-Jean-de-Luz gr\u00e2ce \u00e0 une collaboration entre la Communaut\u00e9 d&rsquo;Agglom\u00e9ration Pays Basque (CAPB) et le laboratoire commun KOSTARISK constitu\u00e9 du laboratoire SIAME de l&rsquo;Universit\u00e9 de Pau et Pays de l&rsquo;Adour (UPPA), du centre Rivages Pro Tech de SUEZ et de la Fondation AZTI. Le programme de travail du R4C a d\u00e9but\u00e9 en 2023 et consiste \u00e0 d\u00e9velopper et d\u00e9montrer des outils d&rsquo;aide \u00e0 la d\u00e9cision pour soutenir la gestion des impacts des temp\u00eates oc\u00e9aniques sur le littoral. Les principaux types d&rsquo;impacts \u00e9tudi\u00e9s dans le projet sont les inondations c\u00f4ti\u00e8res et les impacts des vagues extr\u00eames sur les d\u00e9fenses c\u00f4ti\u00e8res. Les outils d&rsquo;aide \u00e0 la d\u00e9cision sont bas\u00e9s sur la combinaison de technologies innovantes de surveillance et de mod\u00e9lisation. La strat\u00e9gie de surveillance est bas\u00e9e sur un r\u00e9seau de stations de vid\u00e9om\u00e9trie c\u00f4ti\u00e8re, compl\u00e9t\u00e9e par une station autonome de mesure in situ de l\u00b4intensit\u00e9 de l&rsquo;impact des vagues install\u00e9e sur la digue de Artha. La composante mod\u00e9lisation repose sur une cha\u00eene de mod\u00e8les multiples affinant les risques marins depuis le large jusqu&rsquo;\u00e0 l&rsquo;\u00e9chelle locale de la digue ou du front de mer, l&rsquo;accent \u00e9tant mis sur la transformation et l&rsquo;impact des vagues oc\u00e9aniques. Ces diff\u00e9rentes technologies sont exploit\u00e9es conjointement (i) pour am\u00e9liorer les connaissances sur les processus r\u00e9gissant les impacts des temp\u00eates oc\u00e9aniques locales ; (ii) pour permettre une utilisation en temps r\u00e9el dans le cadre d&rsquo;un syst\u00e8me d&rsquo;alerte pr\u00e9coce adapt\u00e9 pour l&rsquo;anticipation et l&rsquo;att\u00e9nuation des cons\u00e9quences des \u00e9v\u00e9nements extr\u00eames ; et enfin (iii) pour aider les autorit\u00e9s publiques \u00e0 pr\u00e9venir les risques c\u00f4tiers pour la population et les infrastructures \u00e0 court et \u00e0 long terme, dans le climat actuel et futur.<\/p>\t\t\t\t\t\t\t\t<\/div>\n\t\t\t\t<\/div>\n\t\t\t\t<section class=\"elementor-section elementor-inner-section elementor-element elementor-element-6e86485 elementor-section-content-middle elementor-section-boxed elementor-section-height-default elementor-section-height-default\" data-id=\"6e86485\" data-element_type=\"section\">\n\t\t\t\t\t\t<div class=\"elementor-container elementor-column-gap-default\">\n\t\t\t\t\t<div class=\"elementor-column elementor-col-50 elementor-inner-column elementor-element elementor-element-5789b9d\" data-id=\"5789b9d\" data-element_type=\"column\">\n\t\t\t<div class=\"elementor-widget-wrap elementor-element-populated\">\n\t\t\t\t\t\t<div class=\"elementor-element elementor-element-3c311e0 foto-programa elementor-widget-tablet__width-initial elementor-widget-mobile__width-initial elementor-widget elementor-widget-image\" data-id=\"3c311e0\" data-element_type=\"widget\" data-widget_type=\"image.default\">\n\t\t\t\t<div class=\"elementor-widget-container\">\n\t\t\t\t\t\t\t\t\t\t\t\t\t\t\t<img loading=\"lazy\" decoding=\"async\" width=\"1707\" height=\"2560\" src=\"https:\/\/www.uhinak.com\/wp-content\/uploads\/2022\/07\/06-Matthias-Delpey-scaled-e1720634068673.jpg\" class=\"attachment-full size-full wp-image-6520\" alt=\"\" \/>\t\t\t\t\t\t\t\t\t\t\t\t\t\t\t<\/div>\n\t\t\t\t<\/div>\n\t\t\t\t\t<\/div>\n\t\t<\/div>\n\t\t\t\t<div class=\"elementor-column elementor-col-50 elementor-inner-column elementor-element elementor-element-c1bf8f5\" data-id=\"c1bf8f5\" data-element_type=\"column\">\n\t\t\t<div class=\"elementor-widget-wrap elementor-element-populated\">\n\t\t\t\t\t\t<div class=\"elementor-element elementor-element-d7105a5 elementor-widget elementor-widget-author-box\" data-id=\"d7105a5\" data-element_type=\"widget\" data-widget_type=\"author-box.default\">\n\t\t\t\t<div class=\"elementor-widget-container\">\n\t\t\t\t\t\t\t<div class=\"elementor-author-box\">\n\t\t\t\n\t\t\t<div class=\"elementor-author-box__text\">\n\t\t\t\t\t\t\t\t\t<a href=\"https:\/\/www.uhinak.com\/fr\/conferenciers\/#matthias-delpey\">\n\t\t\t\t\t\t<h5 class=\"elementor-author-box__name\">\n\t\t\t\t\t\t\t Matthias Delpey\t\t\t\t\t\t<\/h5>\n\t\t\t\t\t<\/a>\n\t\t\t\t\n\t\t\t\t\t\t\t\t\t<div class=\"elementor-author-box__bio\">\n\t\t\t\t\t\t<p>Rivages Pro Tech, SUEZ Eau France<\/p>\n\t\t\t\t\t<\/div>\n\t\t\t\t\n\t\t\t\t\t\t\t<\/div>\n\t\t<\/div>\n\t\t\t\t\t\t<\/div>\n\t\t\t\t<\/div>\n\t\t\t\t\t<\/div>\n\t\t<\/div>\n\t\t\t\t\t<\/div>\n\t\t<\/section>\n\t\t\t\t\t<\/div>\n\t\t<\/div>\n\t\t\t\t\t<\/div>\n\t\t<\/section>\n\t\t\t\t<section class=\"elementor-section elementor-top-section elementor-element elementor-element-52e2bff2 elementor-section-boxed elementor-section-height-default elementor-section-height-default\" data-id=\"52e2bff2\" data-element_type=\"section\">\n\t\t\t\t\t\t<div class=\"elementor-container elementor-column-gap-default\">\n\t\t\t\t\t<div class=\"elementor-column elementor-col-100 elementor-top-column elementor-element elementor-element-3e55a772\" data-id=\"3e55a772\" data-element_type=\"column\">\n\t\t\t<div class=\"elementor-widget-wrap elementor-element-populated\">\n\t\t\t\t\t\t<div class=\"elementor-element elementor-element-58b5c488 elementor-widget elementor-widget-text-editor\" data-id=\"58b5c488\" data-element_type=\"widget\" data-widget_type=\"text-editor.default\">\n\t\t\t\t<div class=\"elementor-widget-container\">\n\t\t\t\t\t\t\t\t\t<h5 class=\"p1\">Communications orales<\/h5>\n\t\t\t\t\t\t\t\t<\/div>\n\t\t\t\t<\/div>\n\t\t\t\t\t<\/div>\n\t\t<\/div>\n\t\t\t\t\t<\/div>\n\t\t<\/section>\n\t\t\t\t<section class=\"elementor-section elementor-top-section elementor-element elementor-element-fab17c6 elementor-section-boxed elementor-section-height-default elementor-section-height-default\" data-id=\"fab17c6\" data-element_type=\"section\">\n\t\t\t\t\t\t<div class=\"elementor-container elementor-column-gap-default\">\n\t\t\t\t\t<div class=\"elementor-column elementor-col-50 elementor-top-column elementor-element elementor-element-b41104e hora-programa\" data-id=\"b41104e\" data-element_type=\"column\">\n\t\t\t<div class=\"elementor-widget-wrap elementor-element-populated\">\n\t\t\t\t\t\t<div class=\"elementor-element elementor-element-0f327e8 ocultar-hora elementor-widget elementor-widget-text-editor\" data-id=\"0f327e8\" data-element_type=\"widget\" data-widget_type=\"text-editor.default\">\n\t\t\t\t<div class=\"elementor-widget-container\">\n\t\t\t\t\t\t\t\t\t<p>10:00<\/p>\t\t\t\t\t\t\t\t<\/div>\n\t\t\t\t<\/div>\n\t\t\t\t\t<\/div>\n\t\t<\/div>\n\t\t\t\t<div class=\"elementor-column elementor-col-50 elementor-top-column elementor-element elementor-element-1f3b654\" data-id=\"1f3b654\" data-element_type=\"column\">\n\t\t\t<div class=\"elementor-widget-wrap elementor-element-populated\">\n\t\t\t\t\t\t<div class=\"elementor-element elementor-element-4bc16eb elementor-widget elementor-widget-text-editor\" data-id=\"4bc16eb\" data-element_type=\"widget\" data-widget_type=\"text-editor.default\">\n\t\t\t\t<div class=\"elementor-widget-container\">\n\t\t\t\t\t\t\t\t\t<p class=\"p1\">Vagues extr\u00eames observ\u00e9es par les radars compacts \u00e0 haute fr\u00e9quence dans le sud-est du golfe de Gascogne: performance des mesures dans diff\u00e9rentes conditions. Lohitzune Solabarrieta, AZTI.<\/p>\t\t\t\t\t\t\t\t<\/div>\n\t\t\t\t<\/div>\n\t\t\t\t\t<\/div>\n\t\t<\/div>\n\t\t\t\t\t<\/div>\n\t\t<\/section>\n\t\t\t\t<section class=\"elementor-section elementor-top-section elementor-element elementor-element-194bd71 elementor-section-boxed elementor-section-height-default elementor-section-height-default\" data-id=\"194bd71\" data-element_type=\"section\">\n\t\t\t\t\t\t<div class=\"elementor-container elementor-column-gap-default\">\n\t\t\t\t\t<div class=\"elementor-column elementor-col-50 elementor-top-column elementor-element elementor-element-c517338 hora-programa\" data-id=\"c517338\" data-element_type=\"column\">\n\t\t\t<div class=\"elementor-widget-wrap elementor-element-populated\">\n\t\t\t\t\t\t<div class=\"elementor-element elementor-element-e86cfe6 ocultar-hora elementor-widget elementor-widget-text-editor\" data-id=\"e86cfe6\" data-element_type=\"widget\" data-widget_type=\"text-editor.default\">\n\t\t\t\t<div class=\"elementor-widget-container\">\n\t\t\t\t\t\t\t\t\t<p>10:10<\/p>\t\t\t\t\t\t\t\t<\/div>\n\t\t\t\t<\/div>\n\t\t\t\t\t<\/div>\n\t\t<\/div>\n\t\t\t\t<div class=\"elementor-column elementor-col-50 elementor-top-column elementor-element elementor-element-0f6fdc4\" data-id=\"0f6fdc4\" data-element_type=\"column\">\n\t\t\t<div class=\"elementor-widget-wrap elementor-element-populated\">\n\t\t\t\t\t\t<div class=\"elementor-element elementor-element-d35db26 elementor-widget elementor-widget-text-editor\" data-id=\"d35db26\" data-element_type=\"widget\" data-widget_type=\"text-editor.default\">\n\t\t\t\t<div class=\"elementor-widget-container\">\n\t\t\t\t\t\t\t\t\t<p class=\"p1\">Big surf \u00e0 la c\u00f4te basque &#8211; analyse num\u00e9rique des processus de vagues \u00e0 Belharra Diego Slamovitz, Universit\u00e9 de Pau et des Pays de l\u2019Adour. <\/p>\n\t\t\t\t\t\t\t\t<\/div>\n\t\t\t\t<\/div>\n\t\t\t\t\t<\/div>\n\t\t<\/div>\n\t\t\t\t\t<\/div>\n\t\t<\/section>\n\t\t\t\t<section class=\"elementor-section elementor-top-section elementor-element elementor-element-f5404b0 elementor-section-boxed elementor-section-height-default elementor-section-height-default\" data-id=\"f5404b0\" data-element_type=\"section\">\n\t\t\t\t\t\t<div class=\"elementor-container elementor-column-gap-default\">\n\t\t\t\t\t<div class=\"elementor-column elementor-col-50 elementor-top-column elementor-element elementor-element-5a7fbc1 hora-programa\" data-id=\"5a7fbc1\" data-element_type=\"column\">\n\t\t\t<div class=\"elementor-widget-wrap elementor-element-populated\">\n\t\t\t\t\t\t<div class=\"elementor-element elementor-element-f078ecb ocultar-hora elementor-widget elementor-widget-text-editor\" data-id=\"f078ecb\" data-element_type=\"widget\" data-widget_type=\"text-editor.default\">\n\t\t\t\t<div class=\"elementor-widget-container\">\n\t\t\t\t\t\t\t\t\t<p>10:20<\/p>\t\t\t\t\t\t\t\t<\/div>\n\t\t\t\t<\/div>\n\t\t\t\t\t<\/div>\n\t\t<\/div>\n\t\t\t\t<div class=\"elementor-column elementor-col-50 elementor-top-column elementor-element elementor-element-ea81bc8\" data-id=\"ea81bc8\" data-element_type=\"column\">\n\t\t\t<div class=\"elementor-widget-wrap elementor-element-populated\">\n\t\t\t\t\t\t<div class=\"elementor-element elementor-element-c69f01b elementor-widget elementor-widget-text-editor\" data-id=\"c69f01b\" data-element_type=\"widget\" data-widget_type=\"text-editor.default\">\n\t\t\t\t<div class=\"elementor-widget-container\">\n\t\t\t\t\t\t\t\t\t<p class=\"p1\">Mod\u00e9lisation num\u00e9rique des forces d&rsquo;impact caus\u00e9es par le d\u00e9bordement des vagues: application r\u00e9aliste \u00e0 une configuration d&rsquo;estran tr\u00e8s peu profond. Erwan Imbertie, Suez, Center Rivages Pro Tech. <\/p>\n\t\t\t\t\t\t\t\t<\/div>\n\t\t\t\t<\/div>\n\t\t\t\t\t<\/div>\n\t\t<\/div>\n\t\t\t\t\t<\/div>\n\t\t<\/section>\n\t\t\t\t<section class=\"elementor-section elementor-top-section elementor-element elementor-element-d9d6294 elementor-section-boxed elementor-section-height-default elementor-section-height-default\" data-id=\"d9d6294\" data-element_type=\"section\">\n\t\t\t\t\t\t<div class=\"elementor-container elementor-column-gap-default\">\n\t\t\t\t\t<div class=\"elementor-column elementor-col-50 elementor-top-column elementor-element elementor-element-6490800 hora-programa\" data-id=\"6490800\" data-element_type=\"column\">\n\t\t\t<div class=\"elementor-widget-wrap elementor-element-populated\">\n\t\t\t\t\t\t<div class=\"elementor-element elementor-element-8c8a166 ocultar-hora elementor-widget elementor-widget-text-editor\" data-id=\"8c8a166\" data-element_type=\"widget\" data-widget_type=\"text-editor.default\">\n\t\t\t\t<div class=\"elementor-widget-container\">\n\t\t\t\t\t\t\t\t\t<p>10:30<\/p>\t\t\t\t\t\t\t\t<\/div>\n\t\t\t\t<\/div>\n\t\t\t\t\t<\/div>\n\t\t<\/div>\n\t\t\t\t<div class=\"elementor-column elementor-col-50 elementor-top-column elementor-element elementor-element-d32b267\" data-id=\"d32b267\" data-element_type=\"column\">\n\t\t\t<div class=\"elementor-widget-wrap elementor-element-populated\">\n\t\t\t\t\t\t<div class=\"elementor-element elementor-element-2086e2f elementor-widget elementor-widget-text-editor\" data-id=\"2086e2f\" data-element_type=\"widget\" data-widget_type=\"text-editor.default\">\n\t\t\t\t<div class=\"elementor-widget-container\">\n\t\t\t\t\t\t\t\t\t<p class=\"p1\">Forces d&rsquo;impact des mar\u00e9es sur les syst\u00e8mes de d\u00e9fense contre les inondations c\u00f4ti\u00e8res. Mohamed Rozki, Universit\u00e9 de Pau et des Pays de l\u2019Adour. <\/p>\n\t\t\t\t\t\t\t\t<\/div>\n\t\t\t\t<\/div>\n\t\t\t\t\t<\/div>\n\t\t<\/div>\n\t\t\t\t\t<\/div>\n\t\t<\/section>\n\t\t\t\t<section class=\"elementor-section elementor-top-section elementor-element elementor-element-fa64a3d elementor-section-boxed elementor-section-height-default elementor-section-height-default\" data-id=\"fa64a3d\" data-element_type=\"section\">\n\t\t\t\t\t\t<div class=\"elementor-container elementor-column-gap-default\">\n\t\t\t\t\t<div class=\"elementor-column elementor-col-50 elementor-top-column elementor-element elementor-element-1d6819a hora-programa\" data-id=\"1d6819a\" data-element_type=\"column\">\n\t\t\t<div class=\"elementor-widget-wrap elementor-element-populated\">\n\t\t\t\t\t\t<div class=\"elementor-element elementor-element-d623e26 ocultar-hora elementor-widget elementor-widget-text-editor\" data-id=\"d623e26\" data-element_type=\"widget\" data-widget_type=\"text-editor.default\">\n\t\t\t\t<div class=\"elementor-widget-container\">\n\t\t\t\t\t\t\t\t\t<p>10:40<\/p>\n\t\t\t\t\t\t\t\t<\/div>\n\t\t\t\t<\/div>\n\t\t\t\t\t<\/div>\n\t\t<\/div>\n\t\t\t\t<div class=\"elementor-column elementor-col-50 elementor-top-column elementor-element elementor-element-f7090c7\" data-id=\"f7090c7\" data-element_type=\"column\">\n\t\t\t<div class=\"elementor-widget-wrap elementor-element-populated\">\n\t\t\t\t\t\t<div class=\"elementor-element elementor-element-2e69ca1 elementor-widget elementor-widget-text-editor\" data-id=\"2e69ca1\" data-element_type=\"widget\" data-widget_type=\"text-editor.default\">\n\t\t\t\t<div class=\"elementor-widget-container\">\n\t\t\t\t\t\t\t\t\t<p class=\"p1\">Caract\u00e9risation des ph\u00e9nom\u00e8nes de vagues extr\u00eames dans un contexte de changement climatique: applications \u00e0 la mod\u00e9lisation des inondations c\u00f4ti\u00e8res. David Lucio, IH Cantabria. <\/p>\n\t\t\t\t\t\t\t\t<\/div>\n\t\t\t\t<\/div>\n\t\t\t\t\t<\/div>\n\t\t<\/div>\n\t\t\t\t\t<\/div>\n\t\t<\/section>\n\t\t\t\t<section class=\"elementor-section elementor-top-section elementor-element elementor-element-f1a8dc6 elementor-section-boxed elementor-section-height-default elementor-section-height-default\" data-id=\"f1a8dc6\" data-element_type=\"section\">\n\t\t\t\t\t\t<div class=\"elementor-container elementor-column-gap-default\">\n\t\t\t\t\t<div class=\"elementor-column elementor-col-50 elementor-top-column elementor-element elementor-element-20e6b07 hora-programa\" data-id=\"20e6b07\" data-element_type=\"column\">\n\t\t\t<div class=\"elementor-widget-wrap elementor-element-populated\">\n\t\t\t\t\t\t<div class=\"elementor-element elementor-element-0e57abb elementor-widget elementor-widget-text-editor\" data-id=\"0e57abb\" data-element_type=\"widget\" data-widget_type=\"text-editor.default\">\n\t\t\t\t<div class=\"elementor-widget-container\">\n\t\t\t\t\t\t\t\t\t<p>10:50<\/p>\t\t\t\t\t\t\t\t<\/div>\n\t\t\t\t<\/div>\n\t\t\t\t\t<\/div>\n\t\t<\/div>\n\t\t\t\t<div class=\"elementor-column elementor-col-50 elementor-top-column elementor-element elementor-element-d21c24a\" data-id=\"d21c24a\" data-element_type=\"column\">\n\t\t\t<div class=\"elementor-widget-wrap elementor-element-populated\">\n\t\t\t\t\t\t<div class=\"elementor-element elementor-element-93c99aa elementor-position-inline-start elementor-view-default elementor-mobile-position-block-start elementor-widget elementor-widget-icon-box\" data-id=\"93c99aa\" data-element_type=\"widget\" data-widget_type=\"icon-box.default\">\n\t\t\t\t<div class=\"elementor-widget-container\">\n\t\t\t\t\t\t\t<div class=\"elementor-icon-box-wrapper\">\n\n\t\t\t\t\t\t<div class=\"elementor-icon-box-icon\">\n\t\t\t\t<span  class=\"elementor-icon\">\n\t\t\t\t<i aria-hidden=\"true\" class=\"fas fa-comment\"><\/i>\t\t\t\t<\/span>\n\t\t\t<\/div>\n\t\t\t\n\t\t\t\t\t\t<div class=\"elementor-icon-box-content\">\n\n\t\t\t\t\t\t\t\t\t<h3 class=\"elementor-icon-box-title\">\n\t\t\t\t\t\t<span  >\n\t\t\t\t\t\t\tColloque. Mod\u00e9r\u00e9 par Nestor Urrutxua (\u00c9cole des ingenieurs des ponts et des chauss\u00e9es  du Pays Basque\t\t\t\t\t\t<\/span>\n\t\t\t\t\t<\/h3>\n\t\t\t\t\n\t\t\t\t\n\t\t\t<\/div>\n\t\t\t\n\t\t<\/div>\n\t\t\t\t\t\t<\/div>\n\t\t\t\t<\/div>\n\t\t\t\t\t<\/div>\n\t\t<\/div>\n\t\t\t\t\t<\/div>\n\t\t<\/section>\n\t\t\t\t<section class=\"elementor-section elementor-top-section elementor-element elementor-element-7f43ab0 elementor-section-boxed elementor-section-height-default elementor-section-height-default\" data-id=\"7f43ab0\" data-element_type=\"section\">\n\t\t\t\t\t\t<div class=\"elementor-container elementor-column-gap-default\">\n\t\t\t\t\t<div class=\"elementor-column elementor-col-50 elementor-top-column elementor-element elementor-element-77c856b hora-programa\" data-id=\"77c856b\" data-element_type=\"column\">\n\t\t\t<div class=\"elementor-widget-wrap elementor-element-populated\">\n\t\t\t\t\t\t<div class=\"elementor-element elementor-element-06b0cc1 elementor-widget elementor-widget-text-editor\" data-id=\"06b0cc1\" data-element_type=\"widget\" data-widget_type=\"text-editor.default\">\n\t\t\t\t<div class=\"elementor-widget-container\">\n\t\t\t\t\t\t\t\t\t<p>11:10<\/p>\n\t\t\t\t\t\t\t\t<\/div>\n\t\t\t\t<\/div>\n\t\t\t\t\t<\/div>\n\t\t<\/div>\n\t\t\t\t<div class=\"elementor-column elementor-col-50 elementor-top-column elementor-element elementor-element-3b10989\" data-id=\"3b10989\" data-element_type=\"column\">\n\t\t\t<div class=\"elementor-widget-wrap elementor-element-populated\">\n\t\t\t\t\t\t<div class=\"elementor-element elementor-element-ef0dc3a elementor-position-inline-start elementor-view-default elementor-mobile-position-block-start elementor-widget elementor-widget-icon-box\" data-id=\"ef0dc3a\" data-element_type=\"widget\" data-widget_type=\"icon-box.default\">\n\t\t\t\t<div class=\"elementor-widget-container\">\n\t\t\t\t\t\t\t<div class=\"elementor-icon-box-wrapper\">\n\n\t\t\t\t\t\t<div class=\"elementor-icon-box-icon\">\n\t\t\t\t<span  class=\"elementor-icon\">\n\t\t\t\t<i aria-hidden=\"true\" class=\"fas fa-coffee\"><\/i>\t\t\t\t<\/span>\n\t\t\t<\/div>\n\t\t\t\n\t\t\t\t\t\t<div class=\"elementor-icon-box-content\">\n\n\t\t\t\t\t\t\t\t\t<h3 class=\"elementor-icon-box-title\">\n\t\t\t\t\t\t<span  >\n\t\t\t\t\t\t\tNetworking caf\u00e9 - S\u00e9ances pr\u00e9sentation posters et visite de la zone d'exposition\t\t\t\t\t\t<\/span>\n\t\t\t\t\t<\/h3>\n\t\t\t\t\n\t\t\t\t\n\t\t\t<\/div>\n\t\t\t\n\t\t<\/div>\n\t\t\t\t\t\t<\/div>\n\t\t\t\t<\/div>\n\t\t\t\t\t<\/div>\n\t\t<\/div>\n\t\t\t\t\t<\/div>\n\t\t<\/section>\n\t\t\t\t<section class=\"elementor-section elementor-top-section elementor-element elementor-element-782bb6b2 elementor-section-boxed elementor-section-height-default elementor-section-height-default\" data-id=\"782bb6b2\" data-element_type=\"section\">\n\t\t\t\t\t\t<div class=\"elementor-container elementor-column-gap-default\">\n\t\t\t\t\t<div class=\"elementor-column elementor-col-100 elementor-top-column elementor-element elementor-element-6add17ea\" data-id=\"6add17ea\" data-element_type=\"column\">\n\t\t\t<div class=\"elementor-widget-wrap elementor-element-populated\">\n\t\t\t\t\t\t<div class=\"elementor-element elementor-element-7ef676f2 elementor-widget elementor-widget-text-editor\" data-id=\"7ef676f2\" data-element_type=\"widget\" data-widget_type=\"text-editor.default\">\n\t\t\t\t<div class=\"elementor-widget-container\">\n\t\t\t\t\t\t\t\t\t<h4>BLOC 3 : <b>ATT\u00c9NUATION DU CHANGEMENT CLIMATIQUE C\u00d4TIER ET OC\u00c9ANIQUE<\/b><\/h4>\n\t\t\t\t\t\t\t\t<\/div>\n\t\t\t\t<\/div>\n\t\t\t\t\t<\/div>\n\t\t<\/div>\n\t\t\t\t\t<\/div>\n\t\t<\/section>\n\t\t\t\t<section class=\"elementor-section elementor-top-section elementor-element elementor-element-55a691b elementor-section-boxed elementor-section-height-default elementor-section-height-default\" data-id=\"55a691b\" data-element_type=\"section\">\n\t\t\t\t\t\t<div class=\"elementor-container elementor-column-gap-default\">\n\t\t\t\t\t<div class=\"elementor-column elementor-col-50 elementor-top-column elementor-element elementor-element-ffc44cd hora-programa\" data-id=\"ffc44cd\" data-element_type=\"column\">\n\t\t\t<div class=\"elementor-widget-wrap elementor-element-populated\">\n\t\t\t\t\t\t<div class=\"elementor-element elementor-element-fbc960a ocultar-hora elementor-widget elementor-widget-text-editor\" data-id=\"fbc960a\" data-element_type=\"widget\" data-widget_type=\"text-editor.default\">\n\t\t\t\t<div class=\"elementor-widget-container\">\n\t\t\t\t\t\t\t\t\t<h5>11:50<\/h5>\t\t\t\t\t\t\t\t<\/div>\n\t\t\t\t<\/div>\n\t\t\t\t\t<\/div>\n\t\t<\/div>\n\t\t\t\t<div class=\"elementor-column elementor-col-50 elementor-top-column elementor-element elementor-element-0127d60\" data-id=\"0127d60\" data-element_type=\"column\">\n\t\t\t<div class=\"elementor-widget-wrap elementor-element-populated\">\n\t\t\t\t\t\t<div class=\"elementor-element elementor-element-f134161 elementor-widget elementor-widget-text-editor\" data-id=\"f134161\" data-element_type=\"widget\" data-widget_type=\"text-editor.default\">\n\t\t\t\t<div class=\"elementor-widget-container\">\n\t\t\t\t\t\t\t\t\t<h6>Conf\u00e9rence invit\u00e9e :<\/h6>\n\t\t\t\t\t\t\t\t<\/div>\n\t\t\t\t<\/div>\n\t\t\t\t<div class=\"elementor-element elementor-element-4bc6557 elementor-widget elementor-widget-text-editor\" data-id=\"4bc6557\" data-element_type=\"widget\" data-widget_type=\"text-editor.default\">\n\t\t\t\t<div class=\"elementor-widget-container\">\n\t\t\t\t\t\t\t\t\t<p class=\"p1\"><b>LIFE BLUE NATURA. CARBONE BLEU EN ANDALOUSIE. OUTILS POUR L&rsquo;ATT\u00c9NUATION DU CHANGEMENT CLIMATIQUE  <\/b><\/p>\n\t\t\t\t\t\t\t\t<\/div>\n\t\t\t\t<\/div>\n\t\t\t\t<div class=\"elementor-element elementor-element-df4666c texto-programa elementor-widget elementor-widget-text-editor\" data-id=\"df4666c\" data-element_type=\"widget\" data-widget_type=\"text-editor.default\">\n\t\t\t\t<div class=\"elementor-widget-container\">\n\t\t\t\t\t\t\t\t\t<p class=\"p1\">Le projet Life Blue Natura s&rsquo;est achev\u00e9 en d\u00e9cembre 2021. Le projet LIFE Blue Natura a \u00e9t\u00e9 con\u00e7u dans le but principal de rechercher des financements pour la conservation du service de capture et de stockage du CO2 fourni par les \u00e9cosyst\u00e8mes marins et c\u00f4tiers tels que les prairies de Posidonia oceanica et les marais intertidaux, par le biais de politiques li\u00e9es \u00e0 la lutte contre le changement climatique, en particulier celles li\u00e9es aux march\u00e9s du carbone. <\/p>\n<p class=\"p1\">L&rsquo;un des principaux objectifs du projet a \u00e9t\u00e9 de comprendre et de quantifier le service de capture et de puits de carbone des \u00e9cosyst\u00e8mes c\u00f4tiers d&rsquo;Andalousie, y compris les prairies marines (environ 11 803 ha) et les marais intertidaux, en particulier ceux de la baie de Cadix (environ 13 400 ha) et les marais de l&rsquo;Odiel (environ 3 800 ha). Tous les r\u00e9sultats des calculs des stocks et des flux de CO2 vers ces \u00e9cosyst\u00e8mes peuvent \u00eatre consult\u00e9s sur le site web du projet. <\/p>\n<p class=\"p1\">Parmi ses produits finaux les plus remarquables figurent la norme andalouse pour la v\u00e9rification des cr\u00e9dits de carbone g\u00e9n\u00e9r\u00e9s par les projets de compensation des \u00e9missions bas\u00e9s sur la conservation des posidonies et des marais salants, ainsi que le catalogue des projets de compensation (un projet ax\u00e9 sur les posidonies dans le parc national de Cabo de Gata-Nijar et un autre dans les marais salants de la baie de Cadix). La disponibilit\u00e9 de ces r\u00e9sultats fait de la communaut\u00e9 autonome d&rsquo;Andalousie la premi\u00e8re administration environnementale \u00e0 d\u00e9velopper les instruments n\u00e9cessaires pour que les entreprises int\u00e9ress\u00e9es par la compensation de leurs \u00e9missions puissent le faire par le biais d&rsquo;actions visant \u00e0 la conservation\/restauration des \u00e9cosyst\u00e8mes c\u00f4tiers\/marins (carbone bleu). <\/p>\n\t\t\t\t\t\t\t\t<\/div>\n\t\t\t\t<\/div>\n\t\t\t\t<section class=\"elementor-section elementor-inner-section elementor-element elementor-element-b7c2524 elementor-section-content-middle elementor-section-boxed elementor-section-height-default elementor-section-height-default\" data-id=\"b7c2524\" data-element_type=\"section\">\n\t\t\t\t\t\t<div class=\"elementor-container elementor-column-gap-default\">\n\t\t\t\t\t<div class=\"elementor-column elementor-col-50 elementor-inner-column elementor-element elementor-element-d8fb216\" data-id=\"d8fb216\" data-element_type=\"column\">\n\t\t\t<div class=\"elementor-widget-wrap elementor-element-populated\">\n\t\t\t\t\t\t<div class=\"elementor-element elementor-element-a432899 foto-programa elementor-widget-tablet__width-initial elementor-widget-mobile__width-initial elementor-widget elementor-widget-image\" data-id=\"a432899\" data-element_type=\"widget\" data-widget_type=\"image.default\">\n\t\t\t\t<div class=\"elementor-widget-container\">\n\t\t\t\t\t\t\t\t\t\t\t\t\t\t\t<img loading=\"lazy\" decoding=\"async\" width=\"1598\" height=\"1583\" src=\"https:\/\/www.uhinak.com\/wp-content\/uploads\/2022\/07\/07-Soledad-Vivas.jpg\" class=\"attachment-full size-full wp-image-6516\" alt=\"\" srcset=\"https:\/\/www.uhinak.com\/wp-content\/uploads\/2022\/07\/07-Soledad-Vivas.jpg 1598w, https:\/\/www.uhinak.com\/wp-content\/uploads\/2022\/07\/07-Soledad-Vivas-300x297.jpg 300w, https:\/\/www.uhinak.com\/wp-content\/uploads\/2022\/07\/07-Soledad-Vivas-1024x1014.jpg 1024w, https:\/\/www.uhinak.com\/wp-content\/uploads\/2022\/07\/07-Soledad-Vivas-150x150.jpg 150w, https:\/\/www.uhinak.com\/wp-content\/uploads\/2022\/07\/07-Soledad-Vivas-768x761.jpg 768w, https:\/\/www.uhinak.com\/wp-content\/uploads\/2022\/07\/07-Soledad-Vivas-1536x1522.jpg 1536w, https:\/\/www.uhinak.com\/wp-content\/uploads\/2022\/07\/07-Soledad-Vivas-600x594.jpg 600w, https:\/\/www.uhinak.com\/wp-content\/uploads\/2022\/07\/07-Soledad-Vivas-100x100.jpg 100w\" sizes=\"(max-width: 1598px) 100vw, 1598px\" \/>\t\t\t\t\t\t\t\t\t\t\t\t\t\t\t<\/div>\n\t\t\t\t<\/div>\n\t\t\t\t\t<\/div>\n\t\t<\/div>\n\t\t\t\t<div class=\"elementor-column elementor-col-50 elementor-inner-column elementor-element elementor-element-91f285d\" data-id=\"91f285d\" data-element_type=\"column\">\n\t\t\t<div class=\"elementor-widget-wrap elementor-element-populated\">\n\t\t\t\t\t\t<div class=\"elementor-element elementor-element-1373fa4 elementor-widget elementor-widget-author-box\" data-id=\"1373fa4\" data-element_type=\"widget\" data-widget_type=\"author-box.default\">\n\t\t\t\t<div class=\"elementor-widget-container\">\n\t\t\t\t\t\t\t<div class=\"elementor-author-box\">\n\t\t\t\n\t\t\t<div class=\"elementor-author-box__text\">\n\t\t\t\t\t\t\t\t\t<a href=\"https:\/\/www.uhinak.com\/fr\/conferenciers\/#soledad-vivas-navarro\">\n\t\t\t\t\t\t<h5 class=\"elementor-author-box__name\">\n\t\t\t\t\t\t\tSoledad Vivas Navarro\t\t\t\t\t\t<\/h5>\n\t\t\t\t\t<\/a>\n\t\t\t\t\n\t\t\t\t\t\t\t\t\t<div class=\"elementor-author-box__bio\">\n\t\t\t\t\t\t<p>Coordinatrice technique de l'environnement marin. Agence de l'environnement et de l'eau  Gouvernement r\u00e9gional d'Andalousie<\/p>\n\t\t\t\t\t<\/div>\n\t\t\t\t\n\t\t\t\t\t\t\t<\/div>\n\t\t<\/div>\n\t\t\t\t\t\t<\/div>\n\t\t\t\t<\/div>\n\t\t\t\t\t<\/div>\n\t\t<\/div>\n\t\t\t\t\t<\/div>\n\t\t<\/section>\n\t\t\t\t\t<\/div>\n\t\t<\/div>\n\t\t\t\t\t<\/div>\n\t\t<\/section>\n\t\t\t\t<section class=\"elementor-section elementor-top-section elementor-element elementor-element-5463d76 elementor-section-boxed elementor-section-height-default elementor-section-height-default\" data-id=\"5463d76\" data-element_type=\"section\">\n\t\t\t\t\t\t<div class=\"elementor-container elementor-column-gap-default\">\n\t\t\t\t\t<div class=\"elementor-column elementor-col-100 elementor-top-column elementor-element elementor-element-b814883\" data-id=\"b814883\" data-element_type=\"column\">\n\t\t\t<div class=\"elementor-widget-wrap elementor-element-populated\">\n\t\t\t\t\t\t<div class=\"elementor-element elementor-element-485ef94 elementor-widget elementor-widget-text-editor\" data-id=\"485ef94\" data-element_type=\"widget\" data-widget_type=\"text-editor.default\">\n\t\t\t\t<div class=\"elementor-widget-container\">\n\t\t\t\t\t\t\t\t\t<h5 class=\"p1\">Communications orales<\/h5>\n\t\t\t\t\t\t\t\t<\/div>\n\t\t\t\t<\/div>\n\t\t\t\t\t<\/div>\n\t\t<\/div>\n\t\t\t\t\t<\/div>\n\t\t<\/section>\n\t\t\t\t<section class=\"elementor-section elementor-top-section elementor-element elementor-element-b92fd81 elementor-section-boxed elementor-section-height-default elementor-section-height-default\" data-id=\"b92fd81\" data-element_type=\"section\">\n\t\t\t\t\t\t<div class=\"elementor-container elementor-column-gap-default\">\n\t\t\t\t\t<div class=\"elementor-column elementor-col-50 elementor-top-column elementor-element elementor-element-f16e956 hora-programa\" data-id=\"f16e956\" data-element_type=\"column\">\n\t\t\t<div class=\"elementor-widget-wrap elementor-element-populated\">\n\t\t\t\t\t\t<div class=\"elementor-element elementor-element-3c33f4e ocultar-hora elementor-widget elementor-widget-text-editor\" data-id=\"3c33f4e\" data-element_type=\"widget\" data-widget_type=\"text-editor.default\">\n\t\t\t\t<div class=\"elementor-widget-container\">\n\t\t\t\t\t\t\t\t\t<p>12:15<\/p>\t\t\t\t\t\t\t\t<\/div>\n\t\t\t\t<\/div>\n\t\t\t\t\t<\/div>\n\t\t<\/div>\n\t\t\t\t<div class=\"elementor-column elementor-col-50 elementor-top-column elementor-element elementor-element-04a2539\" data-id=\"04a2539\" data-element_type=\"column\">\n\t\t\t<div class=\"elementor-widget-wrap elementor-element-populated\">\n\t\t\t\t\t\t<div class=\"elementor-element elementor-element-5ff5b4c elementor-widget elementor-widget-text-editor\" data-id=\"5ff5b4c\" data-element_type=\"widget\" data-widget_type=\"text-editor.default\">\n\t\t\t\t<div class=\"elementor-widget-container\">\n\t\t\t\t\t\t\t\t\t<p>Sc\u00e9narios futurs des ressources marines et des conditions de l&rsquo;\u00e9cosyst\u00e8me dans le golfe de Gascogne sous l&rsquo;effet du changement climatique et de plusieurs interventions de gestion. Xabier Corrales, AZTI. <\/p>\n\t\t\t\t\t\t\t\t<\/div>\n\t\t\t\t<\/div>\n\t\t\t\t\t<\/div>\n\t\t<\/div>\n\t\t\t\t\t<\/div>\n\t\t<\/section>\n\t\t\t\t<section class=\"elementor-section elementor-top-section elementor-element elementor-element-3bb89f0 elementor-section-boxed elementor-section-height-default elementor-section-height-default\" data-id=\"3bb89f0\" data-element_type=\"section\">\n\t\t\t\t\t\t<div class=\"elementor-container elementor-column-gap-default\">\n\t\t\t\t\t<div class=\"elementor-column elementor-col-50 elementor-top-column elementor-element elementor-element-1e3c8f8 hora-programa\" data-id=\"1e3c8f8\" data-element_type=\"column\">\n\t\t\t<div class=\"elementor-widget-wrap elementor-element-populated\">\n\t\t\t\t\t\t<div class=\"elementor-element elementor-element-92498b6 ocultar-hora elementor-widget elementor-widget-text-editor\" data-id=\"92498b6\" data-element_type=\"widget\" data-widget_type=\"text-editor.default\">\n\t\t\t\t<div class=\"elementor-widget-container\">\n\t\t\t\t\t\t\t\t\t<p>12:25<\/p>\t\t\t\t\t\t\t\t<\/div>\n\t\t\t\t<\/div>\n\t\t\t\t\t<\/div>\n\t\t<\/div>\n\t\t\t\t<div class=\"elementor-column elementor-col-50 elementor-top-column elementor-element elementor-element-94d4263\" data-id=\"94d4263\" data-element_type=\"column\">\n\t\t\t<div class=\"elementor-widget-wrap elementor-element-populated\">\n\t\t\t\t\t\t<div class=\"elementor-element elementor-element-2c7f8a5 elementor-widget elementor-widget-text-editor\" data-id=\"2c7f8a5\" data-element_type=\"widget\" data-widget_type=\"text-editor.default\">\n\t\t\t\t<div class=\"elementor-widget-container\">\n\t\t\t\t\t\t\t\t\t<p>L&rsquo;efficacit\u00e9 de l&rsquo;aquaculture \u00e0 faible niveau trophique en tant que solution bas\u00e9e sur la nature: des pratiques d&rsquo;aquaculture durables pour la conservation du milieu marin. Leire Arantzamendi, AZTI. <\/p>\n\t\t\t\t\t\t\t\t<\/div>\n\t\t\t\t<\/div>\n\t\t\t\t\t<\/div>\n\t\t<\/div>\n\t\t\t\t\t<\/div>\n\t\t<\/section>\n\t\t\t\t<section class=\"elementor-section elementor-top-section elementor-element elementor-element-32f24e0 elementor-section-boxed elementor-section-height-default elementor-section-height-default\" data-id=\"32f24e0\" data-element_type=\"section\">\n\t\t\t\t\t\t<div class=\"elementor-container elementor-column-gap-default\">\n\t\t\t\t\t<div class=\"elementor-column elementor-col-50 elementor-top-column elementor-element elementor-element-a40ef51 hora-programa\" data-id=\"a40ef51\" data-element_type=\"column\">\n\t\t\t<div class=\"elementor-widget-wrap elementor-element-populated\">\n\t\t\t\t\t\t<div class=\"elementor-element elementor-element-11b44f0 ocultar-hora elementor-widget elementor-widget-text-editor\" data-id=\"11b44f0\" data-element_type=\"widget\" data-widget_type=\"text-editor.default\">\n\t\t\t\t<div class=\"elementor-widget-container\">\n\t\t\t\t\t\t\t\t\t<p>12:35<\/p>\t\t\t\t\t\t\t\t<\/div>\n\t\t\t\t<\/div>\n\t\t\t\t\t<\/div>\n\t\t<\/div>\n\t\t\t\t<div class=\"elementor-column elementor-col-50 elementor-top-column elementor-element elementor-element-585545d\" data-id=\"585545d\" data-element_type=\"column\">\n\t\t\t<div class=\"elementor-widget-wrap elementor-element-populated\">\n\t\t\t\t\t\t<div class=\"elementor-element elementor-element-5c22102 elementor-widget elementor-widget-text-editor\" data-id=\"5c22102\" data-element_type=\"widget\" data-widget_type=\"text-editor.default\">\n\t\t\t\t<div class=\"elementor-widget-container\">\n\t\t\t\t\t\t\t\t\t<p>Les cartes d&rsquo;\u00e9missions de gaz \u00e0 effet de serre du transport maritime dans les ports comme outil d&rsquo;aide \u00e0 la d\u00e9cision. Victoria Ferreiroa, MC Valnera S.L. <\/p>\t\t\t\t\t\t\t\t<\/div>\n\t\t\t\t<\/div>\n\t\t\t\t\t<\/div>\n\t\t<\/div>\n\t\t\t\t\t<\/div>\n\t\t<\/section>\n\t\t\t\t<section class=\"elementor-section elementor-top-section elementor-element elementor-element-d848c2e elementor-section-boxed elementor-section-height-default elementor-section-height-default\" data-id=\"d848c2e\" data-element_type=\"section\">\n\t\t\t\t\t\t<div class=\"elementor-container elementor-column-gap-default\">\n\t\t\t\t\t<div class=\"elementor-column elementor-col-50 elementor-top-column elementor-element elementor-element-a158891 hora-programa\" data-id=\"a158891\" data-element_type=\"column\">\n\t\t\t<div class=\"elementor-widget-wrap elementor-element-populated\">\n\t\t\t\t\t\t<div class=\"elementor-element elementor-element-9248ebd ocultar-hora elementor-widget elementor-widget-text-editor\" data-id=\"9248ebd\" data-element_type=\"widget\" data-widget_type=\"text-editor.default\">\n\t\t\t\t<div class=\"elementor-widget-container\">\n\t\t\t\t\t\t\t\t\t<p>12:45<\/p>\t\t\t\t\t\t\t\t<\/div>\n\t\t\t\t<\/div>\n\t\t\t\t\t<\/div>\n\t\t<\/div>\n\t\t\t\t<div class=\"elementor-column elementor-col-50 elementor-top-column elementor-element elementor-element-7b80069\" data-id=\"7b80069\" data-element_type=\"column\">\n\t\t\t<div class=\"elementor-widget-wrap elementor-element-populated\">\n\t\t\t\t\t\t<div class=\"elementor-element elementor-element-4433975 elementor-widget elementor-widget-text-editor\" data-id=\"4433975\" data-element_type=\"widget\" data-widget_type=\"text-editor.default\">\n\t\t\t\t<div class=\"elementor-widget-container\">\n\t\t\t\t\t\t\t\t\t<p>\u00c9valuation de l&rsquo;influence des herbiers marins et des pr\u00e9s sal\u00e9s sur le stock de carbone bleu dans les s\u00e9diments. Remy Moreau, Surfrider. <\/p>\t\t\t\t\t\t\t\t<\/div>\n\t\t\t\t<\/div>\n\t\t\t\t\t<\/div>\n\t\t<\/div>\n\t\t\t\t\t<\/div>\n\t\t<\/section>\n\t\t\t\t<section class=\"elementor-section elementor-top-section elementor-element elementor-element-2d1653d elementor-section-boxed elementor-section-height-default elementor-section-height-default\" data-id=\"2d1653d\" data-element_type=\"section\">\n\t\t\t\t\t\t<div class=\"elementor-container elementor-column-gap-default\">\n\t\t\t\t\t<div class=\"elementor-column elementor-col-50 elementor-top-column elementor-element elementor-element-0230235 hora-programa\" data-id=\"0230235\" data-element_type=\"column\">\n\t\t\t<div class=\"elementor-widget-wrap elementor-element-populated\">\n\t\t\t\t\t\t<div class=\"elementor-element elementor-element-3c0ae42 ocultar-hora elementor-widget elementor-widget-text-editor\" data-id=\"3c0ae42\" data-element_type=\"widget\" data-widget_type=\"text-editor.default\">\n\t\t\t\t<div class=\"elementor-widget-container\">\n\t\t\t\t\t\t\t\t\t<p>12:55<\/p>\t\t\t\t\t\t\t\t<\/div>\n\t\t\t\t<\/div>\n\t\t\t\t\t<\/div>\n\t\t<\/div>\n\t\t\t\t<div class=\"elementor-column elementor-col-50 elementor-top-column elementor-element elementor-element-2379343\" data-id=\"2379343\" data-element_type=\"column\">\n\t\t\t<div class=\"elementor-widget-wrap elementor-element-populated\">\n\t\t\t\t\t\t<div class=\"elementor-element elementor-element-834d7d3 elementor-widget elementor-widget-text-editor\" data-id=\"834d7d3\" data-element_type=\"widget\" data-widget_type=\"text-editor.default\">\n\t\t\t\t<div class=\"elementor-widget-container\">\n\t\t\t\t\t\t\t\t\t<p>Projet CAPTA : Neutralit\u00e9 climatique : le r\u00f4le du carbone bleu sur la c\u00f4te du Portugal et de la Galice. Silvia Piedracoba, CETMAR. <\/p>\n\t\t\t\t\t\t\t\t<\/div>\n\t\t\t\t<\/div>\n\t\t\t\t\t<\/div>\n\t\t<\/div>\n\t\t\t\t\t<\/div>\n\t\t<\/section>\n\t\t\t\t<section class=\"elementor-section elementor-top-section elementor-element elementor-element-d4d219b elementor-section-boxed elementor-section-height-default elementor-section-height-default\" data-id=\"d4d219b\" data-element_type=\"section\">\n\t\t\t\t\t\t<div class=\"elementor-container elementor-column-gap-default\">\n\t\t\t\t\t<div class=\"elementor-column elementor-col-50 elementor-top-column elementor-element elementor-element-c728613 hora-programa\" data-id=\"c728613\" data-element_type=\"column\">\n\t\t\t<div class=\"elementor-widget-wrap elementor-element-populated\">\n\t\t\t\t\t\t<div class=\"elementor-element elementor-element-cfb41bb ocultar-hora elementor-widget elementor-widget-text-editor\" data-id=\"cfb41bb\" data-element_type=\"widget\" data-widget_type=\"text-editor.default\">\n\t\t\t\t<div class=\"elementor-widget-container\">\n\t\t\t\t\t\t\t\t\t<p>13:05<\/p>\t\t\t\t\t\t\t\t<\/div>\n\t\t\t\t<\/div>\n\t\t\t\t\t<\/div>\n\t\t<\/div>\n\t\t\t\t<div class=\"elementor-column elementor-col-50 elementor-top-column elementor-element elementor-element-a11ccb5\" data-id=\"a11ccb5\" data-element_type=\"column\">\n\t\t\t<div class=\"elementor-widget-wrap elementor-element-populated\">\n\t\t\t\t\t\t<div class=\"elementor-element elementor-element-4a51844 elementor-widget elementor-widget-text-editor\" data-id=\"4a51844\" data-element_type=\"widget\" data-widget_type=\"text-editor.default\">\n\t\t\t\t<div class=\"elementor-widget-container\">\n\t\t\t\t\t\t\t\t\t<p>\u00c9valuation de la s\u00e9questration du carbone bleu dans les estuaires basques : un outil pour l&rsquo;int\u00e9gration de l&rsquo;action climatique r\u00e9gionale sur la c\u00f4te. Ainhize Butron, Ihobe. <\/p>\n\t\t\t\t\t\t\t\t<\/div>\n\t\t\t\t<\/div>\n\t\t\t\t\t<\/div>\n\t\t<\/div>\n\t\t\t\t\t<\/div>\n\t\t<\/section>\n\t\t\t\t<section class=\"elementor-section elementor-top-section elementor-element elementor-element-3a78ade elementor-section-boxed elementor-section-height-default elementor-section-height-default\" data-id=\"3a78ade\" data-element_type=\"section\">\n\t\t\t\t\t\t<div class=\"elementor-container elementor-column-gap-default\">\n\t\t\t\t\t<div class=\"elementor-column elementor-col-50 elementor-top-column elementor-element elementor-element-4d326b5 hora-programa\" data-id=\"4d326b5\" data-element_type=\"column\">\n\t\t\t<div class=\"elementor-widget-wrap elementor-element-populated\">\n\t\t\t\t\t\t<div class=\"elementor-element elementor-element-a70387a ocultar-hora elementor-widget elementor-widget-text-editor\" data-id=\"a70387a\" data-element_type=\"widget\" data-widget_type=\"text-editor.default\">\n\t\t\t\t<div class=\"elementor-widget-container\">\n\t\t\t\t\t\t\t\t\t<p>13:15<\/p>\t\t\t\t\t\t\t\t<\/div>\n\t\t\t\t<\/div>\n\t\t\t\t\t<\/div>\n\t\t<\/div>\n\t\t\t\t<div class=\"elementor-column elementor-col-50 elementor-top-column elementor-element elementor-element-18e429e\" data-id=\"18e429e\" data-element_type=\"column\">\n\t\t\t<div class=\"elementor-widget-wrap elementor-element-populated\">\n\t\t\t\t\t\t<div class=\"elementor-element elementor-element-a085d23 elementor-widget elementor-widget-text-editor\" data-id=\"a085d23\" data-element_type=\"widget\" data-widget_type=\"text-editor.default\">\n\t\t\t\t<div class=\"elementor-widget-container\">\n\t\t\t\t\t\t\t\t\t<p>\u00c9valuation du climat futur des vagues dans le delta de l&rsquo;\u00c8bre \u00e0 l&rsquo;aide de la mod\u00e9lisation imbriqu\u00e9e SWAN et des projections de vent CMIP6. Marc Mestres, Universitat Polit\u00e8cnica de Catalunya.<\/p>\t\t\t\t\t\t\t\t<\/div>\n\t\t\t\t<\/div>\n\t\t\t\t\t<\/div>\n\t\t<\/div>\n\t\t\t\t\t<\/div>\n\t\t<\/section>\n\t\t\t\t<section class=\"elementor-section elementor-top-section elementor-element elementor-element-d25e9d5 elementor-section-boxed elementor-section-height-default elementor-section-height-default\" data-id=\"d25e9d5\" data-element_type=\"section\">\n\t\t\t\t\t\t<div class=\"elementor-container elementor-column-gap-default\">\n\t\t\t\t\t<div class=\"elementor-column elementor-col-50 elementor-top-column elementor-element elementor-element-0c45880 hora-programa\" data-id=\"0c45880\" data-element_type=\"column\">\n\t\t\t<div class=\"elementor-widget-wrap elementor-element-populated\">\n\t\t\t\t\t\t<div class=\"elementor-element elementor-element-38623dc elementor-widget elementor-widget-text-editor\" data-id=\"38623dc\" data-element_type=\"widget\" data-widget_type=\"text-editor.default\">\n\t\t\t\t<div class=\"elementor-widget-container\">\n\t\t\t\t\t\t\t\t\t<p>13:25<\/p>\t\t\t\t\t\t\t\t<\/div>\n\t\t\t\t<\/div>\n\t\t\t\t\t<\/div>\n\t\t<\/div>\n\t\t\t\t<div class=\"elementor-column elementor-col-50 elementor-top-column elementor-element elementor-element-2bb7763\" data-id=\"2bb7763\" data-element_type=\"column\">\n\t\t\t<div class=\"elementor-widget-wrap elementor-element-populated\">\n\t\t\t\t\t\t<div class=\"elementor-element elementor-element-30bd764 elementor-position-inline-start elementor-view-default elementor-mobile-position-block-start elementor-widget elementor-widget-icon-box\" data-id=\"30bd764\" data-element_type=\"widget\" data-widget_type=\"icon-box.default\">\n\t\t\t\t<div class=\"elementor-widget-container\">\n\t\t\t\t\t\t\t<div class=\"elementor-icon-box-wrapper\">\n\n\t\t\t\t\t\t<div class=\"elementor-icon-box-icon\">\n\t\t\t\t<span  class=\"elementor-icon\">\n\t\t\t\t<i aria-hidden=\"true\" class=\"fas fa-comment\"><\/i>\t\t\t\t<\/span>\n\t\t\t<\/div>\n\t\t\t\n\t\t\t\t\t\t<div class=\"elementor-icon-box-content\">\n\n\t\t\t\t\t\t\t\t\t<h3 class=\"elementor-icon-box-title\">\n\t\t\t\t\t\t<span  >\n\t\t\t\t\t\t\tColloque. Mod\u00e9r\u00e9 par Dorleta Orue-Echevarria (Naturklima) et Carlos Castillo (Ihobe)\t\t\t\t\t\t<\/span>\n\t\t\t\t\t<\/h3>\n\t\t\t\t\n\t\t\t\t\n\t\t\t<\/div>\n\t\t\t\n\t\t<\/div>\n\t\t\t\t\t\t<\/div>\n\t\t\t\t<\/div>\n\t\t\t\t\t<\/div>\n\t\t<\/div>\n\t\t\t\t\t<\/div>\n\t\t<\/section>\n\t\t\t\t<section class=\"elementor-section elementor-top-section elementor-element elementor-element-b795dbe elementor-section-boxed elementor-section-height-default elementor-section-height-default\" data-id=\"b795dbe\" data-element_type=\"section\" data-settings=\"{&quot;background_background&quot;:&quot;classic&quot;}\">\n\t\t\t\t\t\t<div class=\"elementor-container elementor-column-gap-default\">\n\t\t\t\t\t<div class=\"elementor-column elementor-col-50 elementor-top-column elementor-element elementor-element-fab79a9 hora-programa\" data-id=\"fab79a9\" data-element_type=\"column\">\n\t\t\t<div class=\"elementor-widget-wrap elementor-element-populated\">\n\t\t\t\t\t\t<div class=\"elementor-element elementor-element-b2d0f1f elementor-widget elementor-widget-text-editor\" data-id=\"b2d0f1f\" data-element_type=\"widget\" data-widget_type=\"text-editor.default\">\n\t\t\t\t<div class=\"elementor-widget-container\">\n\t\t\t\t\t\t\t\t\t<p>13:50<\/p>\t\t\t\t\t\t\t\t<\/div>\n\t\t\t\t<\/div>\n\t\t\t\t\t<\/div>\n\t\t<\/div>\n\t\t\t\t<div class=\"elementor-column elementor-col-50 elementor-top-column elementor-element elementor-element-9665f9b\" data-id=\"9665f9b\" data-element_type=\"column\">\n\t\t\t<div class=\"elementor-widget-wrap elementor-element-populated\">\n\t\t\t\t\t\t<div class=\"elementor-element elementor-element-4f1b8ad elementor-position-inline-start elementor-mobile-position-inline-start elementor-view-default elementor-widget elementor-widget-icon-box\" data-id=\"4f1b8ad\" data-element_type=\"widget\" data-widget_type=\"icon-box.default\">\n\t\t\t\t<div class=\"elementor-widget-container\">\n\t\t\t\t\t\t\t<div class=\"elementor-icon-box-wrapper\">\n\n\t\t\t\t\t\t<div class=\"elementor-icon-box-icon\">\n\t\t\t\t<span  class=\"elementor-icon\">\n\t\t\t\t<svg xmlns=\"http:\/\/www.w3.org\/2000\/svg\" viewBox=\"0 0 448 512\"><path d=\"M416 0C400 0 288 32 288 176V288c0 35.3 28.7 64 64 64h32V480c0 17.7 14.3 32 32 32s32-14.3 32-32V352 240 32c0-17.7-14.3-32-32-32zM64 16C64 7.8 57.9 1 49.7 .1S34.2 4.6 32.4 12.5L2.1 148.8C.7 155.1 0 161.5 0 167.9c0 45.9 35.1 83.6 80 87.7V480c0 17.7 14.3 32 32 32s32-14.3 32-32V255.6c44.9-4.1 80-41.8 80-87.7c0-6.4-.7-12.8-2.1-19.1L191.6 12.5c-1.8-8-9.3-13.3-17.4-12.4S160 7.8 160 16V150.2c0 5.4-4.4 9.8-9.8 9.8c-5.1 0-9.3-3.9-9.8-9L127.9 14.6C127.2 6.3 120.3 0 112 0s-15.2 6.3-15.9 14.6L83.7 151c-.5 5.1-4.7 9-9.8 9c-5.4 0-9.8-4.4-9.8-9.8V16zm48.3 152l-.3 0-.3 0 .3-.7 .3 .7z\"><\/path><\/svg>\t\t\t\t<\/span>\n\t\t\t<\/div>\n\t\t\t\n\t\t\t\t\t\t<div class=\"elementor-icon-box-content\">\n\n\t\t\t\t\t\t\t\t\t<h3 class=\"elementor-icon-box-title\">\n\t\t\t\t\t\t<span  >\n\t\t\t\t\t\t\tD\u00e9jeuner networking \t\t\t\t\t\t<\/span>\n\t\t\t\t\t<\/h3>\n\t\t\t\t\n\t\t\t\t\n\t\t\t<\/div>\n\t\t\t\n\t\t<\/div>\n\t\t\t\t\t\t<\/div>\n\t\t\t\t<\/div>\n\t\t\t\t\t<\/div>\n\t\t<\/div>\n\t\t\t\t\t<\/div>\n\t\t<\/section>\n\t\t\t\t<section class=\"elementor-section elementor-top-section elementor-element elementor-element-0c5ee06 elementor-section-boxed elementor-section-height-default elementor-section-height-default\" data-id=\"0c5ee06\" data-element_type=\"section\">\n\t\t\t\t\t\t<div class=\"elementor-container elementor-column-gap-default\">\n\t\t\t\t\t<div class=\"elementor-column elementor-col-100 elementor-top-column elementor-element elementor-element-87b52ff\" data-id=\"87b52ff\" data-element_type=\"column\">\n\t\t\t<div class=\"elementor-widget-wrap elementor-element-populated\">\n\t\t\t\t\t\t<div class=\"elementor-element elementor-element-b5dc3a7 elementor-widget elementor-widget-text-editor\" data-id=\"b5dc3a7\" data-element_type=\"widget\" data-widget_type=\"text-editor.default\">\n\t\t\t\t<div class=\"elementor-widget-container\">\n\t\t\t\t\t\t\t\t\t<h4>BLOC 4: <b>GOUVERNANCE, OUTILS DE GESTION ET COMMUNICATION<\/b><\/h4>\n\t\t\t\t\t\t\t\t<\/div>\n\t\t\t\t<\/div>\n\t\t\t\t\t<\/div>\n\t\t<\/div>\n\t\t\t\t\t<\/div>\n\t\t<\/section>\n\t\t\t\t<section class=\"elementor-section elementor-top-section elementor-element elementor-element-33a0f6f elementor-section-boxed elementor-section-height-default elementor-section-height-default\" data-id=\"33a0f6f\" data-element_type=\"section\">\n\t\t\t\t\t\t<div class=\"elementor-container elementor-column-gap-default\">\n\t\t\t\t\t<div class=\"elementor-column elementor-col-50 elementor-top-column elementor-element elementor-element-2c818bc hora-programa\" data-id=\"2c818bc\" data-element_type=\"column\">\n\t\t\t<div class=\"elementor-widget-wrap elementor-element-populated\">\n\t\t\t\t\t\t<div class=\"elementor-element elementor-element-8a9d1b2 ocultar-hora elementor-widget elementor-widget-text-editor\" data-id=\"8a9d1b2\" data-element_type=\"widget\" data-widget_type=\"text-editor.default\">\n\t\t\t\t<div class=\"elementor-widget-container\">\n\t\t\t\t\t\t\t\t\t<h5>14:50<\/h5>\t\t\t\t\t\t\t\t<\/div>\n\t\t\t\t<\/div>\n\t\t\t\t\t<\/div>\n\t\t<\/div>\n\t\t\t\t<div class=\"elementor-column elementor-col-50 elementor-top-column elementor-element elementor-element-b394b42\" data-id=\"b394b42\" data-element_type=\"column\">\n\t\t\t<div class=\"elementor-widget-wrap elementor-element-populated\">\n\t\t\t\t\t\t<div class=\"elementor-element elementor-element-9383115 elementor-widget elementor-widget-text-editor\" data-id=\"9383115\" data-element_type=\"widget\" data-widget_type=\"text-editor.default\">\n\t\t\t\t<div class=\"elementor-widget-container\">\n\t\t\t\t\t\t\t\t\t<h6>Conf\u00e9rence invit\u00e9e :<\/h6>\n\t\t\t\t\t\t\t\t<\/div>\n\t\t\t\t<\/div>\n\t\t\t\t<div class=\"elementor-element elementor-element-3325562 elementor-widget elementor-widget-text-editor\" data-id=\"3325562\" data-element_type=\"widget\" data-widget_type=\"text-editor.default\">\n\t\t\t\t<div class=\"elementor-widget-container\">\n\t\t\t\t\t\t\t\t\t<p class=\"p1\"><b>Un guide pour l&rsquo;\u00e9valuation des risques et l&rsquo;adaptation au changement climatique dans les zones c\u00f4ti\u00e8res<\/b><\/p>\n\t\t\t\t\t\t\t\t<\/div>\n\t\t\t\t<\/div>\n\t\t\t\t<div class=\"elementor-element elementor-element-07dcb74 texto-programa elementor-widget elementor-widget-text-editor\" data-id=\"07dcb74\" data-element_type=\"widget\" data-widget_type=\"text-editor.default\">\n\t\t\t\t<div class=\"elementor-widget-container\">\n\t\t\t\t\t\t\t\t\t<p class=\"p1\">La pr\u00e9sentation se centrera sur la description du projet Knowledge for Development sur la gestion des risques li\u00e9s au changement climatique dans les zones c\u00f4ti\u00e8res d&rsquo;Am\u00e9rique latine et des Cara\u00efbes, financ\u00e9 par la coop\u00e9ration espagnole (AECID) et coordonn\u00e9 par l&rsquo;IHCantabria, en tant que mod\u00e8le de bonnes pratiques pour progresser dans le d\u00e9veloppement de la gouvernance et le d\u00e9veloppement d&rsquo;outils pour la gestion c\u00f4ti\u00e8re. <span class=\"Apple-converted-space\">  <\/span>Une partie importante sera consacr\u00e9e \u00e0 la pr\u00e9sentation de ses r\u00e9sultats et, en particulier, du Guide pour l&rsquo;analyse des risques et l&rsquo;adaptation au changement climatique sur la c\u00f4te, r\u00e9sultat de l&rsquo;int\u00e9gration et de la synth\u00e8se des connaissances acquises par l&rsquo;IHCantabria dans le d\u00e9veloppement de projets nationaux et internationaux sur l&rsquo;analyse des risques du changement climatique sur la c\u00f4te et les plans d&rsquo;adaptation, avec la participation de sp\u00e9cialistes de 17 pays d&rsquo;Am\u00e9rique latine et des Cara\u00efbes qui ont \u00e9galement contribu\u00e9 au Guide avec leur exp\u00e9rience. Un autre r\u00e9sultat important est la plateforme Ribera C3, la communaut\u00e9 num\u00e9rique du r\u00e9seau ib\u00e9ro-am\u00e9ricain pour le risque et l&rsquo;adaptation au changement climatique, con\u00e7ue pour servir de v\u00e9hicule de communication entre les agents et les sp\u00e9cialistes. <\/p>\n\t\t\t\t\t\t\t\t<\/div>\n\t\t\t\t<\/div>\n\t\t\t\t<section class=\"elementor-section elementor-inner-section elementor-element elementor-element-f3112b8 elementor-section-content-middle elementor-section-boxed elementor-section-height-default elementor-section-height-default\" data-id=\"f3112b8\" data-element_type=\"section\">\n\t\t\t\t\t\t<div class=\"elementor-container elementor-column-gap-default\">\n\t\t\t\t\t<div class=\"elementor-column elementor-col-50 elementor-inner-column elementor-element elementor-element-1fc395d\" data-id=\"1fc395d\" data-element_type=\"column\">\n\t\t\t<div class=\"elementor-widget-wrap elementor-element-populated\">\n\t\t\t\t\t\t<div class=\"elementor-element elementor-element-aa8a948 foto-programa elementor-widget-tablet__width-initial elementor-widget-mobile__width-initial elementor-widget elementor-widget-image\" data-id=\"aa8a948\" data-element_type=\"widget\" data-widget_type=\"image.default\">\n\t\t\t\t<div class=\"elementor-widget-container\">\n\t\t\t\t\t\t\t\t\t\t\t\t\t\t\t<img loading=\"lazy\" decoding=\"async\" width=\"2008\" height=\"2560\" src=\"https:\/\/www.uhinak.com\/wp-content\/uploads\/2022\/07\/08-I\u0e04igo-Losada-scaled.jpg\" class=\"attachment-full size-full wp-image-6512\" alt=\"\" srcset=\"https:\/\/www.uhinak.com\/wp-content\/uploads\/2022\/07\/08-I\u0e04igo-Losada-scaled.jpg 2008w, https:\/\/www.uhinak.com\/wp-content\/uploads\/2022\/07\/08-I\u0e04igo-Losada-235x300.jpg 235w, https:\/\/www.uhinak.com\/wp-content\/uploads\/2022\/07\/08-I\u0e04igo-Losada-803x1024.jpg 803w, https:\/\/www.uhinak.com\/wp-content\/uploads\/2022\/07\/08-I\u0e04igo-Losada-768x979.jpg 768w, https:\/\/www.uhinak.com\/wp-content\/uploads\/2022\/07\/08-I\u0e04igo-Losada-1205x1536.jpg 1205w, https:\/\/www.uhinak.com\/wp-content\/uploads\/2022\/07\/08-I\u0e04igo-Losada-1606x2048.jpg 1606w, https:\/\/www.uhinak.com\/wp-content\/uploads\/2022\/07\/08-I\u0e04igo-Losada-600x765.jpg 600w\" sizes=\"(max-width: 2008px) 100vw, 2008px\" \/>\t\t\t\t\t\t\t\t\t\t\t\t\t\t\t<\/div>\n\t\t\t\t<\/div>\n\t\t\t\t\t<\/div>\n\t\t<\/div>\n\t\t\t\t<div class=\"elementor-column elementor-col-50 elementor-inner-column elementor-element elementor-element-78c2d39\" data-id=\"78c2d39\" data-element_type=\"column\">\n\t\t\t<div class=\"elementor-widget-wrap elementor-element-populated\">\n\t\t\t\t\t\t<div class=\"elementor-element elementor-element-3716abc elementor-widget elementor-widget-author-box\" data-id=\"3716abc\" data-element_type=\"widget\" data-widget_type=\"author-box.default\">\n\t\t\t\t<div class=\"elementor-widget-container\">\n\t\t\t\t\t\t\t<div class=\"elementor-author-box\">\n\t\t\t\n\t\t\t<div class=\"elementor-author-box__text\">\n\t\t\t\t\t\t\t\t\t<a href=\"https:\/\/www.uhinak.com\/fr\/conferenciers\/#losada-rodriguez\">\n\t\t\t\t\t\t<h5 class=\"elementor-author-box__name\">\n\t\t\t\t\t\t\tI\u00f1igo Losada Rodr\u00edguez\t\t\t\t\t\t<\/h5>\n\t\t\t\t\t<\/a>\n\t\t\t\t\n\t\t\t\t\t\t\t\t\t<div class=\"elementor-author-box__bio\">\n\t\t\t\t\t\t<p>Directeur de recherche, IHCantabria.<\/p>\n\t\t\t\t\t<\/div>\n\t\t\t\t\n\t\t\t\t\t\t\t<\/div>\n\t\t<\/div>\n\t\t\t\t\t\t<\/div>\n\t\t\t\t<\/div>\n\t\t\t\t\t<\/div>\n\t\t<\/div>\n\t\t\t\t\t<\/div>\n\t\t<\/section>\n\t\t\t\t\t<\/div>\n\t\t<\/div>\n\t\t\t\t\t<\/div>\n\t\t<\/section>\n\t\t\t\t<section class=\"elementor-section elementor-top-section elementor-element elementor-element-9eb13e3 elementor-section-boxed elementor-section-height-default elementor-section-height-default\" data-id=\"9eb13e3\" data-element_type=\"section\">\n\t\t\t\t\t\t<div class=\"elementor-container elementor-column-gap-default\">\n\t\t\t\t\t<div class=\"elementor-column elementor-col-100 elementor-top-column elementor-element elementor-element-5a2bc4f\" data-id=\"5a2bc4f\" data-element_type=\"column\">\n\t\t\t<div class=\"elementor-widget-wrap elementor-element-populated\">\n\t\t\t\t\t\t<div class=\"elementor-element elementor-element-8286f88 elementor-widget elementor-widget-text-editor\" data-id=\"8286f88\" data-element_type=\"widget\" data-widget_type=\"text-editor.default\">\n\t\t\t\t<div class=\"elementor-widget-container\">\n\t\t\t\t\t\t\t\t\t<h5 class=\"p1\">Communications orales<\/h5>\n\t\t\t\t\t\t\t\t<\/div>\n\t\t\t\t<\/div>\n\t\t\t\t\t<\/div>\n\t\t<\/div>\n\t\t\t\t\t<\/div>\n\t\t<\/section>\n\t\t\t\t<section class=\"elementor-section elementor-top-section elementor-element elementor-element-9843ef0 elementor-section-boxed elementor-section-height-default elementor-section-height-default\" data-id=\"9843ef0\" data-element_type=\"section\">\n\t\t\t\t\t\t<div class=\"elementor-container elementor-column-gap-default\">\n\t\t\t\t\t<div class=\"elementor-column elementor-col-50 elementor-top-column elementor-element elementor-element-0b2ecc1 hora-programa\" data-id=\"0b2ecc1\" data-element_type=\"column\">\n\t\t\t<div class=\"elementor-widget-wrap elementor-element-populated\">\n\t\t\t\t\t\t<div class=\"elementor-element elementor-element-1f68e31 ocultar-hora elementor-widget elementor-widget-text-editor\" data-id=\"1f68e31\" data-element_type=\"widget\" data-widget_type=\"text-editor.default\">\n\t\t\t\t<div class=\"elementor-widget-container\">\n\t\t\t\t\t\t\t\t\t<p>15:15<\/p>\t\t\t\t\t\t\t\t<\/div>\n\t\t\t\t<\/div>\n\t\t\t\t\t<\/div>\n\t\t<\/div>\n\t\t\t\t<div class=\"elementor-column elementor-col-50 elementor-top-column elementor-element elementor-element-e6918fe\" data-id=\"e6918fe\" data-element_type=\"column\">\n\t\t\t<div class=\"elementor-widget-wrap elementor-element-populated\">\n\t\t\t\t\t\t<div class=\"elementor-element elementor-element-b5bbcc9 elementor-widget elementor-widget-text-editor\" data-id=\"b5bbcc9\" data-element_type=\"widget\" data-widget_type=\"text-editor.default\">\n\t\t\t\t<div class=\"elementor-widget-container\">\n\t\t\t\t\t\t\t\t\t<p>Le r\u00f4le de l&rsquo;intersectionnalit\u00e9 dans l&rsquo;\u00e9valuation de la vuln\u00e9rabilit\u00e9 des impacts sanitaires li\u00e9s au changement climatique, tels que les maladies infectieuses. Iraitz Jauregui, Basque Centre for Climate Change.<\/p>\t\t\t\t\t\t\t\t<\/div>\n\t\t\t\t<\/div>\n\t\t\t\t\t<\/div>\n\t\t<\/div>\n\t\t\t\t\t<\/div>\n\t\t<\/section>\n\t\t\t\t<section class=\"elementor-section elementor-top-section elementor-element elementor-element-6c66c91 elementor-section-boxed elementor-section-height-default elementor-section-height-default\" data-id=\"6c66c91\" data-element_type=\"section\">\n\t\t\t\t\t\t<div class=\"elementor-container elementor-column-gap-default\">\n\t\t\t\t\t<div class=\"elementor-column elementor-col-50 elementor-top-column elementor-element elementor-element-37ac05f hora-programa\" data-id=\"37ac05f\" data-element_type=\"column\">\n\t\t\t<div class=\"elementor-widget-wrap elementor-element-populated\">\n\t\t\t\t\t\t<div class=\"elementor-element elementor-element-8d760ba ocultar-hora elementor-widget elementor-widget-text-editor\" data-id=\"8d760ba\" data-element_type=\"widget\" data-widget_type=\"text-editor.default\">\n\t\t\t\t<div class=\"elementor-widget-container\">\n\t\t\t\t\t\t\t\t\t<p>15:25<\/p>\t\t\t\t\t\t\t\t<\/div>\n\t\t\t\t<\/div>\n\t\t\t\t\t<\/div>\n\t\t<\/div>\n\t\t\t\t<div class=\"elementor-column elementor-col-50 elementor-top-column elementor-element elementor-element-d44b64d\" data-id=\"d44b64d\" data-element_type=\"column\">\n\t\t\t<div class=\"elementor-widget-wrap elementor-element-populated\">\n\t\t\t\t\t\t<div class=\"elementor-element elementor-element-344f84d elementor-widget elementor-widget-text-editor\" data-id=\"344f84d\" data-element_type=\"widget\" data-widget_type=\"text-editor.default\">\n\t\t\t\t<div class=\"elementor-widget-container\">\n\t\t\t\t\t\t\t\t\t<p class=\"p1\">Le jeu s\u00e9rieux comme lien entre concertation et strat\u00e9gie op\u00e9rationnelle d\u2019adaptation : le cas de TACC\u2019tic. Loick Le Roy et Thomas Beillouin, Artelia.<\/p>\t\t\t\t\t\t\t\t<\/div>\n\t\t\t\t<\/div>\n\t\t\t\t\t<\/div>\n\t\t<\/div>\n\t\t\t\t\t<\/div>\n\t\t<\/section>\n\t\t\t\t<section class=\"elementor-section elementor-top-section elementor-element elementor-element-2220cb9 elementor-section-boxed elementor-section-height-default elementor-section-height-default\" data-id=\"2220cb9\" data-element_type=\"section\">\n\t\t\t\t\t\t<div class=\"elementor-container elementor-column-gap-default\">\n\t\t\t\t\t<div class=\"elementor-column elementor-col-50 elementor-top-column elementor-element elementor-element-67fb8b3 hora-programa\" data-id=\"67fb8b3\" data-element_type=\"column\">\n\t\t\t<div class=\"elementor-widget-wrap elementor-element-populated\">\n\t\t\t\t\t\t<div class=\"elementor-element elementor-element-cc20431 ocultar-hora elementor-widget elementor-widget-text-editor\" data-id=\"cc20431\" data-element_type=\"widget\" data-widget_type=\"text-editor.default\">\n\t\t\t\t<div class=\"elementor-widget-container\">\n\t\t\t\t\t\t\t\t\t<p>15:35<\/p>\t\t\t\t\t\t\t\t<\/div>\n\t\t\t\t<\/div>\n\t\t\t\t\t<\/div>\n\t\t<\/div>\n\t\t\t\t<div class=\"elementor-column elementor-col-50 elementor-top-column elementor-element elementor-element-f6cc66b\" data-id=\"f6cc66b\" data-element_type=\"column\">\n\t\t\t<div class=\"elementor-widget-wrap elementor-element-populated\">\n\t\t\t\t\t\t<div class=\"elementor-element elementor-element-6b8556a elementor-widget elementor-widget-text-editor\" data-id=\"6b8556a\" data-element_type=\"widget\" data-widget_type=\"text-editor.default\">\n\t\t\t\t<div class=\"elementor-widget-container\">\n\t\t\t\t\t\t\t\t\t<p>Le syst\u00e8me d&rsquo;action pr\u00e9coce face aux risques maritimes et c\u00f4tiers \u00e0 Euskalmet. Santiago Gaztelumendi, Euskalmet.&nbsp;<\/p>\t\t\t\t\t\t\t\t<\/div>\n\t\t\t\t<\/div>\n\t\t\t\t\t<\/div>\n\t\t<\/div>\n\t\t\t\t\t<\/div>\n\t\t<\/section>\n\t\t\t\t<section class=\"elementor-section elementor-top-section elementor-element elementor-element-2358ff7 elementor-section-boxed elementor-section-height-default elementor-section-height-default\" data-id=\"2358ff7\" data-element_type=\"section\">\n\t\t\t\t\t\t<div class=\"elementor-container elementor-column-gap-default\">\n\t\t\t\t\t<div class=\"elementor-column elementor-col-50 elementor-top-column elementor-element elementor-element-8e11d0b hora-programa\" data-id=\"8e11d0b\" data-element_type=\"column\">\n\t\t\t<div class=\"elementor-widget-wrap elementor-element-populated\">\n\t\t\t\t\t\t<div class=\"elementor-element elementor-element-a6b3f21 ocultar-hora elementor-widget elementor-widget-text-editor\" data-id=\"a6b3f21\" data-element_type=\"widget\" data-widget_type=\"text-editor.default\">\n\t\t\t\t<div class=\"elementor-widget-container\">\n\t\t\t\t\t\t\t\t\t<p>15:45<\/p>\t\t\t\t\t\t\t\t<\/div>\n\t\t\t\t<\/div>\n\t\t\t\t\t<\/div>\n\t\t<\/div>\n\t\t\t\t<div class=\"elementor-column elementor-col-50 elementor-top-column elementor-element elementor-element-2e55580\" data-id=\"2e55580\" data-element_type=\"column\">\n\t\t\t<div class=\"elementor-widget-wrap elementor-element-populated\">\n\t\t\t\t\t\t<div class=\"elementor-element elementor-element-a2ddb85 elementor-widget elementor-widget-text-editor\" data-id=\"a2ddb85\" data-element_type=\"widget\" data-widget_type=\"text-editor.default\">\n\t\t\t\t<div class=\"elementor-widget-container\">\n\t\t\t\t\t\t\t\t\t<p>Analyse de la gouvernance de l&rsquo;environnement c\u00f4tier dans les \u00eeles Canaries. Aridane Gonz\u00e1lez, IOCAG. <\/p>\n\t\t\t\t\t\t\t\t<\/div>\n\t\t\t\t<\/div>\n\t\t\t\t\t<\/div>\n\t\t<\/div>\n\t\t\t\t\t<\/div>\n\t\t<\/section>\n\t\t\t\t<section class=\"elementor-section elementor-top-section elementor-element elementor-element-24150c9 elementor-section-boxed elementor-section-height-default elementor-section-height-default\" data-id=\"24150c9\" data-element_type=\"section\">\n\t\t\t\t\t\t<div class=\"elementor-container elementor-column-gap-default\">\n\t\t\t\t\t<div class=\"elementor-column elementor-col-50 elementor-top-column elementor-element elementor-element-9f0980e hora-programa\" data-id=\"9f0980e\" data-element_type=\"column\">\n\t\t\t<div class=\"elementor-widget-wrap elementor-element-populated\">\n\t\t\t\t\t\t<div class=\"elementor-element elementor-element-ec412ea ocultar-hora elementor-widget elementor-widget-text-editor\" data-id=\"ec412ea\" data-element_type=\"widget\" data-widget_type=\"text-editor.default\">\n\t\t\t\t<div class=\"elementor-widget-container\">\n\t\t\t\t\t\t\t\t\t<p>15:55<\/p>\t\t\t\t\t\t\t\t<\/div>\n\t\t\t\t<\/div>\n\t\t\t\t\t<\/div>\n\t\t<\/div>\n\t\t\t\t<div class=\"elementor-column elementor-col-50 elementor-top-column elementor-element elementor-element-4fa6667\" data-id=\"4fa6667\" data-element_type=\"column\">\n\t\t\t<div class=\"elementor-widget-wrap elementor-element-populated\">\n\t\t\t\t\t\t<div class=\"elementor-element elementor-element-d02e16e elementor-widget elementor-widget-text-editor\" data-id=\"d02e16e\" data-element_type=\"widget\" data-widget_type=\"text-editor.default\">\n\t\t\t\t<div class=\"elementor-widget-container\">\n\t\t\t\t\t\t\t\t\t<p class=\"p1\">Ostreobila : un programme de recherche transfrontalier sur les algues Ostreopsis. Aurelie Bocquet Escourrou, GIS Littoral Basque. <\/p>\n\t\t\t\t\t\t\t\t<\/div>\n\t\t\t\t<\/div>\n\t\t\t\t\t<\/div>\n\t\t<\/div>\n\t\t\t\t\t<\/div>\n\t\t<\/section>\n\t\t\t\t<section class=\"elementor-section elementor-top-section elementor-element elementor-element-20eff53 elementor-section-boxed elementor-section-height-default elementor-section-height-default\" data-id=\"20eff53\" data-element_type=\"section\">\n\t\t\t\t\t\t<div class=\"elementor-container elementor-column-gap-default\">\n\t\t\t\t\t<div class=\"elementor-column elementor-col-50 elementor-top-column elementor-element elementor-element-2be1324 hora-programa\" data-id=\"2be1324\" data-element_type=\"column\">\n\t\t\t<div class=\"elementor-widget-wrap elementor-element-populated\">\n\t\t\t\t\t\t<div class=\"elementor-element elementor-element-bf02c16 ocultar-hora elementor-widget elementor-widget-text-editor\" data-id=\"bf02c16\" data-element_type=\"widget\" data-widget_type=\"text-editor.default\">\n\t\t\t\t<div class=\"elementor-widget-container\">\n\t\t\t\t\t\t\t\t\t<p>16:05<\/p>\t\t\t\t\t\t\t\t<\/div>\n\t\t\t\t<\/div>\n\t\t\t\t\t<\/div>\n\t\t<\/div>\n\t\t\t\t<div class=\"elementor-column elementor-col-50 elementor-top-column elementor-element elementor-element-0ad8013\" data-id=\"0ad8013\" data-element_type=\"column\">\n\t\t\t<div class=\"elementor-widget-wrap elementor-element-populated\">\n\t\t\t\t\t\t<div class=\"elementor-element elementor-element-66e90fa elementor-widget elementor-widget-text-editor\" data-id=\"66e90fa\" data-element_type=\"widget\" data-widget_type=\"text-editor.default\">\n\t\t\t\t<div class=\"elementor-widget-container\">\n\t\t\t\t\t\t\t\t\t<p>En savons-nous assez sur le changement climatique ? Connaissances, pr\u00e9occupations et habitudes climatiques. Mar\u00eda Calvo, AZTI.  <\/p>\n\t\t\t\t\t\t\t\t<\/div>\n\t\t\t\t<\/div>\n\t\t\t\t\t<\/div>\n\t\t<\/div>\n\t\t\t\t\t<\/div>\n\t\t<\/section>\n\t\t\t\t<section class=\"elementor-section elementor-top-section elementor-element elementor-element-224a91d elementor-section-boxed elementor-section-height-default elementor-section-height-default\" data-id=\"224a91d\" data-element_type=\"section\">\n\t\t\t\t\t\t<div class=\"elementor-container elementor-column-gap-default\">\n\t\t\t\t\t<div class=\"elementor-column elementor-col-50 elementor-top-column elementor-element elementor-element-ff8957f hora-programa\" data-id=\"ff8957f\" data-element_type=\"column\">\n\t\t\t<div class=\"elementor-widget-wrap elementor-element-populated\">\n\t\t\t\t\t\t<div class=\"elementor-element elementor-element-e540f47 elementor-widget elementor-widget-text-editor\" data-id=\"e540f47\" data-element_type=\"widget\" data-widget_type=\"text-editor.default\">\n\t\t\t\t<div class=\"elementor-widget-container\">\n\t\t\t\t\t\t\t\t\t<p>16:15<\/p>\t\t\t\t\t\t\t\t<\/div>\n\t\t\t\t<\/div>\n\t\t\t\t\t<\/div>\n\t\t<\/div>\n\t\t\t\t<div class=\"elementor-column elementor-col-50 elementor-top-column elementor-element elementor-element-65b530f\" data-id=\"65b530f\" data-element_type=\"column\">\n\t\t\t<div class=\"elementor-widget-wrap elementor-element-populated\">\n\t\t\t\t\t\t<div class=\"elementor-element elementor-element-25975b4 elementor-position-inline-start elementor-view-default elementor-mobile-position-block-start elementor-widget elementor-widget-icon-box\" data-id=\"25975b4\" data-element_type=\"widget\" data-widget_type=\"icon-box.default\">\n\t\t\t\t<div class=\"elementor-widget-container\">\n\t\t\t\t\t\t\t<div class=\"elementor-icon-box-wrapper\">\n\n\t\t\t\t\t\t<div class=\"elementor-icon-box-icon\">\n\t\t\t\t<span  class=\"elementor-icon\">\n\t\t\t\t<i aria-hidden=\"true\" class=\"fas fa-comment\"><\/i>\t\t\t\t<\/span>\n\t\t\t<\/div>\n\t\t\t\n\t\t\t\t\t\t<div class=\"elementor-icon-box-content\">\n\n\t\t\t\t\t\t\t\t\t<h3 class=\"elementor-icon-box-title\">\n\t\t\t\t\t\t<span  >\n\t\t\t\t\t\t\tColloque. Mod\u00e9r\u00e9 par Nerea Egia (Conseil G\u00e9n\u00e9ral de Gipuzkoa) eta Malake Mu\u00f1oz (Ihobe)\t\t\t\t\t\t<\/span>\n\t\t\t\t\t<\/h3>\n\t\t\t\t\n\t\t\t\t\n\t\t\t<\/div>\n\t\t\t\n\t\t<\/div>\n\t\t\t\t\t\t<\/div>\n\t\t\t\t<\/div>\n\t\t\t\t\t<\/div>\n\t\t<\/div>\n\t\t\t\t\t<\/div>\n\t\t<\/section>\n\t\t\t\t<section class=\"elementor-section elementor-top-section elementor-element elementor-element-a6a0d5b elementor-section-boxed elementor-section-height-default elementor-section-height-default\" data-id=\"a6a0d5b\" data-element_type=\"section\">\n\t\t\t\t\t\t<div class=\"elementor-container elementor-column-gap-default\">\n\t\t\t\t\t<div class=\"elementor-column elementor-col-50 elementor-top-column elementor-element elementor-element-7732998 hora-programa\" data-id=\"7732998\" data-element_type=\"column\">\n\t\t\t<div class=\"elementor-widget-wrap elementor-element-populated\">\n\t\t\t\t\t\t<div class=\"elementor-element elementor-element-3a74b9d ocultar-hora elementor-widget elementor-widget-text-editor\" data-id=\"3a74b9d\" data-element_type=\"widget\" data-widget_type=\"text-editor.default\">\n\t\t\t\t<div class=\"elementor-widget-container\">\n\t\t\t\t\t\t\t\t\t<h5>16:55<\/h5>\t\t\t\t\t\t\t\t<\/div>\n\t\t\t\t<\/div>\n\t\t\t\t\t<\/div>\n\t\t<\/div>\n\t\t\t\t<div class=\"elementor-column elementor-col-50 elementor-top-column elementor-element elementor-element-e305b75\" data-id=\"e305b75\" data-element_type=\"column\">\n\t\t\t<div class=\"elementor-widget-wrap elementor-element-populated\">\n\t\t\t\t\t\t<div class=\"elementor-element elementor-element-8500bab elementor-widget elementor-widget-text-editor\" data-id=\"8500bab\" data-element_type=\"widget\" data-widget_type=\"text-editor.default\">\n\t\t\t\t<div class=\"elementor-widget-container\">\n\t\t\t\t\t\t\t\t\t<h6>Conf\u00e9rence invit\u00e9e :<\/h6>\n\t\t\t\t\t\t\t\t<\/div>\n\t\t\t\t<\/div>\n\t\t\t\t<div class=\"elementor-element elementor-element-16bbab1 elementor-widget elementor-widget-text-editor\" data-id=\"16bbab1\" data-element_type=\"widget\" data-widget_type=\"text-editor.default\">\n\t\t\t\t<div class=\"elementor-widget-container\">\n\t\t\t\t\t\t\t\t\t<p class=\"p1\"><b>LA GOUVERNANCE C\u00d4TI\u00c8RE DANS LE M\u00c9TAVERS. D\u00c9FIS POUR LA COMMUNICATION, LA PARTICIPATION ET LA CONSERVATION <\/b><\/p>\n\t\t\t\t\t\t\t\t<\/div>\n\t\t\t\t<\/div>\n\t\t\t\t<div class=\"elementor-element elementor-element-5c23a4a texto-programa elementor-widget elementor-widget-text-editor\" data-id=\"5c23a4a\" data-element_type=\"widget\" data-widget_type=\"text-editor.default\">\n\t\t\t\t<div class=\"elementor-widget-container\">\n\t\t\t\t\t\t\t\t\t<p>Cet article abordera les nouveaux d\u00e9fis du journalisme environnemental sous deux aspects parall\u00e8les. Premi\u00e8rement, le paradigme num\u00e9rique et les nouvelles dynamiques de production, de distribution et de consommation de contenu &#8211; des r\u00e9seaux sociaux au m\u00e9tavers. Et deuxi\u00e8mement, les d\u00e9fis de la durabilit\u00e9 g\u00e9n\u00e9r\u00e9s par le changement climatique, un ph\u00e9nom\u00e8ne mondial ayant un impact sur la conservation des diff\u00e9rents \u00e9cosyst\u00e8mes des zones c\u00f4ti\u00e8res, entre autres. La conf\u00e9rence soulignera l&rsquo;importance d&rsquo;un journalisme environnemental de qualit\u00e9, qui est fondamental pour contribuer \u00e0 une opinion publique qualifi\u00e9e sur la durabilit\u00e9, ainsi que pour encourager la participation des citoyens dans ce domaine gr\u00e2ce \u00e0 un cadrage rigoureux, loin du catastrophisme et de l&rsquo;alarmisme.   <\/p>\n<p>La professeure Maria Josep Pic\u00f3 montrera les risques, du point de vue de la communication et de la convergence num\u00e9rique, pour la transmission de r\u00e9cits favorables \u00e0 la conservation, par exemple les fausses nouvelles diffus\u00e9es par des groupes de pression ou la pratique de l&rsquo;\u00e9coblanchiment (greenwashing). La conf\u00e9rence se terminera par des exemples de bonnes pratiques pour am\u00e9liorer le journalisme environnemental sur le changement climatique et la gestion territoriale, en particulier de la c\u00f4te ; des notes sur les formats journalistiques \u00e9mergents, entre autres, les podcasts, et expliquera \u00e9galement certaines des lignes de travail du projet europ\u00e9en H2020 RESTORE4CS, auquel participe l&rsquo;Universit\u00e9 de Valence, ax\u00e9 sur la mod\u00e9lisation de la restauration des zones humides dans le contexte de l&rsquo;urgence climatique. <\/p>\n\t\t\t\t\t\t\t\t<\/div>\n\t\t\t\t<\/div>\n\t\t\t\t<section class=\"elementor-section elementor-inner-section elementor-element elementor-element-dde9fe3 elementor-section-content-middle elementor-section-boxed elementor-section-height-default elementor-section-height-default\" data-id=\"dde9fe3\" data-element_type=\"section\">\n\t\t\t\t\t\t<div class=\"elementor-container elementor-column-gap-default\">\n\t\t\t\t\t<div class=\"elementor-column elementor-col-50 elementor-inner-column elementor-element elementor-element-acdd303\" data-id=\"acdd303\" data-element_type=\"column\">\n\t\t\t<div class=\"elementor-widget-wrap elementor-element-populated\">\n\t\t\t\t\t\t<div class=\"elementor-element elementor-element-1fd3051 foto-programa elementor-widget-tablet__width-initial elementor-widget-mobile__width-initial elementor-widget elementor-widget-image\" data-id=\"1fd3051\" data-element_type=\"widget\" data-widget_type=\"image.default\">\n\t\t\t\t<div class=\"elementor-widget-container\">\n\t\t\t\t\t\t\t\t\t\t\t\t\t\t\t<img loading=\"lazy\" decoding=\"async\" width=\"1706\" height=\"2560\" src=\"https:\/\/www.uhinak.com\/wp-content\/uploads\/2022\/07\/09-Mar\u0e01a-Josep-Pic\u0e02-scaled-e1720634046309.jpg\" class=\"attachment-full size-full wp-image-6508\" alt=\"\" \/>\t\t\t\t\t\t\t\t\t\t\t\t\t\t\t<\/div>\n\t\t\t\t<\/div>\n\t\t\t\t\t<\/div>\n\t\t<\/div>\n\t\t\t\t<div class=\"elementor-column elementor-col-50 elementor-inner-column elementor-element elementor-element-dc6b6ad\" data-id=\"dc6b6ad\" data-element_type=\"column\">\n\t\t\t<div class=\"elementor-widget-wrap elementor-element-populated\">\n\t\t\t\t\t\t<div class=\"elementor-element elementor-element-d8ce143 elementor-widget elementor-widget-author-box\" data-id=\"d8ce143\" data-element_type=\"widget\" data-widget_type=\"author-box.default\">\n\t\t\t\t<div class=\"elementor-widget-container\">\n\t\t\t\t\t\t\t<div class=\"elementor-author-box\">\n\t\t\t\n\t\t\t<div class=\"elementor-author-box__text\">\n\t\t\t\t\t\t\t\t\t<a href=\"#tab-42284#maria-josep-pico\">\n\t\t\t\t\t\t<h5 class=\"elementor-author-box__name\">\n\t\t\t\t\t\t\tMar\u00eda Josep Pic\u00f3\t\t\t\t\t\t<\/h5>\n\t\t\t\t\t<\/a>\n\t\t\t\t\n\t\t\t\t\t\t\t\t\t<div class=\"elementor-author-box__bio\">\n\t\t\t\t\t\t<p>Professeure de journalisme, Universit\u00e9 de Val\u00e8ncia<\/p>\n\t\t\t\t\t<\/div>\n\t\t\t\t\n\t\t\t\t\t\t\t<\/div>\n\t\t<\/div>\n\t\t\t\t\t\t<\/div>\n\t\t\t\t<\/div>\n\t\t\t\t\t<\/div>\n\t\t<\/div>\n\t\t\t\t\t<\/div>\n\t\t<\/section>\n\t\t\t\t\t<\/div>\n\t\t<\/div>\n\t\t\t\t\t<\/div>\n\t\t<\/section>\n\t\t\t\t<section class=\"elementor-section elementor-top-section elementor-element elementor-element-5ddda24 elementor-section-boxed elementor-section-height-default elementor-section-height-default\" data-id=\"5ddda24\" data-element_type=\"section\">\n\t\t\t\t\t\t<div class=\"elementor-container elementor-column-gap-default\">\n\t\t\t\t\t<div class=\"elementor-column elementor-col-50 elementor-top-column elementor-element elementor-element-7132a91 hora-programa\" data-id=\"7132a91\" data-element_type=\"column\">\n\t\t\t<div class=\"elementor-widget-wrap elementor-element-populated\">\n\t\t\t\t\t\t<div class=\"elementor-element elementor-element-ea8cb98 elementor-widget elementor-widget-text-editor\" data-id=\"ea8cb98\" data-element_type=\"widget\" data-widget_type=\"text-editor.default\">\n\t\t\t\t<div class=\"elementor-widget-container\">\n\t\t\t\t\t\t\t\t\t<p>17:20<\/p>\t\t\t\t\t\t\t\t<\/div>\n\t\t\t\t<\/div>\n\t\t\t\t\t<\/div>\n\t\t<\/div>\n\t\t\t\t<div class=\"elementor-column elementor-col-50 elementor-top-column elementor-element elementor-element-8255c63\" data-id=\"8255c63\" data-element_type=\"column\">\n\t\t\t<div class=\"elementor-widget-wrap elementor-element-populated\">\n\t\t\t\t\t\t<div class=\"elementor-element elementor-element-6df0300 elementor-widget elementor-widget-text-editor\" data-id=\"6df0300\" data-element_type=\"widget\" data-widget_type=\"text-editor.default\">\n\t\t\t\t<div class=\"elementor-widget-container\">\n\t\t\t\t\t\t\t\t\t<h5 class=\"p1\">Cl\u00f4ture congr\u00e8s<\/h5>\n\t\t\t\t\t\t\t\t<\/div>\n\t\t\t\t<\/div>\n\t\t\t\t\t<\/div>\n\t\t<\/div>\n\t\t\t\t\t<\/div>\n\t\t<\/section>\n\t\t\t\t<section class=\"elementor-section elementor-top-section elementor-element elementor-element-5f5234f elementor-section-boxed elementor-section-height-default elementor-section-height-default\" data-id=\"5f5234f\" data-element_type=\"section\">\n\t\t\t\t\t\t<div class=\"elementor-container elementor-column-gap-default\">\n\t\t\t\t\t<div class=\"elementor-column elementor-col-50 elementor-top-column elementor-element elementor-element-45e498a hora-programa\" data-id=\"45e498a\" data-element_type=\"column\">\n\t\t\t<div class=\"elementor-widget-wrap elementor-element-populated\">\n\t\t\t\t\t\t<div class=\"elementor-element elementor-element-a56c857 elementor-widget elementor-widget-text-editor\" data-id=\"a56c857\" data-element_type=\"widget\" data-widget_type=\"text-editor.default\">\n\t\t\t\t<div class=\"elementor-widget-container\">\n\t\t\t\t\t\t\t\t\t<p>17:30<\/p>\t\t\t\t\t\t\t\t<\/div>\n\t\t\t\t<\/div>\n\t\t\t\t\t<\/div>\n\t\t<\/div>\n\t\t\t\t<div class=\"elementor-column elementor-col-50 elementor-top-column elementor-element elementor-element-f838883\" data-id=\"f838883\" data-element_type=\"column\">\n\t\t\t<div class=\"elementor-widget-wrap elementor-element-populated\">\n\t\t\t\t\t\t<div class=\"elementor-element elementor-element-9eb9058 elementor-widget elementor-widget-text-editor\" data-id=\"9eb9058\" data-element_type=\"widget\" data-widget_type=\"text-editor.default\">\n\t\t\t\t<div class=\"elementor-widget-container\">\n\t\t\t\t\t\t\t\t\t<h5 class=\"p1\">FIN DE LA DEUXIEME JOUNEE<\/h5>\n\t\t\t\t\t\t\t\t<\/div>\n\t\t\t\t<\/div>\n\t\t\t\t\t<\/div>\n\t\t<\/div>\n\t\t\t\t\t<\/div>\n\t\t<\/section>\n\t\t\t\t<section class=\"elementor-section elementor-top-section elementor-element elementor-element-29d60b8d elementor-section-boxed elementor-section-height-default elementor-section-height-default\" data-id=\"29d60b8d\" data-element_type=\"section\">\n\t\t\t\t\t\t<div class=\"elementor-container elementor-column-gap-default\">\n\t\t\t\t\t<div class=\"elementor-column elementor-col-100 elementor-top-column elementor-element elementor-element-1f2e092f\" data-id=\"1f2e092f\" data-element_type=\"column\">\n\t\t\t<div class=\"elementor-widget-wrap elementor-element-populated\">\n\t\t\t\t\t\t<div class=\"elementor-element elementor-element-45261664 elementor-widget elementor-widget-text-editor\" data-id=\"45261664\" data-element_type=\"widget\" data-widget_type=\"text-editor.default\">\n\t\t\t\t<div class=\"elementor-widget-container\">\n\t\t\t\t\t\t\t\t\t<h5>Toutes les s\u00e9ances auront la traduction simultan\u00e9e, au fran\u00e7ais, anglais et espagnol.<\/h5>\t\t\t\t\t\t\t\t<\/div>\n\t\t\t\t<\/div>\n\t\t\t\t\t<\/div>\n\t\t<\/div>\n\t\t\t\t\t<\/div>\n\t\t<\/section>\n\t\t\t\t<\/div>\n\t\t<\/div>\r\n                                          <\/li>\r\n                        <li id=\"responsive-tab-3\" class=\"responsive-tab-content \">\r\n                                                <div\r\n                      id=\"#responsive-tab-3\">\t\t<div data-elementor-type=\"section\" data-elementor-id=\"4094\" class=\"elementor elementor-4094 elementor-3927\" data-elementor-post-type=\"elementor_library\">\n\t\t\t\t\t<section class=\"elementor-section elementor-top-section elementor-element elementor-element-5c532cc elementor-section-boxed elementor-section-height-default elementor-section-height-default\" data-id=\"5c532cc\" data-element_type=\"section\">\n\t\t\t\t\t\t<div class=\"elementor-container elementor-column-gap-default\">\n\t\t\t\t\t<div class=\"elementor-column elementor-col-100 elementor-top-column elementor-element elementor-element-b21751e\" data-id=\"b21751e\" data-element_type=\"column\">\n\t\t\t<div class=\"elementor-widget-wrap elementor-element-populated\">\n\t\t\t\t\t\t<div class=\"elementor-element elementor-element-04c2e50 elementor-widget elementor-widget-text-editor\" data-id=\"04c2e50\" data-element_type=\"widget\" data-widget_type=\"text-editor.default\">\n\t\t\t\t<div class=\"elementor-widget-container\">\n\t\t\t\t\t\t\t\t\t<p class=\"p1\">&#8211; Un demi-si\u00e8cle de surveillance en mer des superpr\u00e9dateurs dans le golfe de Gascogne: changements dans les abondances relatives et impacts des changements oc\u00e9ano-climatiques. Emilie Milon, Centre de la Mer.<\/p><p class=\"p1\">&#8211; \u00c9tude multidisciplinaire de la chimie c\u00f4ti\u00e8re et de ses implications pour le carbone bleu. Aridane Gonz\u00e1lez, IOCAG.<\/p><p class=\"p1\">&#8211; Niveau de la mer sur la c\u00f4te basque : caract\u00e9risation et \u00e9tudes de cas. Santiago Gaztelumendi, Euskalmet.<\/p><p class=\"p1\">&#8211; Progr\u00e8s dans la pr\u00e9vision des d\u00e9chets et des d\u00e9bordements \u00e0 Euskalmet. Antonio Casta\u00f1o, Euskalmet.<\/p><p class=\"p1\">&#8211; Mise en place d&rsquo;un outil de suivi des objets et substances \u00e0 la d\u00e9rive: EuskalDrift. Antonio Casta\u00f1o, Euskalmet.<\/p><p class=\"p1\">&#8211; Caract\u00e9risation des temp\u00eates maritimes affectant les plages de la ville de Barcelone. Jordi Mateo, Service m\u00e9t\u00e9orologique de Catalogne.<\/p><p class=\"p1\">&#8211; Run-up extr\u00eame des vagues sur des rivages rocheux. Volker Roeber, Universit\u00e9 de Pau et des Pays de l\u00b4Adour.\u00a0<\/p><p class=\"p1\">&#8211; Comparaison des strat\u00e9gies d\u00b4inondation dans les estuaires: Le cas de Txingudi (C\u00f4te Basque). Laure Sicard, AZTI et Universit\u00e9 du Pays Basque (UPV\/EHU).<\/p><p class=\"p1\"><span style=\"background-color: var( --e-global-color-14ef391 ); color: var( --e-global-color-text ); font-family: var( --e-global-typography-text-font-family ), Sans-serif; font-size: var( --e-global-typography-text-font-size ); font-style: var( --e-global-typography-text-font-style ); font-weight: var( --e-global-typography-text-font-weight ); letter-spacing: var( --e-global-typography-text-letter-spacing ); text-transform: var( --e-global-typography-text-text-transform );\">&#8211; L&rsquo;importance de la valorisation et de l&rsquo;\u00e9conomie circulaire des d\u00e9chets MARPOL face au d\u00e9fi de la lutte contre la pollution. Sara Calvo, MC Valnera S.L.<\/span><\/p><p class=\"p1\">&#8211; Conception d&rsquo;infrastructures vertes \u00e0 partir d&rsquo;une approche socio-\u00e9cologique des syst\u00e8mes. Mikel Alberdi, UPV\/EHU.<\/p><p class=\"p1\">&#8211; L&rsquo;impact des rejets des stations de traitement des eaux us\u00e9es sur les \u00e9cosyst\u00e8mes c\u00f4tiers dans un contexte de changement global. Marta Revilla, AZTI.<\/p><p class=\"p1\">&#8211; \u00c9valuation des services \u00e9cosyst\u00e9miques fournis par les zones r\u00e9cr\u00e9atives c\u00f4ti\u00e8res de Biscaye. Lorena Pe\u00f1a, Universit\u00e9 du Pays Basque UPV\/EHU.<\/p><p class=\"p1\"><span style=\"background-color: var( --e-global-color-14ef391 ); color: var( --e-global-color-text ); font-family: var( --e-global-typography-text-font-family ), Sans-serif; font-size: var( --e-global-typography-text-font-size ); font-style: var( --e-global-typography-text-font-style ); font-weight: var( --e-global-typography-text-font-weight ); letter-spacing: var( --e-global-typography-text-letter-spacing ); text-transform: var( --e-global-typography-text-text-transform );\">&#8211; Crit\u00e8res d&rsquo;action des caravelles portugaises sant\u00e9 publique \u00e9t\u00e9 2023 au Pays Basque. Iv\u00e1n Garc\u00eda, D\u00e9partement de la Sant\u00e9 Gouvernement Basque.<\/span><\/p><p class=\"p1\">&#8211; Assembler les pi\u00e8ces du puzzle: Quel est l&rsquo;impact des sc\u00e9narios de gestion spatiale sur les revenus de la p\u00eacherie basque?. Xabier Larrinaga, AZTI.<\/p><p class=\"p1\">&#8211; Le r\u00f4le cl\u00e9 de la science citoyenne marine dans la d\u00e9tection pr\u00e9coce et la surveillance des changements dans la biodiversit\u00e9 marine: le cas de REDPROMAR dans les \u00eeles Canaries. Marc Mart\u00edn, Gesti\u00f3n y Planeamiento Territorial y Medioambiental S.A.<\/p><p>\u00a0<\/p>\t\t\t\t\t\t\t\t<\/div>\n\t\t\t\t<\/div>\n\t\t\t\t\t<\/div>\n\t\t<\/div>\n\t\t\t\t\t<\/div>\n\t\t<\/section>\n\t\t\t\t<\/div>\n\t\t<\/div>\r\n                                          <\/li>\r\n                        <li id=\"responsive-tab-4\" class=\"responsive-tab-content \">\r\n                                                <div\r\n                      id=\"#responsive-tab-4\">\t\t<div data-elementor-type=\"section\" data-elementor-id=\"4080\" class=\"elementor elementor-4080 elementor-3916\" data-elementor-post-type=\"elementor_library\">\n\t\t\t\t\t<section class=\"elementor-section elementor-top-section elementor-element elementor-element-1b53ead elementor-section-boxed elementor-section-height-default elementor-section-height-default\" data-id=\"1b53ead\" data-element_type=\"section\">\n\t\t\t\t\t\t<div class=\"elementor-container elementor-column-gap-default\">\n\t\t\t\t\t<div class=\"elementor-column elementor-col-100 elementor-top-column elementor-element elementor-element-95374e1\" data-id=\"95374e1\" data-element_type=\"column\">\n\t\t\t<div class=\"elementor-widget-wrap elementor-element-populated\">\n\t\t\t\t\t\t<div class=\"elementor-element elementor-element-e5fc09c elementor-widget elementor-widget-menu-anchor\" data-id=\"e5fc09c\" data-element_type=\"widget\" data-widget_type=\"menu-anchor.default\">\n\t\t\t\t<div class=\"elementor-widget-container\">\n\t\t\t\t\t\t\t<div class=\"elementor-menu-anchor\" id=\"peter-ditlevsen\"><\/div>\n\t\t\t\t\t\t<\/div>\n\t\t\t\t<\/div>\n\t\t\t\t<div class=\"elementor-element elementor-element-b3dea07 elementor-widget elementor-widget-author-box\" data-id=\"b3dea07\" data-element_type=\"widget\" data-widget_type=\"author-box.default\">\n\t\t\t\t<div class=\"elementor-widget-container\">\n\t\t\t\t\t\t\t<div class=\"elementor-author-box\">\n\t\t\t\t\t\t\t<div  class=\"elementor-author-box__avatar\">\n\t\t\t\t\t<img decoding=\"async\" src=\"https:\/\/www.uhinak.com\/wp-content\/uploads\/2022\/07\/01-Peter-Ditlevsen-275x300.png\" alt=\"Image de Peter Ditlevsen\" loading=\"lazy\">\n\t\t\t\t<\/div>\n\t\t\t\n\t\t\t<div class=\"elementor-author-box__text\">\n\t\t\t\t\t\t\t\t\t<div >\n\t\t\t\t\t\t<h4 class=\"elementor-author-box__name\">\n\t\t\t\t\t\t\tPeter Ditlevsen\t\t\t\t\t\t<\/h4>\n\t\t\t\t\t<\/div>\n\t\t\t\t\n\t\t\t\t\t\t\t\t\t<div class=\"elementor-author-box__bio\">\n\t\t\t\t\t\t<p>Professeur, Universit\u00e9 de Copenhague<\/p>\n\t\t\t\t\t<\/div>\n\t\t\t\t\n\t\t\t\t\t\t\t<\/div>\n\t\t<\/div>\n\t\t\t\t\t\t<\/div>\n\t\t\t\t<\/div>\n\t\t\t\t<div class=\"elementor-element elementor-element-bbc8c53 elementor-widget elementor-widget-text-editor\" data-id=\"bbc8c53\" data-element_type=\"widget\" data-widget_type=\"text-editor.default\">\n\t\t\t\t<div class=\"elementor-widget-container\">\n\t\t\t\t\t\t\t\t\t<p class=\"p1\">Peter Ditlevsen est professeur \u00e0 l&rsquo;Institut Niels Bohr de l&rsquo;universit\u00e9 de Copenhague. Il a obtenu un doctorat en sciences en 2004, un doctorat en physique th\u00e9orique de l&rsquo;\u00e9tat solide en 1991 et une ma\u00eetrise en math\u00e9matiques et physique th\u00e9orique en 1988. Il est expert en physique du climat, en pal\u00e9oclimat, en chaos et en syst\u00e8mes dynamiques. Il a publi\u00e9 plus de 100 articles, 5 livres\/chapitres de livres et de nombreux articles de vulgarisation scientifique.   <\/p>\n\t\t\t\t\t\t\t\t<\/div>\n\t\t\t\t<\/div>\n\t\t\t\t\t<\/div>\n\t\t<\/div>\n\t\t\t\t\t<\/div>\n\t\t<\/section>\n\t\t\t\t<section class=\"elementor-section elementor-top-section elementor-element elementor-element-034e5bc elementor-section-boxed elementor-section-height-default elementor-section-height-default\" data-id=\"034e5bc\" data-element_type=\"section\">\n\t\t\t\t\t\t<div class=\"elementor-container elementor-column-gap-default\">\n\t\t\t\t\t<div class=\"elementor-column elementor-col-100 elementor-top-column elementor-element elementor-element-8dcb998\" data-id=\"8dcb998\" data-element_type=\"column\">\n\t\t\t<div class=\"elementor-widget-wrap elementor-element-populated\">\n\t\t\t\t\t\t<div class=\"elementor-element elementor-element-a6e0b45 elementor-widget elementor-widget-menu-anchor\" data-id=\"a6e0b45\" data-element_type=\"widget\" data-widget_type=\"menu-anchor.default\">\n\t\t\t\t<div class=\"elementor-widget-container\">\n\t\t\t\t\t\t\t<div class=\"elementor-menu-anchor\" id=\"jon-saenz-agirre\"><\/div>\n\t\t\t\t\t\t<\/div>\n\t\t\t\t<\/div>\n\t\t\t\t<div class=\"elementor-element elementor-element-a48f771 elementor-widget elementor-widget-author-box\" data-id=\"a48f771\" data-element_type=\"widget\" data-widget_type=\"author-box.default\">\n\t\t\t\t<div class=\"elementor-widget-container\">\n\t\t\t\t\t\t\t<div class=\"elementor-author-box\">\n\t\t\t\t\t\t\t<div  class=\"elementor-author-box__avatar\">\n\t\t\t\t\t<img decoding=\"async\" src=\"https:\/\/www.uhinak.com\/wp-content\/uploads\/2022\/07\/02-Jon-S-enz-225x300.jpg\" alt=\"Image de Jon S\u00e1enz Agirre\" loading=\"lazy\">\n\t\t\t\t<\/div>\n\t\t\t\n\t\t\t<div class=\"elementor-author-box__text\">\n\t\t\t\t\t\t\t\t\t<div >\n\t\t\t\t\t\t<h4 class=\"elementor-author-box__name\">\n\t\t\t\t\t\t\tJon S\u00e1enz Agirre\t\t\t\t\t\t<\/h4>\n\t\t\t\t\t<\/div>\n\t\t\t\t\n\t\t\t\t\t\t\t\t\t<div class=\"elementor-author-box__bio\">\n\t\t\t\t\t\t<p>Professeur d'universit\u00e9<br \/>D\u00e9partement de physique. Facult\u00e9 des sciences et de la technologie <br \/>Universit\u00e9 du Pays Basque\/Euskal Herriko Unibertsitatea<\/p>\n\t\t\t\t\t<\/div>\n\t\t\t\t\n\t\t\t\t\t\t\t<\/div>\n\t\t<\/div>\n\t\t\t\t\t\t<\/div>\n\t\t\t\t<\/div>\n\t\t\t\t<div class=\"elementor-element elementor-element-70b006e elementor-widget elementor-widget-text-editor\" data-id=\"70b006e\" data-element_type=\"widget\" data-widget_type=\"text-editor.default\">\n\t\t\t\t<div class=\"elementor-widget-container\">\n\t\t\t\t\t\t\t\t\t<p class=\"p1\">Il est professeur universitaire au d\u00e9partement de physique de la facult\u00e9 des sciences et de la technologie de l&rsquo;universit\u00e9 du Pays basque et membre de la station marine de Plentzia (PIE). Il est l&rsquo;auteur de plusieurs articles dans des revues scientifiques (plus de 80 articles) et chercheur principal dans six projets du Plan national de recherche, tous dans le domaine de la climatologie, domaine dans lequel il a dirig\u00e9 ou codirig\u00e9 neuf th\u00e8ses de doctorat.  <\/p>\n<p>Il a collabor\u00e9 avec des auteurs nationaux et internationaux dans diff\u00e9rents domaines, comme en t\u00e9moignent les publications dans des revues \u00e0 fort impact. L&rsquo;une de ces lignes couvre le couplage atmosph\u00e8re-oc\u00e9an appliqu\u00e9 \u00e0 l&rsquo;utilisation des donn\u00e9es climatiques pour l&rsquo;\u00e9tude de la production d&rsquo;\u00e9nergie renouvelable ou de l&rsquo;\u00e9cotoxicologie dans les zones c\u00f4ti\u00e8res et le couplage entre la production \u00e9olienne et la production de vagues dans les eaux lointaines. <\/p>\n<p class=\"p1\">Une autre ligne couvre l&rsquo;analyse de la variabilit\u00e9 climatique multid\u00e9cennale et les \u00e9nergies renouvelables, ayant collabor\u00e9 \u00e0 l&rsquo;analyse du potentiel \u00e9olien mondial, \u00e0 la d\u00e9tection des changements \u00e0 long terme de la densit\u00e9 de l&rsquo;\u00e9nergie \u00e9olienne offshore ou \u00e0 l&rsquo;impact de la variabilit\u00e9 climatique sur l&rsquo;efficacit\u00e9 des convertisseurs d&rsquo;\u00e9nergie houlomotrice.<\/p>\n<p class=\"p1\">Il a d\u00e9velopp\u00e9 et analys\u00e9 des mod\u00e8les num\u00e9riques \u00e0 haute r\u00e9solution (y compris l&rsquo;assimilation variationnelle de donn\u00e9es dans nos int\u00e9grations), appliqu\u00e9s \u00e0 l&rsquo;\u00e9tude de l&rsquo;\u00e9nergie \u00e9olienne offshore disponible, \u00e0 l&rsquo;analyse de l&rsquo;\u00e9quilibre de l&rsquo;humidit\u00e9 atmosph\u00e9rique et \u00e0 l&rsquo;impact de l&rsquo;utilisation d&rsquo;une \u00e9tape d&rsquo;assimilation de donn\u00e9es dans la simulation de l&rsquo;instabilit\u00e9 convective.<\/p>\n<p class=\"p1\">Il a \u00e9galement produit des logiciels gratuits \u00e0 usage scientifique, tels que les paquets R SailoR et aiRthermo, le code C parall\u00e9lis\u00e9 pour le calcul de fonctions de densit\u00e9 de probabilit\u00e9 multidimensionnelles utilisant le noyau ou le paquet pyclimate en python.<\/p>\n\t\t\t\t\t\t\t\t<\/div>\n\t\t\t\t<\/div>\n\t\t\t\t\t<\/div>\n\t\t<\/div>\n\t\t\t\t\t<\/div>\n\t\t<\/section>\n\t\t\t\t<section class=\"elementor-section elementor-top-section elementor-element elementor-element-b461cf7 elementor-section-boxed elementor-section-height-default elementor-section-height-default\" data-id=\"b461cf7\" data-element_type=\"section\">\n\t\t\t\t\t\t<div class=\"elementor-container elementor-column-gap-default\">\n\t\t\t\t\t<div class=\"elementor-column elementor-col-100 elementor-top-column elementor-element elementor-element-b0e0a1f\" data-id=\"b0e0a1f\" data-element_type=\"column\">\n\t\t\t<div class=\"elementor-widget-wrap elementor-element-populated\">\n\t\t\t\t\t\t<div class=\"elementor-element elementor-element-9225efd elementor-widget elementor-widget-menu-anchor\" data-id=\"9225efd\" data-element_type=\"widget\" data-widget_type=\"menu-anchor.default\">\n\t\t\t\t<div class=\"elementor-widget-container\">\n\t\t\t\t\t\t\t<div class=\"elementor-menu-anchor\" id=\"roland-garnier\"><\/div>\n\t\t\t\t\t\t<\/div>\n\t\t\t\t<\/div>\n\t\t\t\t<div class=\"elementor-element elementor-element-aca79e2 elementor-widget elementor-widget-author-box\" data-id=\"aca79e2\" data-element_type=\"widget\" data-widget_type=\"author-box.default\">\n\t\t\t\t<div class=\"elementor-widget-container\">\n\t\t\t\t\t\t\t<div class=\"elementor-author-box\">\n\t\t\t\t\t\t\t<div  class=\"elementor-author-box__avatar\">\n\t\t\t\t\t<img decoding=\"async\" src=\"https:\/\/www.uhinak.com\/wp-content\/uploads\/2022\/07\/04-Roland-Garnier-foto-300x300.jpg\" alt=\"Image de Roland Garnier\" loading=\"lazy\">\n\t\t\t\t<\/div>\n\t\t\t\n\t\t\t<div class=\"elementor-author-box__text\">\n\t\t\t\t\t\t\t\t\t<div >\n\t\t\t\t\t\t<h4 class=\"elementor-author-box__name\">\n\t\t\t\t\t\t\tRoland Garnier\t\t\t\t\t\t<\/h4>\n\t\t\t\t\t<\/div>\n\t\t\t\t\n\t\t\t\t\t\t\t\t\t<div class=\"elementor-author-box__bio\">\n\t\t\t\t\t\t<p>Chercheur, AZTI<\/p>\n\t\t\t\t\t<\/div>\n\t\t\t\t\n\t\t\t\t\t\t\t<\/div>\n\t\t<\/div>\n\t\t\t\t\t\t<\/div>\n\t\t\t\t<\/div>\n\t\t\t\t<div class=\"elementor-element elementor-element-f94cb96 elementor-widget elementor-widget-text-editor\" data-id=\"f94cb96\" data-element_type=\"widget\" data-widget_type=\"text-editor.default\">\n\t\t\t\t<div class=\"elementor-widget-container\">\n\t\t\t\t\t\t\t\t\t<p class=\"p1\">Ing\u00e9nieur dipl\u00f4m\u00e9 et docteur en physique appliqu\u00e9e et oc\u00e9anographie de l&rsquo;Universit\u00e9 polytechnique de Catalogne et de l&rsquo;Universit\u00e9 de Bordeaux (2007).<span class=\"Apple-converted-space\">  <\/span>Expert en ing\u00e9nierie c\u00f4ti\u00e8re et en mod\u00e9lisation des processus c\u00f4tiers, avec une exp\u00e9rience professionnelle dans des centres de recherche internationaux (Universit\u00e9 de Nottingham, Universit\u00e9 de Cantabrie, UPC). Il participe au d\u00e9veloppement et \u00e0 la coordination de projets li\u00e9s au changement climatique, aux risques c\u00f4tiers, \u00e0 l&rsquo;ing\u00e9nierie c\u00f4ti\u00e8re et \u00e0 la gestion des c\u00f4tes. Il est chercheur dans le domaine des technologies marines de l&rsquo;AZTI depuis 2020, o\u00f9 il coordonne le projet europ\u00e9en Regions4Climate au niveau r\u00e9gional.  <\/p>\n\t\t\t\t\t\t\t\t<\/div>\n\t\t\t\t<\/div>\n\t\t\t\t\t<\/div>\n\t\t<\/div>\n\t\t\t\t\t<\/div>\n\t\t<\/section>\n\t\t\t\t<section class=\"elementor-section elementor-top-section elementor-element elementor-element-a2a93d8 elementor-section-boxed elementor-section-height-default elementor-section-height-default\" data-id=\"a2a93d8\" data-element_type=\"section\">\n\t\t\t\t\t\t<div class=\"elementor-container elementor-column-gap-default\">\n\t\t\t\t\t<div class=\"elementor-column elementor-col-100 elementor-top-column elementor-element elementor-element-fa8af06\" data-id=\"fa8af06\" data-element_type=\"column\">\n\t\t\t<div class=\"elementor-widget-wrap elementor-element-populated\">\n\t\t\t\t\t\t<div class=\"elementor-element elementor-element-ddb7b90 elementor-widget elementor-widget-menu-anchor\" data-id=\"ddb7b90\" data-element_type=\"widget\" data-widget_type=\"menu-anchor.default\">\n\t\t\t\t<div class=\"elementor-widget-container\">\n\t\t\t\t\t\t\t<div class=\"elementor-menu-anchor\" id=\"delpey-matthias\"><\/div>\n\t\t\t\t\t\t<\/div>\n\t\t\t\t<\/div>\n\t\t\t\t<div class=\"elementor-element elementor-element-97f3cf9 elementor-widget elementor-widget-author-box\" data-id=\"97f3cf9\" data-element_type=\"widget\" data-widget_type=\"author-box.default\">\n\t\t\t\t<div class=\"elementor-widget-container\">\n\t\t\t\t\t\t\t<div class=\"elementor-author-box\">\n\t\t\t\t\t\t\t<div  class=\"elementor-author-box__avatar\">\n\t\t\t\t\t<img decoding=\"async\" src=\"https:\/\/www.uhinak.com\/wp-content\/uploads\/2022\/07\/06-Matthias-Delpey-scaled-e1720634068673-289x300.jpg\" alt=\"Image de Delpey Matthias\" loading=\"lazy\">\n\t\t\t\t<\/div>\n\t\t\t\n\t\t\t<div class=\"elementor-author-box__text\">\n\t\t\t\t\t\t\t\t\t<div >\n\t\t\t\t\t\t<h4 class=\"elementor-author-box__name\">\n\t\t\t\t\t\t\tDelpey Matthias\t\t\t\t\t\t<\/h4>\n\t\t\t\t\t<\/div>\n\t\t\t\t\n\t\t\t\t\t\t\t\t\t<div class=\"elementor-author-box__bio\">\n\t\t\t\t\t\t<p>Responsable Recherche &amp; D\u00e9veloppement<br \/>Responsable des services Vagues &amp; Risques C\u00f4tiers<br \/>Co-directeur du laboratoire commun KOSTARISK (UPPA\/AZTI\/RPT). Rivages Pro Tech, SUEZ Eau France<\/p>\n\t\t\t\t\t<\/div>\n\t\t\t\t\n\t\t\t\t\t\t\t<\/div>\n\t\t<\/div>\n\t\t\t\t\t\t<\/div>\n\t\t\t\t<\/div>\n\t\t\t\t<div class=\"elementor-element elementor-element-fec0eb2 elementor-widget elementor-widget-text-editor\" data-id=\"fec0eb2\" data-element_type=\"widget\" data-widget_type=\"text-editor.default\">\n\t\t\t\t<div class=\"elementor-widget-container\">\n\t\t\t\t\t\t\t\t\t<p class=\"p1\">Matthias Delpey est responsable des activit\u00e9s de Recherche &amp; D\u00e9veloppement du centre Rivages Pro Tech de SUEZ et travaille en particulier sur les probl\u00e9matiques li\u00e9es aux vagues et \u00e0 l&rsquo;impact des temp\u00eates sur le littoral. Il codirige \u00e9galement le laboratoire commun KOSTARISK d\u00e9di\u00e9 \u00e0 la recherche sur les risques c\u00f4tiers, qui est partag\u00e9 entre le laboratoire SIAME de l&rsquo;Universit\u00e9 de Pau et Pays de l&rsquo;Adour, la Fondation AZTI et le centre Rivages Pro Tech. Ing\u00e9nieur et docteur en Oc\u00e9anographique Physique, Matthias est sp\u00e9cialiste de la dynamique des vagues en zone c\u00f4ti\u00e8re, des interactions vagues-courants et de la submersion marine. Depuis l&rsquo;ann\u00e9e janvier 2023, Matthias coordonne les actions collaboratives men\u00e9es sur la c\u00f4te sud Aquitaine dans le cadre du projet Europ\u00e9en Regions4Climate, aux c\u00f4t\u00e9s de la Communaut\u00e9 d&rsquo;Agglom\u00e9ration Pays Basque et de l&rsquo;Universit\u00e9 de Pau et Pays de l&rsquo;Adour.   <\/p>\n\t\t\t\t\t\t\t\t<\/div>\n\t\t\t\t<\/div>\n\t\t\t\t\t<\/div>\n\t\t<\/div>\n\t\t\t\t\t<\/div>\n\t\t<\/section>\n\t\t\t\t<section class=\"elementor-section elementor-top-section elementor-element elementor-element-b8ff1c7 elementor-section-boxed elementor-section-height-default elementor-section-height-default\" data-id=\"b8ff1c7\" data-element_type=\"section\">\n\t\t\t\t\t\t<div class=\"elementor-container elementor-column-gap-default\">\n\t\t\t\t\t<div class=\"elementor-column elementor-col-100 elementor-top-column elementor-element elementor-element-3d6745b\" data-id=\"3d6745b\" data-element_type=\"column\">\n\t\t\t<div class=\"elementor-widget-wrap elementor-element-populated\">\n\t\t\t\t\t\t<div class=\"elementor-element elementor-element-87966e3 elementor-widget elementor-widget-menu-anchor\" data-id=\"87966e3\" data-element_type=\"widget\" data-widget_type=\"menu-anchor.default\">\n\t\t\t\t<div class=\"elementor-widget-container\">\n\t\t\t\t\t\t\t<div class=\"elementor-menu-anchor\" id=\"soledad-vivas-navarro\"><\/div>\n\t\t\t\t\t\t<\/div>\n\t\t\t\t<\/div>\n\t\t\t\t<div class=\"elementor-element elementor-element-b6c5446 elementor-widget elementor-widget-author-box\" data-id=\"b6c5446\" data-element_type=\"widget\" data-widget_type=\"author-box.default\">\n\t\t\t\t<div class=\"elementor-widget-container\">\n\t\t\t\t\t\t\t<div class=\"elementor-author-box\">\n\t\t\t\t\t\t\t<div  class=\"elementor-author-box__avatar\">\n\t\t\t\t\t<img decoding=\"async\" src=\"https:\/\/www.uhinak.com\/wp-content\/uploads\/2022\/07\/07-Soledad-Vivas-300x297.jpg\" alt=\"Image de Soledad Vivas Navarro\" loading=\"lazy\">\n\t\t\t\t<\/div>\n\t\t\t\n\t\t\t<div class=\"elementor-author-box__text\">\n\t\t\t\t\t\t\t\t\t<div >\n\t\t\t\t\t\t<h4 class=\"elementor-author-box__name\">\n\t\t\t\t\t\t\tSoledad Vivas Navarro\t\t\t\t\t\t<\/h4>\n\t\t\t\t\t<\/div>\n\t\t\t\t\n\t\t\t\t\t\t\t\t\t<div class=\"elementor-author-box__bio\">\n\t\t\t\t\t\t<p>Coordinatrice technique de l'environnement marin. <br \/>Agence de l'environnement et de l'eau. Gouvernement r\u00e9gional d'Andalousie. <\/p>\n\t\t\t\t\t<\/div>\n\t\t\t\t\n\t\t\t\t\t\t\t<\/div>\n\t\t<\/div>\n\t\t\t\t\t\t<\/div>\n\t\t\t\t<\/div>\n\t\t\t\t<div class=\"elementor-element elementor-element-e57a6ed elementor-widget elementor-widget-text-editor\" data-id=\"e57a6ed\" data-element_type=\"widget\" data-widget_type=\"text-editor.default\">\n\t\t\t\t<div class=\"elementor-widget-container\">\n\t\t\t\t\t\t\t\t\t<p class=\"p1\">Elle a \u00e9t\u00e9 coordinatrice technique du programme de l&rsquo;environnement marin \u00e0 l&rsquo;agence de l&rsquo;environnement et de l&rsquo;eau du gouvernement r\u00e9gional d&rsquo;Andalousie de 2008 \u00e0 aujourd&rsquo;hui. Coordinateur de divers projets europ\u00e9ens, dont Life + Posidonia Andaluc\u00eda, le projet Life Blue Natura et Life IP Intemares, dans ce dernier cas en relation avec les engagements de l&rsquo;Agence en tant que partenaire b\u00e9n\u00e9ficiaire de ce projet. Depuis plus de 14 ans qu&rsquo;elle exerce ces activit\u00e9s, l&rsquo;Agence a publi\u00e9 des dizaines d&rsquo;articles et de chapitres de livres et r\u00e9alis\u00e9 diff\u00e9rentes interventions sous diff\u00e9rents formats au niveau national et europ\u00e9en qui refl\u00e8tent le d\u00e9veloppement de toutes les actions men\u00e9es en mati\u00e8re de gestion et de conservation des esp\u00e8ces et des habitats marins menac\u00e9s en Andalousie, en particulier celles li\u00e9es au Plan de r\u00e9cup\u00e9ration et de conservation des phan\u00e9rogames et des invert\u00e9br\u00e9s marins menac\u00e9s en Andalousie et au Programme d&rsquo;urgence contre les \u00e9chouages de c\u00e9tac\u00e9s et de tortues marines en Andalousie. Ces derni\u00e8res ann\u00e9es, ce travail a \u00e9galement fourni des informations sp\u00e9cifiques sur le calcul des services \u00e9cosyst\u00e9miques des \u00e9cosyst\u00e8mes marins en Andalousie, en particulier ceux associ\u00e9s aux herbiers de Posidonia oceanica (HIC*1120). R\u00e9cemment, et gr\u00e2ce \u00e0 la mise en \u0153uvre de Life Blue Natura, le d\u00e9veloppement de projets en ligne avec le SbN, en particulier des projets visant \u00e0 renforcer le r\u00f4le des \u00e9cosyst\u00e8mes marins dans la lutte contre le changement climatique, en particulier leur r\u00f4le dans la s\u00e9questration du CO2, a \u00e9t\u00e9 mis en \u00e9vidence.    <\/p>\n\t\t\t\t\t\t\t\t<\/div>\n\t\t\t\t<\/div>\n\t\t\t\t\t<\/div>\n\t\t<\/div>\n\t\t\t\t\t<\/div>\n\t\t<\/section>\n\t\t\t\t<section class=\"elementor-section elementor-top-section elementor-element elementor-element-2f81d2a elementor-section-boxed elementor-section-height-default elementor-section-height-default\" data-id=\"2f81d2a\" data-element_type=\"section\">\n\t\t\t\t\t\t<div class=\"elementor-container elementor-column-gap-default\">\n\t\t\t\t\t<div class=\"elementor-column elementor-col-100 elementor-top-column elementor-element elementor-element-34d7d42\" data-id=\"34d7d42\" data-element_type=\"column\">\n\t\t\t<div class=\"elementor-widget-wrap elementor-element-populated\">\n\t\t\t\t\t\t<div class=\"elementor-element elementor-element-848f773 elementor-widget elementor-widget-menu-anchor\" data-id=\"848f773\" data-element_type=\"widget\" data-widget_type=\"menu-anchor.default\">\n\t\t\t\t<div class=\"elementor-widget-container\">\n\t\t\t\t\t\t\t<div class=\"elementor-menu-anchor\" id=\"losada-rodriguez\"><\/div>\n\t\t\t\t\t\t<\/div>\n\t\t\t\t<\/div>\n\t\t\t\t<div class=\"elementor-element elementor-element-4e28b2a elementor-widget elementor-widget-author-box\" data-id=\"4e28b2a\" data-element_type=\"widget\" data-widget_type=\"author-box.default\">\n\t\t\t\t<div class=\"elementor-widget-container\">\n\t\t\t\t\t\t\t<div class=\"elementor-author-box\">\n\t\t\t\t\t\t\t<div  class=\"elementor-author-box__avatar\">\n\t\t\t\t\t<img decoding=\"async\" src=\"https:\/\/www.uhinak.com\/wp-content\/uploads\/2022\/07\/08-I\u0e04igo-Losada-235x300.jpg\" alt=\"Image de I\u00f1igo Losada Rodr\u00edguez\" loading=\"lazy\">\n\t\t\t\t<\/div>\n\t\t\t\n\t\t\t<div class=\"elementor-author-box__text\">\n\t\t\t\t\t\t\t\t\t<div >\n\t\t\t\t\t\t<h4 class=\"elementor-author-box__name\">\n\t\t\t\t\t\t\tI\u00f1igo Losada Rodr\u00edguez\t\t\t\t\t\t<\/h4>\n\t\t\t\t\t<\/div>\n\t\t\t\t\n\t\t\t\t\t\t\t\t\t<div class=\"elementor-author-box__bio\">\n\t\t\t\t\t\t<p>Research Director<br \/>\nInstitute of Environmental Hydraulics \"IHCantabria\".<br \/>\nUniversity of Cantabria <\/p>\n\t\t\t\t\t<\/div>\n\t\t\t\t\n\t\t\t\t\t\t\t<\/div>\n\t\t<\/div>\n\t\t\t\t\t\t<\/div>\n\t\t\t\t<\/div>\n\t\t\t\t<div class=\"elementor-element elementor-element-679c863 elementor-widget elementor-widget-text-editor\" data-id=\"679c863\" data-element_type=\"widget\" data-widget_type=\"text-editor.default\">\n\t\t\t\t<div class=\"elementor-widget-container\">\n\t\t\t\t\t\t\t\t\t<p class=\"p1\">I\u00f1igo Losada holds a PhD in Civil Engineering from the University of Cantabria (Spain) and the University of Delaware (USA). He is Professor of Hydraulic Engineering at the School of Civil Engineering of Santander and Research Director of the Institute of Environmental Hydraulics-IHCantabria. <\/p>\n<p class=\"p1\">His research has focused on modelling coastal processes, wave-structure interaction, offshore energy and climate change related risks and adaptation in coastal zones. He was the coordinating lead author of the coastal chapter of the IPCC 5th Assessment Report. For his work, Losada has received awards from the (ASCE) and the (IAHR) as well as the National Research and Environment Awards.  <\/p>\n\t\t\t\t\t\t\t\t<\/div>\n\t\t\t\t<\/div>\n\t\t\t\t\t<\/div>\n\t\t<\/div>\n\t\t\t\t\t<\/div>\n\t\t<\/section>\n\t\t\t\t<section class=\"elementor-section elementor-top-section elementor-element elementor-element-c911ecf elementor-section-boxed elementor-section-height-default elementor-section-height-default\" data-id=\"c911ecf\" data-element_type=\"section\">\n\t\t\t\t\t\t<div class=\"elementor-container elementor-column-gap-default\">\n\t\t\t\t\t<div class=\"elementor-column elementor-col-100 elementor-top-column elementor-element elementor-element-4d362d4\" data-id=\"4d362d4\" data-element_type=\"column\">\n\t\t\t<div class=\"elementor-widget-wrap elementor-element-populated\">\n\t\t\t\t\t\t<div class=\"elementor-element elementor-element-181666b elementor-widget elementor-widget-menu-anchor\" data-id=\"181666b\" data-element_type=\"widget\" data-widget_type=\"menu-anchor.default\">\n\t\t\t\t<div class=\"elementor-widget-container\">\n\t\t\t\t\t\t\t<div class=\"elementor-menu-anchor\" id=\"maria-josep-pico-garces\"><\/div>\n\t\t\t\t\t\t<\/div>\n\t\t\t\t<\/div>\n\t\t\t\t<div class=\"elementor-element elementor-element-b4b3c86 elementor-widget elementor-widget-author-box\" data-id=\"b4b3c86\" data-element_type=\"widget\" data-widget_type=\"author-box.default\">\n\t\t\t\t<div class=\"elementor-widget-container\">\n\t\t\t\t\t\t\t<div class=\"elementor-author-box\">\n\t\t\t\t\t\t\t<div  class=\"elementor-author-box__avatar\">\n\t\t\t\t\t<img decoding=\"async\" src=\"https:\/\/www.uhinak.com\/wp-content\/uploads\/2022\/07\/09-Mar\u0e01a-Josep-Pic\u0e02-scaled-e1720634046309-300x267.jpg\" alt=\"Image de Maria Josep Pic\u00f3 Garc\u00e9s\" loading=\"lazy\">\n\t\t\t\t<\/div>\n\t\t\t\n\t\t\t<div class=\"elementor-author-box__text\">\n\t\t\t\t\t\t\t\t\t<div >\n\t\t\t\t\t\t<h4 class=\"elementor-author-box__name\">\n\t\t\t\t\t\t\tMaria Josep Pic\u00f3 Garc\u00e9s\t\t\t\t\t\t<\/h4>\n\t\t\t\t\t<\/div>\n\t\t\t\t\n\t\t\t\t\t\t\t\t\t<div class=\"elementor-author-box__bio\">\n\t\t\t\t\t\t<p>Professeur de journalisme<br \/>\nUniversit\u00e9 de Val\u00e8ncia<\/p>\n\t\t\t\t\t<\/div>\n\t\t\t\t\n\t\t\t\t\t\t\t<\/div>\n\t\t<\/div>\n\t\t\t\t\t\t<\/div>\n\t\t\t\t<\/div>\n\t\t\t\t<div class=\"elementor-element elementor-element-82d840f elementor-widget elementor-widget-text-editor\" data-id=\"82d840f\" data-element_type=\"widget\" data-widget_type=\"text-editor.default\">\n\t\t\t\t<div class=\"elementor-widget-container\">\n\t\t\t\t\t\t\t\t\t<p>Elle est professeur de journalisme \u00e0 l&rsquo;universit\u00e9 de Val\u00e8ncia et coordinatrice du module de journalisme environnemental dans le cadre du master en communication scientifique, m\u00e9dicale et environnementale de l&rsquo;universit\u00e9 Pompeu Fabra de Barcelone. Elle a \u00e9t\u00e9 r\u00e9dactrice sp\u00e9cialis\u00e9e pour le journal Levante-EMV, directrice du magazine sur la nature Nat, de S\u00e0piens Publicacions, et journaliste \u00e0 l&rsquo;UCC+i de l&rsquo;Universitat de Val\u00e8ncia et de l&rsquo;Universitat Jaume I. Elle a \u00e9galement coordonn\u00e9 la strat\u00e9gie de communication et de participation de l&rsquo;Universit\u00e9 de Val\u00e8ncia. Elle a \u00e9galement coordonn\u00e9 la strat\u00e9gie de communication et de participation de Val\u00e8ncia, Capitale verte de l&rsquo;Europe 2024. Ses domaines de sp\u00e9cialisation sont la communication environnementale, la durabilit\u00e9 et le changement climatique, ainsi que les nouveaux r\u00e9cits transm\u00e9dias pour la communication scientifique dans l&rsquo;environnement num\u00e9rique. Il est laur\u00e9at du prix national du journalisme 2005, d\u00e9cern\u00e9 par le minist\u00e8re de l&rsquo;environnement du gouvernement espagnol.<\/p>\t\t\t\t\t\t\t\t<\/div>\n\t\t\t\t<\/div>\n\t\t\t\t\t<\/div>\n\t\t<\/div>\n\t\t\t\t\t<\/div>\n\t\t<\/section>\n\t\t\t\t<section class=\"elementor-section elementor-top-section elementor-element elementor-element-4d45780 elementor-section-boxed elementor-section-height-default elementor-section-height-default\" data-id=\"4d45780\" data-element_type=\"section\">\n\t\t\t\t\t\t<div class=\"elementor-container elementor-column-gap-default\">\n\t\t\t\t\t<div class=\"elementor-column elementor-col-100 elementor-top-column elementor-element elementor-element-2c1d212\" data-id=\"2c1d212\" data-element_type=\"column\">\n\t\t\t<div class=\"elementor-widget-wrap elementor-element-populated\">\n\t\t\t\t\t\t<div class=\"elementor-element elementor-element-b28931a elementor-widget elementor-widget-menu-anchor\" data-id=\"b28931a\" data-element_type=\"widget\" data-widget_type=\"menu-anchor.default\">\n\t\t\t\t<div class=\"elementor-widget-container\">\n\t\t\t\t\t\t\t<div class=\"elementor-menu-anchor\" id=\"marta-coll-monton\"><\/div>\n\t\t\t\t\t\t<\/div>\n\t\t\t\t<\/div>\n\t\t\t\t<div class=\"elementor-element elementor-element-4281dbb elementor-widget elementor-widget-author-box\" data-id=\"4281dbb\" data-element_type=\"widget\" data-widget_type=\"author-box.default\">\n\t\t\t\t<div class=\"elementor-widget-container\">\n\t\t\t\t\t\t\t<div class=\"elementor-author-box\">\n\t\t\t\t\t\t\t<div  class=\"elementor-author-box__avatar\">\n\t\t\t\t\t<img decoding=\"async\" src=\"https:\/\/www.uhinak.com\/wp-content\/uploads\/2024\/06\/Foto-Marta-Coll.jpg\" alt=\"Image de Marta Coll Mont\u00f3n\" loading=\"lazy\">\n\t\t\t\t<\/div>\n\t\t\t\n\t\t\t<div class=\"elementor-author-box__text\">\n\t\t\t\t\t\t\t\t\t<div >\n\t\t\t\t\t\t<h4 class=\"elementor-author-box__name\">\n\t\t\t\t\t\t\tMarta Coll Mont\u00f3n\t\t\t\t\t\t<\/h4>\n\t\t\t\t\t<\/div>\n\t\t\t\t\n\t\t\t\t\t\t\t\t\t<div class=\"elementor-author-box__bio\">\n\t\t\t\t\t\t<p>Senior researcher <br \/>\nInstituto de Ciencias del Mar (ICM) - CSIC; Barcelona<\/p>\n\t\t\t\t\t<\/div>\n\t\t\t\t\n\t\t\t\t\t\t\t<\/div>\n\t\t<\/div>\n\t\t\t\t\t\t<\/div>\n\t\t\t\t<\/div>\n\t\t\t\t<div class=\"elementor-element elementor-element-1a40b7d elementor-widget elementor-widget-text-editor\" data-id=\"1a40b7d\" data-element_type=\"widget\" data-widget_type=\"text-editor.default\">\n\t\t\t\t<div class=\"elementor-widget-container\">\n\t\t\t\t\t\t\t\t\t<p class=\"p1\">Elle est chercheuse \u00e0 l&rsquo;Institut des sciences de la mer (ICM-CSIC) (Barcelone, Espagne).<\/p><p class=\"p1\">Ses recherches sont ax\u00e9es sur la compr\u00e9hension des mod\u00e8les et des processus qui ont caract\u00e9ris\u00e9 et caract\u00e9riseront les \u00e9cosyst\u00e8mes marins et, en particulier, les changements et les menaces qui p\u00e8sent sur la biodiversit\u00e9 marine. Elle \u00e9tudie la dynamique des communaut\u00e9s et des r\u00e9seaux alimentaires li\u00e9e aux activit\u00e9s humaines (telles que la p\u00eache, l&rsquo;eutrophisation, les esp\u00e8ces envahissantes et le changement climatique), et la mani\u00e8re dont ces dynamiques se traduisent par des changements dans la structure et le fonctionnement des \u00e9cosyst\u00e8mes, ainsi que dans les services que l&rsquo;homme obtient de l&rsquo;oc\u00e9an. Elle d\u00e9veloppe et applique une vari\u00e9t\u00e9 d&rsquo;analyses \u00e9cologiques bas\u00e9es sur des techniques de mod\u00e9lisation des \u00e9cosyst\u00e8mes et des outils statistiques, et utilise des donn\u00e9es historiques, des r\u00e9sultats exp\u00e9rimentaux et des ensembles de donn\u00e9es de terrain. Elle travaille actuellement \u00e0 l&rsquo;\u00e9laboration et \u00e0 l&rsquo;essai de sc\u00e9narios de trajectoires futures de changement afin de trouver les meilleures solutions pour une gestion transformatrice des oc\u00e9ans.<\/p>\t\t\t\t\t\t\t\t<\/div>\n\t\t\t\t<\/div>\n\t\t\t\t\t<\/div>\n\t\t<\/div>\n\t\t\t\t\t<\/div>\n\t\t<\/section>\n\t\t\t\t<\/div>\n\t\t<\/div>\r\n                                          <\/li>\r\n                    <\/ul>\r\n      <\/section>\r\n      \t\t\t\t<\/div>\n\t\t\t\t<\/div>\n\t\t\t\t\t<\/div>\n\t\t<\/div>\n\t\t\t\t\t<\/div>\n\t\t<\/section>\n\t\t\t\t<section class=\"elementor-section elementor-top-section elementor-element elementor-element-e9fafae elementor-section-boxed elementor-section-height-default elementor-section-height-default\" data-id=\"e9fafae\" data-element_type=\"section\" data-settings=\"{&quot;background_background&quot;:&quot;classic&quot;}\">\n\t\t\t\t\t\t<div class=\"elementor-container elementor-column-gap-default\">\n\t\t\t\t\t<div class=\"elementor-column elementor-col-33 elementor-top-column elementor-element elementor-element-ca34690\" data-id=\"ca34690\" data-element_type=\"column\">\n\t\t\t<div class=\"elementor-widget-wrap elementor-element-populated\">\n\t\t\t\t\t\t<div class=\"elementor-element elementor-element-754e16a elementor-align-center elementor-widget__width-inherit elementor-widget elementor-widget-button\" data-id=\"754e16a\" data-element_type=\"widget\" data-widget_type=\"button.default\">\n\t\t\t\t<div class=\"elementor-widget-container\">\n\t\t\t\t\t\t\t\t\t<div class=\"elementor-button-wrapper\">\n\t\t\t\t\t<a class=\"elementor-button elementor-button-link elementor-size-xl\" href=\"https:\/\/www.uhinak.com\/wp-content\/uploads\/2024\/10\/Uhinak24-programa-red-FR-2.pdf\" target=\"_blank\">\n\t\t\t\t\t\t<span class=\"elementor-button-content-wrapper\">\n\t\t\t\t\t\t<span class=\"elementor-button-icon\">\n\t\t\t\t<i aria-hidden=\"true\" class=\"fas fa-file-pdf\"><\/i>\t\t\t<\/span>\n\t\t\t\t\t\t\t\t\t<span class=\"elementor-button-text\">Descargar el programa en PDF<\/span>\n\t\t\t\t\t<\/span>\n\t\t\t\t\t<\/a>\n\t\t\t\t<\/div>\n\t\t\t\t\t\t\t\t<\/div>\n\t\t\t\t<\/div>\n\t\t\t\t\t<\/div>\n\t\t<\/div>\n\t\t\t\t<div class=\"elementor-column elementor-col-33 elementor-top-column elementor-element elementor-element-60f2267\" data-id=\"60f2267\" data-element_type=\"column\">\n\t\t\t<div class=\"elementor-widget-wrap elementor-element-populated\">\n\t\t\t\t\t\t<div class=\"elementor-element elementor-element-56dddd1 elementor-align-center elementor-widget__width-inherit elementor-widget elementor-widget-button\" data-id=\"56dddd1\" data-element_type=\"widget\" data-widget_type=\"button.default\">\n\t\t\t\t<div class=\"elementor-widget-container\">\n\t\t\t\t\t\t\t\t\t<div class=\"elementor-button-wrapper\">\n\t\t\t\t\t<a class=\"elementor-button elementor-button-link elementor-size-xl\" href=\"https:\/\/www.uhinak.com\/wp-content\/uploads\/2024\/10\/Uhinak-2024-Libro-de-abstracts-1.pdf\" target=\"_blank\">\n\t\t\t\t\t\t<span class=\"elementor-button-content-wrapper\">\n\t\t\t\t\t\t<span class=\"elementor-button-icon\">\n\t\t\t\t<i aria-hidden=\"true\" class=\"fas fa-file-pdf\"><\/i>\t\t\t<\/span>\n\t\t\t\t\t\t\t\t\t<span class=\"elementor-button-text\">Descargar el libro de res\u00famenes de ponencias y comunicaciones<\/span>\n\t\t\t\t\t<\/span>\n\t\t\t\t\t<\/a>\n\t\t\t\t<\/div>\n\t\t\t\t\t\t\t\t<\/div>\n\t\t\t\t<\/div>\n\t\t\t\t\t<\/div>\n\t\t<\/div>\n\t\t\t\t<div class=\"elementor-column elementor-col-33 elementor-top-column elementor-element elementor-element-9f87723\" data-id=\"9f87723\" data-element_type=\"column\">\n\t\t\t<div class=\"elementor-widget-wrap elementor-element-populated\">\n\t\t\t\t\t\t<div class=\"elementor-element elementor-element-069c021 elementor-align-center elementor-widget__width-inherit elementor-widget elementor-widget-button\" data-id=\"069c021\" data-element_type=\"widget\" data-widget_type=\"button.default\">\n\t\t\t\t<div class=\"elementor-widget-container\">\n\t\t\t\t\t\t\t\t\t<div class=\"elementor-button-wrapper\">\n\t\t\t\t\t<a class=\"elementor-button elementor-button-link elementor-size-xl\" href=\"https:\/\/www.uhinak.com\/wp-content\/uploads\/2024\/10\/Revista-RIM-Uhinak-2024.pdf\" target=\"_blank\">\n\t\t\t\t\t\t<span class=\"elementor-button-content-wrapper\">\n\t\t\t\t\t\t<span class=\"elementor-button-icon\">\n\t\t\t\t<i aria-hidden=\"true\" class=\"fas fa-file-signature\"><\/i>\t\t\t<\/span>\n\t\t\t\t\t\t\t\t\t<span class=\"elementor-button-text\">Revista de invetigaci\u00f3n Marina \u2013 RIM AZTI - Abstract extendidos<\/span>\n\t\t\t\t\t<\/span>\n\t\t\t\t\t<\/a>\n\t\t\t\t<\/div>\n\t\t\t\t\t\t\t\t<\/div>\n\t\t\t\t<\/div>\n\t\t\t\t\t<\/div>\n\t\t<\/div>\n\t\t\t\t\t<\/div>\n\t\t<\/section>\n\t\t\t\t<section class=\"elementor-section elementor-top-section elementor-element elementor-element-6f3ee61 elementor-section-boxed elementor-section-height-default elementor-section-height-default\" data-id=\"6f3ee61\" data-element_type=\"section\">\n\t\t\t\t\t\t<div class=\"elementor-container elementor-column-gap-default\">\n\t\t\t\t\t<div class=\"elementor-column elementor-col-100 elementor-top-column elementor-element elementor-element-56fe6f8\" data-id=\"56fe6f8\" data-element_type=\"column\">\n\t\t\t<div class=\"elementor-widget-wrap elementor-element-populated\">\n\t\t\t\t\t\t<div class=\"elementor-element elementor-element-825f9f4 elementor-align-center elementor-widget__width-inherit elementor-hidden-desktop elementor-hidden-tablet elementor-hidden-mobile elementor-widget elementor-widget-button\" data-id=\"825f9f4\" data-element_type=\"widget\" data-widget_type=\"button.default\">\n\t\t\t\t<div class=\"elementor-widget-container\">\n\t\t\t\t\t\t\t\t\t<div class=\"elementor-button-wrapper\">\n\t\t\t\t\t<a class=\"elementor-button elementor-button-link elementor-size-xl\" href=\"\/producto\/inscripcion-uhinak\/\">\n\t\t\t\t\t\t<span class=\"elementor-button-content-wrapper\">\n\t\t\t\t\t\t<span class=\"elementor-button-icon\">\n\t\t\t\t<i aria-hidden=\"true\" class=\"fas fa-file-signature\"><\/i>\t\t\t<\/span>\n\t\t\t\t\t\t\t\t\t<span class=\"elementor-button-text\">Inscripci\u00f3n al congreso<\/span>\n\t\t\t\t\t<\/span>\n\t\t\t\t\t<\/a>\n\t\t\t\t<\/div>\n\t\t\t\t\t\t\t\t<\/div>\n\t\t\t\t<\/div>\n\t\t\t\t\t<\/div>\n\t\t<\/div>\n\t\t\t\t\t<\/div>\n\t\t<\/section>\n\t\t\t\t<\/div>\n\t\t","protected":false},"excerpt":{"rendered":"<p>Descargar el programa en PDF Descargar el libro de res\u00famenes de ponencias y comunicaciones Revista de invetigaci\u00f3n Marina \u2013 RIM AZTI &#8211; Abstract extendidos Primera jornada Segunda jornada Posters Ponentes Descargar el programa en PDF Descargar el libro de res\u00famenes de ponencias y comunicaciones Revista de invetigaci\u00f3n Marina \u2013 RIM AZTI &#8211; Abstract extendidos Inscripci\u00f3n [&hellip;]<\/p>\n","protected":false},"author":9,"featured_media":0,"parent":0,"menu_order":0,"comment_status":"closed","ping_status":"closed","template":"","meta":{"footnotes":""},"class_list":["post-4225","page","type-page","status-publish","hentry"],"yoast_head":"<!-- This site is optimized with the Yoast SEO plugin v26.8 - https:\/\/yoast.com\/product\/yoast-seo-wordpress\/ -->\n<title>Programme - uhinak<\/title>\n<meta name=\"robots\" content=\"index, follow, max-snippet:-1, max-image-preview:large, max-video-preview:-1\" \/>\n<link rel=\"canonical\" href=\"https:\/\/www.uhinak.com\/programa\/\" \/>\n<meta property=\"og:locale\" content=\"fr_FR\" \/>\n<meta property=\"og:type\" content=\"article\" \/>\n<meta property=\"og:title\" content=\"Programme - uhinak\" \/>\n<meta property=\"og:description\" content=\"Descargar el programa en PDF Descargar el libro de res\u00famenes de ponencias y comunicaciones Revista de invetigaci\u00f3n Marina \u2013 RIM AZTI &#8211; Abstract extendidos Primera jornada Segunda jornada Posters Ponentes Descargar el programa en PDF Descargar el libro de res\u00famenes de ponencias y comunicaciones Revista de invetigaci\u00f3n Marina \u2013 RIM AZTI &#8211; Abstract extendidos Inscripci\u00f3n [&hellip;]\" \/>\n<meta property=\"og:url\" content=\"https:\/\/www.uhinak.com\/programa\/\" \/>\n<meta property=\"og:site_name\" content=\"uhinak\" \/>\n<meta property=\"article:modified_time\" content=\"2024-10-31T12:57:20+00:00\" \/>\n<meta property=\"og:image\" content=\"https:\/\/www.uhinak.com\/wp-content\/uploads\/2022\/04\/logo_uhinak.png\" \/>\n\t<meta property=\"og:image:width\" content=\"216\" \/>\n\t<meta property=\"og:image:height\" content=\"138\" \/>\n\t<meta property=\"og:image:type\" content=\"image\/png\" \/>\n<meta name=\"twitter:card\" content=\"summary_large_image\" \/>\n<meta name=\"twitter:site\" content=\"@UhinakK\" \/>\n<meta name=\"twitter:label1\" content=\"Dur\u00e9e de lecture estim\u00e9e\" \/>\n\t<meta name=\"twitter:data1\" content=\"1 minute\" \/>\n<script type=\"application\/ld+json\" class=\"yoast-schema-graph\">{\"@context\":\"https:\/\/schema.org\",\"@graph\":[{\"@type\":\"WebPage\",\"@id\":\"https:\/\/www.uhinak.com\/programa\/\",\"url\":\"https:\/\/www.uhinak.com\/programa\/\",\"name\":\"Programme - uhinak\",\"isPartOf\":{\"@id\":\"https:\/\/www.uhinak.com\/#website\"},\"datePublished\":\"2022-07-12T08:32:23+00:00\",\"dateModified\":\"2024-10-31T12:57:20+00:00\",\"breadcrumb\":{\"@id\":\"https:\/\/www.uhinak.com\/programa\/#breadcrumb\"},\"inLanguage\":\"fr-FR\",\"potentialAction\":[{\"@type\":\"ReadAction\",\"target\":[\"https:\/\/www.uhinak.com\/programa\/\"]}]},{\"@type\":\"BreadcrumbList\",\"@id\":\"https:\/\/www.uhinak.com\/programa\/#breadcrumb\",\"itemListElement\":[{\"@type\":\"ListItem\",\"position\":1,\"name\":\"Portada\",\"item\":\"https:\/\/www.uhinak.com\/fr\/home\/\"},{\"@type\":\"ListItem\",\"position\":2,\"name\":\"Programme\"}]},{\"@type\":\"WebSite\",\"@id\":\"https:\/\/www.uhinak.com\/#website\",\"url\":\"https:\/\/www.uhinak.com\/\",\"name\":\"uhinak\",\"description\":\"VII Congreso transfronterizo sobre Cambio Clim\u00e1tico y Litoral\",\"publisher\":{\"@id\":\"https:\/\/www.uhinak.com\/#organization\"},\"alternateName\":\"VI Congreso transfronterizo sobre Cambio Clim\u00e1tico y Litoral\",\"potentialAction\":[{\"@type\":\"SearchAction\",\"target\":{\"@type\":\"EntryPoint\",\"urlTemplate\":\"https:\/\/www.uhinak.com\/?s={search_term_string}\"},\"query-input\":{\"@type\":\"PropertyValueSpecification\",\"valueRequired\":true,\"valueName\":\"search_term_string\"}}],\"inLanguage\":\"fr-FR\"},{\"@type\":\"Organization\",\"@id\":\"https:\/\/www.uhinak.com\/#organization\",\"name\":\"uhinak\",\"alternateName\":\"VI Congreso transfronterizo sobre Cambio Clim\u00e1tico y Litoral\",\"url\":\"https:\/\/www.uhinak.com\/\",\"logo\":{\"@type\":\"ImageObject\",\"inLanguage\":\"fr-FR\",\"@id\":\"https:\/\/www.uhinak.com\/#\/schema\/logo\/image\/\",\"url\":\"https:\/\/www.uhinak.com\/wp-content\/uploads\/2022\/04\/logo_uhinak.png\",\"contentUrl\":\"https:\/\/www.uhinak.com\/wp-content\/uploads\/2022\/04\/logo_uhinak.png\",\"width\":216,\"height\":138,\"caption\":\"uhinak\"},\"image\":{\"@id\":\"https:\/\/www.uhinak.com\/#\/schema\/logo\/image\/\"},\"sameAs\":[\"https:\/\/x.com\/UhinakK\",\"https:\/\/www.linkedin.com\/company\/ficoba\/\"]}]}<\/script>\n<!-- \/ Yoast SEO plugin. -->","yoast_head_json":{"title":"Programme - uhinak","robots":{"index":"index","follow":"follow","max-snippet":"max-snippet:-1","max-image-preview":"max-image-preview:large","max-video-preview":"max-video-preview:-1"},"canonical":"https:\/\/www.uhinak.com\/programa\/","og_locale":"fr_FR","og_type":"article","og_title":"Programme - uhinak","og_description":"Descargar el programa en PDF Descargar el libro de res\u00famenes de ponencias y comunicaciones Revista de invetigaci\u00f3n Marina \u2013 RIM AZTI &#8211; Abstract extendidos Primera jornada Segunda jornada Posters Ponentes Descargar el programa en PDF Descargar el libro de res\u00famenes de ponencias y comunicaciones Revista de invetigaci\u00f3n Marina \u2013 RIM AZTI &#8211; Abstract extendidos Inscripci\u00f3n [&hellip;]","og_url":"https:\/\/www.uhinak.com\/programa\/","og_site_name":"uhinak","article_modified_time":"2024-10-31T12:57:20+00:00","og_image":[{"width":216,"height":138,"url":"https:\/\/www.uhinak.com\/wp-content\/uploads\/2022\/04\/logo_uhinak.png","type":"image\/png"}],"twitter_card":"summary_large_image","twitter_site":"@UhinakK","twitter_misc":{"Dur\u00e9e de lecture estim\u00e9e":"1 minute"},"schema":{"@context":"https:\/\/schema.org","@graph":[{"@type":"WebPage","@id":"https:\/\/www.uhinak.com\/programa\/","url":"https:\/\/www.uhinak.com\/programa\/","name":"Programme - uhinak","isPartOf":{"@id":"https:\/\/www.uhinak.com\/#website"},"datePublished":"2022-07-12T08:32:23+00:00","dateModified":"2024-10-31T12:57:20+00:00","breadcrumb":{"@id":"https:\/\/www.uhinak.com\/programa\/#breadcrumb"},"inLanguage":"fr-FR","potentialAction":[{"@type":"ReadAction","target":["https:\/\/www.uhinak.com\/programa\/"]}]},{"@type":"BreadcrumbList","@id":"https:\/\/www.uhinak.com\/programa\/#breadcrumb","itemListElement":[{"@type":"ListItem","position":1,"name":"Portada","item":"https:\/\/www.uhinak.com\/fr\/home\/"},{"@type":"ListItem","position":2,"name":"Programme"}]},{"@type":"WebSite","@id":"https:\/\/www.uhinak.com\/#website","url":"https:\/\/www.uhinak.com\/","name":"uhinak","description":"VII Congreso transfronterizo sobre Cambio Clim\u00e1tico y Litoral","publisher":{"@id":"https:\/\/www.uhinak.com\/#organization"},"alternateName":"VI Congreso transfronterizo sobre Cambio Clim\u00e1tico y Litoral","potentialAction":[{"@type":"SearchAction","target":{"@type":"EntryPoint","urlTemplate":"https:\/\/www.uhinak.com\/?s={search_term_string}"},"query-input":{"@type":"PropertyValueSpecification","valueRequired":true,"valueName":"search_term_string"}}],"inLanguage":"fr-FR"},{"@type":"Organization","@id":"https:\/\/www.uhinak.com\/#organization","name":"uhinak","alternateName":"VI Congreso transfronterizo sobre Cambio Clim\u00e1tico y Litoral","url":"https:\/\/www.uhinak.com\/","logo":{"@type":"ImageObject","inLanguage":"fr-FR","@id":"https:\/\/www.uhinak.com\/#\/schema\/logo\/image\/","url":"https:\/\/www.uhinak.com\/wp-content\/uploads\/2022\/04\/logo_uhinak.png","contentUrl":"https:\/\/www.uhinak.com\/wp-content\/uploads\/2022\/04\/logo_uhinak.png","width":216,"height":138,"caption":"uhinak"},"image":{"@id":"https:\/\/www.uhinak.com\/#\/schema\/logo\/image\/"},"sameAs":["https:\/\/x.com\/UhinakK","https:\/\/www.linkedin.com\/company\/ficoba\/"]}]}},"_links":{"self":[{"href":"https:\/\/www.uhinak.com\/fr\/wp-json\/wp\/v2\/pages\/4225","targetHints":{"allow":["GET"]}}],"collection":[{"href":"https:\/\/www.uhinak.com\/fr\/wp-json\/wp\/v2\/pages"}],"about":[{"href":"https:\/\/www.uhinak.com\/fr\/wp-json\/wp\/v2\/types\/page"}],"author":[{"embeddable":true,"href":"https:\/\/www.uhinak.com\/fr\/wp-json\/wp\/v2\/users\/9"}],"replies":[{"embeddable":true,"href":"https:\/\/www.uhinak.com\/fr\/wp-json\/wp\/v2\/comments?post=4225"}],"version-history":[{"count":77,"href":"https:\/\/www.uhinak.com\/fr\/wp-json\/wp\/v2\/pages\/4225\/revisions"}],"predecessor-version":[{"id":8150,"href":"https:\/\/www.uhinak.com\/fr\/wp-json\/wp\/v2\/pages\/4225\/revisions\/8150"}],"wp:attachment":[{"href":"https:\/\/www.uhinak.com\/fr\/wp-json\/wp\/v2\/media?parent=4225"}],"curies":[{"name":"wp","href":"https:\/\/api.w.org\/{rel}","templated":true}]}}