{"id":4943,"date":"2022-07-20T13:42:37","date_gmt":"2022-07-20T11:42:37","guid":{"rendered":"https:\/\/www.uhinak.com\/conferenciers\/"},"modified":"2022-10-27T12:43:04","modified_gmt":"2022-10-27T10:43:04","slug":"conferenciers","status":"publish","type":"page","link":"https:\/\/www.uhinak.com\/fr\/conferenciers\/","title":{"rendered":"Conf\u00e9renciers"},"content":{"rendered":"\t\t<div data-elementor-type=\"wp-page\" data-elementor-id=\"4943\" class=\"elementor elementor-4943\" data-elementor-post-type=\"page\">\n\t\t\t\t\t\t<section class=\"elementor-section elementor-top-section elementor-element elementor-element-92fe8d4 elementor-section-boxed elementor-section-height-default elementor-section-height-default\" data-id=\"92fe8d4\" data-element_type=\"section\">\n\t\t\t\t\t\t<div class=\"elementor-container elementor-column-gap-default\">\n\t\t\t\t\t<div class=\"elementor-column elementor-col-100 elementor-top-column elementor-element elementor-element-89b3cc6\" data-id=\"89b3cc6\" data-element_type=\"column\">\n\t\t\t<div class=\"elementor-widget-wrap elementor-element-populated\">\n\t\t\t\t\t\t<div class=\"elementor-element elementor-element-752fc52 elementor-widget elementor-widget-heading\" data-id=\"752fc52\" data-element_type=\"widget\" data-widget_type=\"heading.default\">\n\t\t\t\t<div class=\"elementor-widget-container\">\n\t\t\t\t\t<p class=\"elementor-heading-title elementor-size-default\">\/Conf\u00e9renciers<\/p>\t\t\t\t<\/div>\n\t\t\t\t<\/div>\n\t\t\t\t\t<\/div>\n\t\t<\/div>\n\t\t\t\t\t<\/div>\n\t\t<\/section>\n\t\t\t\t<section class=\"elementor-section elementor-top-section elementor-element elementor-element-5230f0e elementor-section-boxed elementor-section-height-default elementor-section-height-default\" data-id=\"5230f0e\" data-element_type=\"section\">\n\t\t\t\t\t\t<div class=\"elementor-container elementor-column-gap-default\">\n\t\t\t\t\t<div class=\"elementor-column elementor-col-100 elementor-top-column elementor-element elementor-element-3e73991\" data-id=\"3e73991\" data-element_type=\"column\">\n\t\t\t<div class=\"elementor-widget-wrap elementor-element-populated\">\n\t\t\t\t\t\t<div class=\"elementor-element elementor-element-dc75f9f elementor-widget elementor-widget-shortcode\" data-id=\"dc75f9f\" data-element_type=\"widget\" data-widget_type=\"shortcode.default\">\n\t\t\t\t<div class=\"elementor-widget-container\">\n\t\t\t\t\t\t\t<div class=\"elementor-shortcode\">\t\t<div data-elementor-type=\"section\" data-elementor-id=\"4080\" class=\"elementor elementor-4080 elementor-3916\" data-elementor-post-type=\"elementor_library\">\n\t\t\t\t\t<section class=\"elementor-section elementor-top-section elementor-element elementor-element-1b53ead elementor-section-boxed elementor-section-height-default elementor-section-height-default\" data-id=\"1b53ead\" data-element_type=\"section\">\n\t\t\t\t\t\t<div class=\"elementor-container elementor-column-gap-default\">\n\t\t\t\t\t<div class=\"elementor-column elementor-col-100 elementor-top-column elementor-element elementor-element-95374e1\" data-id=\"95374e1\" data-element_type=\"column\">\n\t\t\t<div class=\"elementor-widget-wrap elementor-element-populated\">\n\t\t\t\t\t\t<div class=\"elementor-element elementor-element-e5fc09c elementor-widget elementor-widget-menu-anchor\" data-id=\"e5fc09c\" data-element_type=\"widget\" data-widget_type=\"menu-anchor.default\">\n\t\t\t\t<div class=\"elementor-widget-container\">\n\t\t\t\t\t\t\t<div class=\"elementor-menu-anchor\" id=\"peter-ditlevsen\"><\/div>\n\t\t\t\t\t\t<\/div>\n\t\t\t\t<\/div>\n\t\t\t\t<div class=\"elementor-element elementor-element-b3dea07 elementor-widget elementor-widget-author-box\" data-id=\"b3dea07\" data-element_type=\"widget\" data-widget_type=\"author-box.default\">\n\t\t\t\t<div class=\"elementor-widget-container\">\n\t\t\t\t\t\t\t<div class=\"elementor-author-box\">\n\t\t\t\t\t\t\t<div  class=\"elementor-author-box__avatar\">\n\t\t\t\t\t<img decoding=\"async\" src=\"https:\/\/www.uhinak.com\/wp-content\/uploads\/2022\/07\/01-Peter-Ditlevsen-275x300.png\" alt=\"Image de Peter Ditlevsen\" loading=\"lazy\">\n\t\t\t\t<\/div>\n\t\t\t\n\t\t\t<div class=\"elementor-author-box__text\">\n\t\t\t\t\t\t\t\t\t<div >\n\t\t\t\t\t\t<h4 class=\"elementor-author-box__name\">\n\t\t\t\t\t\t\tPeter Ditlevsen\t\t\t\t\t\t<\/h4>\n\t\t\t\t\t<\/div>\n\t\t\t\t\n\t\t\t\t\t\t\t\t\t<div class=\"elementor-author-box__bio\">\n\t\t\t\t\t\t<p>Professeur, Universit\u00e9 de Copenhague<\/p>\n\t\t\t\t\t<\/div>\n\t\t\t\t\n\t\t\t\t\t\t\t<\/div>\n\t\t<\/div>\n\t\t\t\t\t\t<\/div>\n\t\t\t\t<\/div>\n\t\t\t\t<div class=\"elementor-element elementor-element-bbc8c53 elementor-widget elementor-widget-text-editor\" data-id=\"bbc8c53\" data-element_type=\"widget\" data-widget_type=\"text-editor.default\">\n\t\t\t\t<div class=\"elementor-widget-container\">\n\t\t\t\t\t\t\t\t\t<p class=\"p1\">Peter Ditlevsen est professeur \u00e0 l&rsquo;Institut Niels Bohr de l&rsquo;universit\u00e9 de Copenhague. Il a obtenu un doctorat en sciences en 2004, un doctorat en physique th\u00e9orique de l&rsquo;\u00e9tat solide en 1991 et une ma\u00eetrise en math\u00e9matiques et physique th\u00e9orique en 1988. Il est expert en physique du climat, en pal\u00e9oclimat, en chaos et en syst\u00e8mes dynamiques. Il a publi\u00e9 plus de 100 articles, 5 livres\/chapitres de livres et de nombreux articles de vulgarisation scientifique.   <\/p>\n\t\t\t\t\t\t\t\t<\/div>\n\t\t\t\t<\/div>\n\t\t\t\t\t<\/div>\n\t\t<\/div>\n\t\t\t\t\t<\/div>\n\t\t<\/section>\n\t\t\t\t<section class=\"elementor-section elementor-top-section elementor-element elementor-element-034e5bc elementor-section-boxed elementor-section-height-default elementor-section-height-default\" data-id=\"034e5bc\" data-element_type=\"section\">\n\t\t\t\t\t\t<div class=\"elementor-container elementor-column-gap-default\">\n\t\t\t\t\t<div class=\"elementor-column elementor-col-100 elementor-top-column elementor-element elementor-element-8dcb998\" data-id=\"8dcb998\" data-element_type=\"column\">\n\t\t\t<div class=\"elementor-widget-wrap elementor-element-populated\">\n\t\t\t\t\t\t<div class=\"elementor-element elementor-element-a6e0b45 elementor-widget elementor-widget-menu-anchor\" data-id=\"a6e0b45\" data-element_type=\"widget\" data-widget_type=\"menu-anchor.default\">\n\t\t\t\t<div class=\"elementor-widget-container\">\n\t\t\t\t\t\t\t<div class=\"elementor-menu-anchor\" id=\"jon-saenz-agirre\"><\/div>\n\t\t\t\t\t\t<\/div>\n\t\t\t\t<\/div>\n\t\t\t\t<div class=\"elementor-element elementor-element-a48f771 elementor-widget elementor-widget-author-box\" data-id=\"a48f771\" data-element_type=\"widget\" data-widget_type=\"author-box.default\">\n\t\t\t\t<div class=\"elementor-widget-container\">\n\t\t\t\t\t\t\t<div class=\"elementor-author-box\">\n\t\t\t\t\t\t\t<div  class=\"elementor-author-box__avatar\">\n\t\t\t\t\t<img decoding=\"async\" src=\"https:\/\/www.uhinak.com\/wp-content\/uploads\/2022\/07\/02-Jon-S-enz-225x300.jpg\" alt=\"Image de Jon S\u00e1enz Agirre\" loading=\"lazy\">\n\t\t\t\t<\/div>\n\t\t\t\n\t\t\t<div class=\"elementor-author-box__text\">\n\t\t\t\t\t\t\t\t\t<div >\n\t\t\t\t\t\t<h4 class=\"elementor-author-box__name\">\n\t\t\t\t\t\t\tJon S\u00e1enz Agirre\t\t\t\t\t\t<\/h4>\n\t\t\t\t\t<\/div>\n\t\t\t\t\n\t\t\t\t\t\t\t\t\t<div class=\"elementor-author-box__bio\">\n\t\t\t\t\t\t<p>Professeur d'universit\u00e9<br \/>D\u00e9partement de physique. Facult\u00e9 des sciences et de la technologie <br \/>Universit\u00e9 du Pays Basque\/Euskal Herriko Unibertsitatea<\/p>\n\t\t\t\t\t<\/div>\n\t\t\t\t\n\t\t\t\t\t\t\t<\/div>\n\t\t<\/div>\n\t\t\t\t\t\t<\/div>\n\t\t\t\t<\/div>\n\t\t\t\t<div class=\"elementor-element elementor-element-70b006e elementor-widget elementor-widget-text-editor\" data-id=\"70b006e\" data-element_type=\"widget\" data-widget_type=\"text-editor.default\">\n\t\t\t\t<div class=\"elementor-widget-container\">\n\t\t\t\t\t\t\t\t\t<p class=\"p1\">Il est professeur universitaire au d\u00e9partement de physique de la facult\u00e9 des sciences et de la technologie de l&rsquo;universit\u00e9 du Pays basque et membre de la station marine de Plentzia (PIE). Il est l&rsquo;auteur de plusieurs articles dans des revues scientifiques (plus de 80 articles) et chercheur principal dans six projets du Plan national de recherche, tous dans le domaine de la climatologie, domaine dans lequel il a dirig\u00e9 ou codirig\u00e9 neuf th\u00e8ses de doctorat.  <\/p>\n<p>Il a collabor\u00e9 avec des auteurs nationaux et internationaux dans diff\u00e9rents domaines, comme en t\u00e9moignent les publications dans des revues \u00e0 fort impact. L&rsquo;une de ces lignes couvre le couplage atmosph\u00e8re-oc\u00e9an appliqu\u00e9 \u00e0 l&rsquo;utilisation des donn\u00e9es climatiques pour l&rsquo;\u00e9tude de la production d&rsquo;\u00e9nergie renouvelable ou de l&rsquo;\u00e9cotoxicologie dans les zones c\u00f4ti\u00e8res et le couplage entre la production \u00e9olienne et la production de vagues dans les eaux lointaines. <\/p>\n<p class=\"p1\">Une autre ligne couvre l&rsquo;analyse de la variabilit\u00e9 climatique multid\u00e9cennale et les \u00e9nergies renouvelables, ayant collabor\u00e9 \u00e0 l&rsquo;analyse du potentiel \u00e9olien mondial, \u00e0 la d\u00e9tection des changements \u00e0 long terme de la densit\u00e9 de l&rsquo;\u00e9nergie \u00e9olienne offshore ou \u00e0 l&rsquo;impact de la variabilit\u00e9 climatique sur l&rsquo;efficacit\u00e9 des convertisseurs d&rsquo;\u00e9nergie houlomotrice.<\/p>\n<p class=\"p1\">Il a d\u00e9velopp\u00e9 et analys\u00e9 des mod\u00e8les num\u00e9riques \u00e0 haute r\u00e9solution (y compris l&rsquo;assimilation variationnelle de donn\u00e9es dans nos int\u00e9grations), appliqu\u00e9s \u00e0 l&rsquo;\u00e9tude de l&rsquo;\u00e9nergie \u00e9olienne offshore disponible, \u00e0 l&rsquo;analyse de l&rsquo;\u00e9quilibre de l&rsquo;humidit\u00e9 atmosph\u00e9rique et \u00e0 l&rsquo;impact de l&rsquo;utilisation d&rsquo;une \u00e9tape d&rsquo;assimilation de donn\u00e9es dans la simulation de l&rsquo;instabilit\u00e9 convective.<\/p>\n<p class=\"p1\">Il a \u00e9galement produit des logiciels gratuits \u00e0 usage scientifique, tels que les paquets R SailoR et aiRthermo, le code C parall\u00e9lis\u00e9 pour le calcul de fonctions de densit\u00e9 de probabilit\u00e9 multidimensionnelles utilisant le noyau ou le paquet pyclimate en python.<\/p>\n\t\t\t\t\t\t\t\t<\/div>\n\t\t\t\t<\/div>\n\t\t\t\t\t<\/div>\n\t\t<\/div>\n\t\t\t\t\t<\/div>\n\t\t<\/section>\n\t\t\t\t<section class=\"elementor-section elementor-top-section elementor-element elementor-element-b461cf7 elementor-section-boxed elementor-section-height-default elementor-section-height-default\" data-id=\"b461cf7\" data-element_type=\"section\">\n\t\t\t\t\t\t<div class=\"elementor-container elementor-column-gap-default\">\n\t\t\t\t\t<div class=\"elementor-column elementor-col-100 elementor-top-column elementor-element elementor-element-b0e0a1f\" data-id=\"b0e0a1f\" data-element_type=\"column\">\n\t\t\t<div class=\"elementor-widget-wrap elementor-element-populated\">\n\t\t\t\t\t\t<div class=\"elementor-element elementor-element-9225efd elementor-widget elementor-widget-menu-anchor\" data-id=\"9225efd\" data-element_type=\"widget\" data-widget_type=\"menu-anchor.default\">\n\t\t\t\t<div class=\"elementor-widget-container\">\n\t\t\t\t\t\t\t<div class=\"elementor-menu-anchor\" id=\"roland-garnier\"><\/div>\n\t\t\t\t\t\t<\/div>\n\t\t\t\t<\/div>\n\t\t\t\t<div class=\"elementor-element elementor-element-aca79e2 elementor-widget elementor-widget-author-box\" data-id=\"aca79e2\" data-element_type=\"widget\" data-widget_type=\"author-box.default\">\n\t\t\t\t<div class=\"elementor-widget-container\">\n\t\t\t\t\t\t\t<div class=\"elementor-author-box\">\n\t\t\t\t\t\t\t<div  class=\"elementor-author-box__avatar\">\n\t\t\t\t\t<img decoding=\"async\" src=\"https:\/\/www.uhinak.com\/wp-content\/uploads\/2022\/07\/04-Roland-Garnier-foto-300x300.jpg\" alt=\"Image de Roland Garnier\" loading=\"lazy\">\n\t\t\t\t<\/div>\n\t\t\t\n\t\t\t<div class=\"elementor-author-box__text\">\n\t\t\t\t\t\t\t\t\t<div >\n\t\t\t\t\t\t<h4 class=\"elementor-author-box__name\">\n\t\t\t\t\t\t\tRoland Garnier\t\t\t\t\t\t<\/h4>\n\t\t\t\t\t<\/div>\n\t\t\t\t\n\t\t\t\t\t\t\t\t\t<div class=\"elementor-author-box__bio\">\n\t\t\t\t\t\t<p>Chercheur, AZTI<\/p>\n\t\t\t\t\t<\/div>\n\t\t\t\t\n\t\t\t\t\t\t\t<\/div>\n\t\t<\/div>\n\t\t\t\t\t\t<\/div>\n\t\t\t\t<\/div>\n\t\t\t\t<div class=\"elementor-element elementor-element-f94cb96 elementor-widget elementor-widget-text-editor\" data-id=\"f94cb96\" data-element_type=\"widget\" data-widget_type=\"text-editor.default\">\n\t\t\t\t<div class=\"elementor-widget-container\">\n\t\t\t\t\t\t\t\t\t<p class=\"p1\">Ing\u00e9nieur dipl\u00f4m\u00e9 et docteur en physique appliqu\u00e9e et oc\u00e9anographie de l&rsquo;Universit\u00e9 polytechnique de Catalogne et de l&rsquo;Universit\u00e9 de Bordeaux (2007).<span class=\"Apple-converted-space\">  <\/span>Expert en ing\u00e9nierie c\u00f4ti\u00e8re et en mod\u00e9lisation des processus c\u00f4tiers, avec une exp\u00e9rience professionnelle dans des centres de recherche internationaux (Universit\u00e9 de Nottingham, Universit\u00e9 de Cantabrie, UPC). Il participe au d\u00e9veloppement et \u00e0 la coordination de projets li\u00e9s au changement climatique, aux risques c\u00f4tiers, \u00e0 l&rsquo;ing\u00e9nierie c\u00f4ti\u00e8re et \u00e0 la gestion des c\u00f4tes. Il est chercheur dans le domaine des technologies marines de l&rsquo;AZTI depuis 2020, o\u00f9 il coordonne le projet europ\u00e9en Regions4Climate au niveau r\u00e9gional.  <\/p>\n\t\t\t\t\t\t\t\t<\/div>\n\t\t\t\t<\/div>\n\t\t\t\t\t<\/div>\n\t\t<\/div>\n\t\t\t\t\t<\/div>\n\t\t<\/section>\n\t\t\t\t<section class=\"elementor-section elementor-top-section elementor-element elementor-element-a2a93d8 elementor-section-boxed elementor-section-height-default elementor-section-height-default\" data-id=\"a2a93d8\" data-element_type=\"section\">\n\t\t\t\t\t\t<div class=\"elementor-container elementor-column-gap-default\">\n\t\t\t\t\t<div class=\"elementor-column elementor-col-100 elementor-top-column elementor-element elementor-element-fa8af06\" data-id=\"fa8af06\" data-element_type=\"column\">\n\t\t\t<div class=\"elementor-widget-wrap elementor-element-populated\">\n\t\t\t\t\t\t<div class=\"elementor-element elementor-element-ddb7b90 elementor-widget elementor-widget-menu-anchor\" data-id=\"ddb7b90\" data-element_type=\"widget\" data-widget_type=\"menu-anchor.default\">\n\t\t\t\t<div class=\"elementor-widget-container\">\n\t\t\t\t\t\t\t<div class=\"elementor-menu-anchor\" id=\"delpey-matthias\"><\/div>\n\t\t\t\t\t\t<\/div>\n\t\t\t\t<\/div>\n\t\t\t\t<div class=\"elementor-element elementor-element-97f3cf9 elementor-widget elementor-widget-author-box\" data-id=\"97f3cf9\" data-element_type=\"widget\" data-widget_type=\"author-box.default\">\n\t\t\t\t<div class=\"elementor-widget-container\">\n\t\t\t\t\t\t\t<div class=\"elementor-author-box\">\n\t\t\t\t\t\t\t<div  class=\"elementor-author-box__avatar\">\n\t\t\t\t\t<img decoding=\"async\" src=\"https:\/\/www.uhinak.com\/wp-content\/uploads\/2022\/07\/06-Matthias-Delpey-scaled-e1720634068673-289x300.jpg\" alt=\"Image de Delpey Matthias\" loading=\"lazy\">\n\t\t\t\t<\/div>\n\t\t\t\n\t\t\t<div class=\"elementor-author-box__text\">\n\t\t\t\t\t\t\t\t\t<div >\n\t\t\t\t\t\t<h4 class=\"elementor-author-box__name\">\n\t\t\t\t\t\t\tDelpey Matthias\t\t\t\t\t\t<\/h4>\n\t\t\t\t\t<\/div>\n\t\t\t\t\n\t\t\t\t\t\t\t\t\t<div class=\"elementor-author-box__bio\">\n\t\t\t\t\t\t<p>Responsable Recherche &amp; D\u00e9veloppement<br \/>Responsable des services Vagues &amp; Risques C\u00f4tiers<br \/>Co-directeur du laboratoire commun KOSTARISK (UPPA\/AZTI\/RPT). Rivages Pro Tech, SUEZ Eau France<\/p>\n\t\t\t\t\t<\/div>\n\t\t\t\t\n\t\t\t\t\t\t\t<\/div>\n\t\t<\/div>\n\t\t\t\t\t\t<\/div>\n\t\t\t\t<\/div>\n\t\t\t\t<div class=\"elementor-element elementor-element-fec0eb2 elementor-widget elementor-widget-text-editor\" data-id=\"fec0eb2\" data-element_type=\"widget\" data-widget_type=\"text-editor.default\">\n\t\t\t\t<div class=\"elementor-widget-container\">\n\t\t\t\t\t\t\t\t\t<p class=\"p1\">Matthias Delpey est responsable des activit\u00e9s de Recherche &amp; D\u00e9veloppement du centre Rivages Pro Tech de SUEZ et travaille en particulier sur les probl\u00e9matiques li\u00e9es aux vagues et \u00e0 l&rsquo;impact des temp\u00eates sur le littoral. Il codirige \u00e9galement le laboratoire commun KOSTARISK d\u00e9di\u00e9 \u00e0 la recherche sur les risques c\u00f4tiers, qui est partag\u00e9 entre le laboratoire SIAME de l&rsquo;Universit\u00e9 de Pau et Pays de l&rsquo;Adour, la Fondation AZTI et le centre Rivages Pro Tech. Ing\u00e9nieur et docteur en Oc\u00e9anographique Physique, Matthias est sp\u00e9cialiste de la dynamique des vagues en zone c\u00f4ti\u00e8re, des interactions vagues-courants et de la submersion marine. Depuis l&rsquo;ann\u00e9e janvier 2023, Matthias coordonne les actions collaboratives men\u00e9es sur la c\u00f4te sud Aquitaine dans le cadre du projet Europ\u00e9en Regions4Climate, aux c\u00f4t\u00e9s de la Communaut\u00e9 d&rsquo;Agglom\u00e9ration Pays Basque et de l&rsquo;Universit\u00e9 de Pau et Pays de l&rsquo;Adour.   <\/p>\n\t\t\t\t\t\t\t\t<\/div>\n\t\t\t\t<\/div>\n\t\t\t\t\t<\/div>\n\t\t<\/div>\n\t\t\t\t\t<\/div>\n\t\t<\/section>\n\t\t\t\t<section class=\"elementor-section elementor-top-section elementor-element elementor-element-b8ff1c7 elementor-section-boxed elementor-section-height-default elementor-section-height-default\" data-id=\"b8ff1c7\" data-element_type=\"section\">\n\t\t\t\t\t\t<div class=\"elementor-container elementor-column-gap-default\">\n\t\t\t\t\t<div class=\"elementor-column elementor-col-100 elementor-top-column elementor-element elementor-element-3d6745b\" data-id=\"3d6745b\" data-element_type=\"column\">\n\t\t\t<div class=\"elementor-widget-wrap elementor-element-populated\">\n\t\t\t\t\t\t<div class=\"elementor-element elementor-element-87966e3 elementor-widget elementor-widget-menu-anchor\" data-id=\"87966e3\" data-element_type=\"widget\" data-widget_type=\"menu-anchor.default\">\n\t\t\t\t<div class=\"elementor-widget-container\">\n\t\t\t\t\t\t\t<div class=\"elementor-menu-anchor\" id=\"soledad-vivas-navarro\"><\/div>\n\t\t\t\t\t\t<\/div>\n\t\t\t\t<\/div>\n\t\t\t\t<div class=\"elementor-element elementor-element-b6c5446 elementor-widget elementor-widget-author-box\" data-id=\"b6c5446\" data-element_type=\"widget\" data-widget_type=\"author-box.default\">\n\t\t\t\t<div class=\"elementor-widget-container\">\n\t\t\t\t\t\t\t<div class=\"elementor-author-box\">\n\t\t\t\t\t\t\t<div  class=\"elementor-author-box__avatar\">\n\t\t\t\t\t<img decoding=\"async\" src=\"https:\/\/www.uhinak.com\/wp-content\/uploads\/2022\/07\/07-Soledad-Vivas-300x297.jpg\" alt=\"Image de Soledad Vivas Navarro\" loading=\"lazy\">\n\t\t\t\t<\/div>\n\t\t\t\n\t\t\t<div class=\"elementor-author-box__text\">\n\t\t\t\t\t\t\t\t\t<div >\n\t\t\t\t\t\t<h4 class=\"elementor-author-box__name\">\n\t\t\t\t\t\t\tSoledad Vivas Navarro\t\t\t\t\t\t<\/h4>\n\t\t\t\t\t<\/div>\n\t\t\t\t\n\t\t\t\t\t\t\t\t\t<div class=\"elementor-author-box__bio\">\n\t\t\t\t\t\t<p>Coordinatrice technique de l'environnement marin. <br \/>Agence de l'environnement et de l'eau. Gouvernement r\u00e9gional d'Andalousie. <\/p>\n\t\t\t\t\t<\/div>\n\t\t\t\t\n\t\t\t\t\t\t\t<\/div>\n\t\t<\/div>\n\t\t\t\t\t\t<\/div>\n\t\t\t\t<\/div>\n\t\t\t\t<div class=\"elementor-element elementor-element-e57a6ed elementor-widget elementor-widget-text-editor\" data-id=\"e57a6ed\" data-element_type=\"widget\" data-widget_type=\"text-editor.default\">\n\t\t\t\t<div class=\"elementor-widget-container\">\n\t\t\t\t\t\t\t\t\t<p class=\"p1\">Elle a \u00e9t\u00e9 coordinatrice technique du programme de l&rsquo;environnement marin \u00e0 l&rsquo;agence de l&rsquo;environnement et de l&rsquo;eau du gouvernement r\u00e9gional d&rsquo;Andalousie de 2008 \u00e0 aujourd&rsquo;hui. Coordinateur de divers projets europ\u00e9ens, dont Life + Posidonia Andaluc\u00eda, le projet Life Blue Natura et Life IP Intemares, dans ce dernier cas en relation avec les engagements de l&rsquo;Agence en tant que partenaire b\u00e9n\u00e9ficiaire de ce projet. Depuis plus de 14 ans qu&rsquo;elle exerce ces activit\u00e9s, l&rsquo;Agence a publi\u00e9 des dizaines d&rsquo;articles et de chapitres de livres et r\u00e9alis\u00e9 diff\u00e9rentes interventions sous diff\u00e9rents formats au niveau national et europ\u00e9en qui refl\u00e8tent le d\u00e9veloppement de toutes les actions men\u00e9es en mati\u00e8re de gestion et de conservation des esp\u00e8ces et des habitats marins menac\u00e9s en Andalousie, en particulier celles li\u00e9es au Plan de r\u00e9cup\u00e9ration et de conservation des phan\u00e9rogames et des invert\u00e9br\u00e9s marins menac\u00e9s en Andalousie et au Programme d&rsquo;urgence contre les \u00e9chouages de c\u00e9tac\u00e9s et de tortues marines en Andalousie. Ces derni\u00e8res ann\u00e9es, ce travail a \u00e9galement fourni des informations sp\u00e9cifiques sur le calcul des services \u00e9cosyst\u00e9miques des \u00e9cosyst\u00e8mes marins en Andalousie, en particulier ceux associ\u00e9s aux herbiers de Posidonia oceanica (HIC*1120). R\u00e9cemment, et gr\u00e2ce \u00e0 la mise en \u0153uvre de Life Blue Natura, le d\u00e9veloppement de projets en ligne avec le SbN, en particulier des projets visant \u00e0 renforcer le r\u00f4le des \u00e9cosyst\u00e8mes marins dans la lutte contre le changement climatique, en particulier leur r\u00f4le dans la s\u00e9questration du CO2, a \u00e9t\u00e9 mis en \u00e9vidence.    <\/p>\n\t\t\t\t\t\t\t\t<\/div>\n\t\t\t\t<\/div>\n\t\t\t\t\t<\/div>\n\t\t<\/div>\n\t\t\t\t\t<\/div>\n\t\t<\/section>\n\t\t\t\t<section class=\"elementor-section elementor-top-section elementor-element elementor-element-2f81d2a elementor-section-boxed elementor-section-height-default elementor-section-height-default\" data-id=\"2f81d2a\" data-element_type=\"section\">\n\t\t\t\t\t\t<div class=\"elementor-container elementor-column-gap-default\">\n\t\t\t\t\t<div class=\"elementor-column elementor-col-100 elementor-top-column elementor-element elementor-element-34d7d42\" data-id=\"34d7d42\" data-element_type=\"column\">\n\t\t\t<div class=\"elementor-widget-wrap elementor-element-populated\">\n\t\t\t\t\t\t<div class=\"elementor-element elementor-element-848f773 elementor-widget elementor-widget-menu-anchor\" data-id=\"848f773\" data-element_type=\"widget\" data-widget_type=\"menu-anchor.default\">\n\t\t\t\t<div class=\"elementor-widget-container\">\n\t\t\t\t\t\t\t<div class=\"elementor-menu-anchor\" id=\"losada-rodriguez\"><\/div>\n\t\t\t\t\t\t<\/div>\n\t\t\t\t<\/div>\n\t\t\t\t<div class=\"elementor-element elementor-element-4e28b2a elementor-widget elementor-widget-author-box\" data-id=\"4e28b2a\" data-element_type=\"widget\" data-widget_type=\"author-box.default\">\n\t\t\t\t<div class=\"elementor-widget-container\">\n\t\t\t\t\t\t\t<div class=\"elementor-author-box\">\n\t\t\t\t\t\t\t<div  class=\"elementor-author-box__avatar\">\n\t\t\t\t\t<img decoding=\"async\" src=\"https:\/\/www.uhinak.com\/wp-content\/uploads\/2022\/07\/08-I\u0e04igo-Losada-235x300.jpg\" alt=\"Image de I\u00f1igo Losada Rodr\u00edguez\" loading=\"lazy\">\n\t\t\t\t<\/div>\n\t\t\t\n\t\t\t<div class=\"elementor-author-box__text\">\n\t\t\t\t\t\t\t\t\t<div >\n\t\t\t\t\t\t<h4 class=\"elementor-author-box__name\">\n\t\t\t\t\t\t\tI\u00f1igo Losada Rodr\u00edguez\t\t\t\t\t\t<\/h4>\n\t\t\t\t\t<\/div>\n\t\t\t\t\n\t\t\t\t\t\t\t\t\t<div class=\"elementor-author-box__bio\">\n\t\t\t\t\t\t<p>Research Director<br \/>\nInstitute of Environmental Hydraulics \"IHCantabria\".<br \/>\nUniversity of Cantabria <\/p>\n\t\t\t\t\t<\/div>\n\t\t\t\t\n\t\t\t\t\t\t\t<\/div>\n\t\t<\/div>\n\t\t\t\t\t\t<\/div>\n\t\t\t\t<\/div>\n\t\t\t\t<div class=\"elementor-element elementor-element-679c863 elementor-widget elementor-widget-text-editor\" data-id=\"679c863\" data-element_type=\"widget\" data-widget_type=\"text-editor.default\">\n\t\t\t\t<div class=\"elementor-widget-container\">\n\t\t\t\t\t\t\t\t\t<p class=\"p1\">I\u00f1igo Losada holds a PhD in Civil Engineering from the University of Cantabria (Spain) and the University of Delaware (USA). He is Professor of Hydraulic Engineering at the School of Civil Engineering of Santander and Research Director of the Institute of Environmental Hydraulics-IHCantabria. <\/p>\n<p class=\"p1\">His research has focused on modelling coastal processes, wave-structure interaction, offshore energy and climate change related risks and adaptation in coastal zones. He was the coordinating lead author of the coastal chapter of the IPCC 5th Assessment Report. For his work, Losada has received awards from the (ASCE) and the (IAHR) as well as the National Research and Environment Awards.  <\/p>\n\t\t\t\t\t\t\t\t<\/div>\n\t\t\t\t<\/div>\n\t\t\t\t\t<\/div>\n\t\t<\/div>\n\t\t\t\t\t<\/div>\n\t\t<\/section>\n\t\t\t\t<section class=\"elementor-section elementor-top-section elementor-element elementor-element-c911ecf elementor-section-boxed elementor-section-height-default elementor-section-height-default\" data-id=\"c911ecf\" data-element_type=\"section\">\n\t\t\t\t\t\t<div class=\"elementor-container elementor-column-gap-default\">\n\t\t\t\t\t<div class=\"elementor-column elementor-col-100 elementor-top-column elementor-element elementor-element-4d362d4\" data-id=\"4d362d4\" data-element_type=\"column\">\n\t\t\t<div class=\"elementor-widget-wrap elementor-element-populated\">\n\t\t\t\t\t\t<div class=\"elementor-element elementor-element-181666b elementor-widget elementor-widget-menu-anchor\" data-id=\"181666b\" data-element_type=\"widget\" data-widget_type=\"menu-anchor.default\">\n\t\t\t\t<div class=\"elementor-widget-container\">\n\t\t\t\t\t\t\t<div class=\"elementor-menu-anchor\" id=\"maria-josep-pico-garces\"><\/div>\n\t\t\t\t\t\t<\/div>\n\t\t\t\t<\/div>\n\t\t\t\t<div class=\"elementor-element elementor-element-b4b3c86 elementor-widget elementor-widget-author-box\" data-id=\"b4b3c86\" data-element_type=\"widget\" data-widget_type=\"author-box.default\">\n\t\t\t\t<div class=\"elementor-widget-container\">\n\t\t\t\t\t\t\t<div class=\"elementor-author-box\">\n\t\t\t\t\t\t\t<div  class=\"elementor-author-box__avatar\">\n\t\t\t\t\t<img decoding=\"async\" src=\"https:\/\/www.uhinak.com\/wp-content\/uploads\/2022\/07\/09-Mar\u0e01a-Josep-Pic\u0e02-scaled-e1720634046309-300x267.jpg\" alt=\"Image de Maria Josep Pic\u00f3 Garc\u00e9s\" loading=\"lazy\">\n\t\t\t\t<\/div>\n\t\t\t\n\t\t\t<div class=\"elementor-author-box__text\">\n\t\t\t\t\t\t\t\t\t<div >\n\t\t\t\t\t\t<h4 class=\"elementor-author-box__name\">\n\t\t\t\t\t\t\tMaria Josep Pic\u00f3 Garc\u00e9s\t\t\t\t\t\t<\/h4>\n\t\t\t\t\t<\/div>\n\t\t\t\t\n\t\t\t\t\t\t\t\t\t<div class=\"elementor-author-box__bio\">\n\t\t\t\t\t\t<p>Professeur de journalisme<br \/>\nUniversit\u00e9 de Val\u00e8ncia<\/p>\n\t\t\t\t\t<\/div>\n\t\t\t\t\n\t\t\t\t\t\t\t<\/div>\n\t\t<\/div>\n\t\t\t\t\t\t<\/div>\n\t\t\t\t<\/div>\n\t\t\t\t<div class=\"elementor-element elementor-element-82d840f elementor-widget elementor-widget-text-editor\" data-id=\"82d840f\" data-element_type=\"widget\" data-widget_type=\"text-editor.default\">\n\t\t\t\t<div class=\"elementor-widget-container\">\n\t\t\t\t\t\t\t\t\t<p>Elle est professeur de journalisme \u00e0 l&rsquo;universit\u00e9 de Val\u00e8ncia et coordinatrice du module de journalisme environnemental dans le cadre du master en communication scientifique, m\u00e9dicale et environnementale de l&rsquo;universit\u00e9 Pompeu Fabra de Barcelone. Elle a \u00e9t\u00e9 r\u00e9dactrice sp\u00e9cialis\u00e9e pour le journal Levante-EMV, directrice du magazine sur la nature Nat, de S\u00e0piens Publicacions, et journaliste \u00e0 l&rsquo;UCC+i de l&rsquo;Universitat de Val\u00e8ncia et de l&rsquo;Universitat Jaume I. Elle a \u00e9galement coordonn\u00e9 la strat\u00e9gie de communication et de participation de l&rsquo;Universit\u00e9 de Val\u00e8ncia. Elle a \u00e9galement coordonn\u00e9 la strat\u00e9gie de communication et de participation de Val\u00e8ncia, Capitale verte de l&rsquo;Europe 2024. Ses domaines de sp\u00e9cialisation sont la communication environnementale, la durabilit\u00e9 et le changement climatique, ainsi que les nouveaux r\u00e9cits transm\u00e9dias pour la communication scientifique dans l&rsquo;environnement num\u00e9rique. Il est laur\u00e9at du prix national du journalisme 2005, d\u00e9cern\u00e9 par le minist\u00e8re de l&rsquo;environnement du gouvernement espagnol.<\/p>\t\t\t\t\t\t\t\t<\/div>\n\t\t\t\t<\/div>\n\t\t\t\t\t<\/div>\n\t\t<\/div>\n\t\t\t\t\t<\/div>\n\t\t<\/section>\n\t\t\t\t<section class=\"elementor-section elementor-top-section elementor-element elementor-element-4d45780 elementor-section-boxed elementor-section-height-default elementor-section-height-default\" data-id=\"4d45780\" data-element_type=\"section\">\n\t\t\t\t\t\t<div class=\"elementor-container elementor-column-gap-default\">\n\t\t\t\t\t<div class=\"elementor-column elementor-col-100 elementor-top-column elementor-element elementor-element-2c1d212\" data-id=\"2c1d212\" data-element_type=\"column\">\n\t\t\t<div class=\"elementor-widget-wrap elementor-element-populated\">\n\t\t\t\t\t\t<div class=\"elementor-element elementor-element-b28931a elementor-widget elementor-widget-menu-anchor\" data-id=\"b28931a\" data-element_type=\"widget\" data-widget_type=\"menu-anchor.default\">\n\t\t\t\t<div class=\"elementor-widget-container\">\n\t\t\t\t\t\t\t<div class=\"elementor-menu-anchor\" id=\"marta-coll-monton\"><\/div>\n\t\t\t\t\t\t<\/div>\n\t\t\t\t<\/div>\n\t\t\t\t<div class=\"elementor-element elementor-element-4281dbb elementor-widget elementor-widget-author-box\" data-id=\"4281dbb\" data-element_type=\"widget\" data-widget_type=\"author-box.default\">\n\t\t\t\t<div class=\"elementor-widget-container\">\n\t\t\t\t\t\t\t<div class=\"elementor-author-box\">\n\t\t\t\t\t\t\t<div  class=\"elementor-author-box__avatar\">\n\t\t\t\t\t<img decoding=\"async\" src=\"https:\/\/www.uhinak.com\/wp-content\/uploads\/2024\/06\/Foto-Marta-Coll.jpg\" alt=\"Image de Marta Coll Mont\u00f3n\" loading=\"lazy\">\n\t\t\t\t<\/div>\n\t\t\t\n\t\t\t<div class=\"elementor-author-box__text\">\n\t\t\t\t\t\t\t\t\t<div >\n\t\t\t\t\t\t<h4 class=\"elementor-author-box__name\">\n\t\t\t\t\t\t\tMarta Coll Mont\u00f3n\t\t\t\t\t\t<\/h4>\n\t\t\t\t\t<\/div>\n\t\t\t\t\n\t\t\t\t\t\t\t\t\t<div class=\"elementor-author-box__bio\">\n\t\t\t\t\t\t<p>Senior researcher <br \/>\nInstituto de Ciencias del Mar (ICM) - CSIC; Barcelona<\/p>\n\t\t\t\t\t<\/div>\n\t\t\t\t\n\t\t\t\t\t\t\t<\/div>\n\t\t<\/div>\n\t\t\t\t\t\t<\/div>\n\t\t\t\t<\/div>\n\t\t\t\t<div class=\"elementor-element elementor-element-1a40b7d elementor-widget elementor-widget-text-editor\" data-id=\"1a40b7d\" data-element_type=\"widget\" data-widget_type=\"text-editor.default\">\n\t\t\t\t<div class=\"elementor-widget-container\">\n\t\t\t\t\t\t\t\t\t<p class=\"p1\">Elle est chercheuse \u00e0 l&rsquo;Institut des sciences de la mer (ICM-CSIC) (Barcelone, Espagne).<\/p><p class=\"p1\">Ses recherches sont ax\u00e9es sur la compr\u00e9hension des mod\u00e8les et des processus qui ont caract\u00e9ris\u00e9 et caract\u00e9riseront les \u00e9cosyst\u00e8mes marins et, en particulier, les changements et les menaces qui p\u00e8sent sur la biodiversit\u00e9 marine. Elle \u00e9tudie la dynamique des communaut\u00e9s et des r\u00e9seaux alimentaires li\u00e9e aux activit\u00e9s humaines (telles que la p\u00eache, l&rsquo;eutrophisation, les esp\u00e8ces envahissantes et le changement climatique), et la mani\u00e8re dont ces dynamiques se traduisent par des changements dans la structure et le fonctionnement des \u00e9cosyst\u00e8mes, ainsi que dans les services que l&rsquo;homme obtient de l&rsquo;oc\u00e9an. Elle d\u00e9veloppe et applique une vari\u00e9t\u00e9 d&rsquo;analyses \u00e9cologiques bas\u00e9es sur des techniques de mod\u00e9lisation des \u00e9cosyst\u00e8mes et des outils statistiques, et utilise des donn\u00e9es historiques, des r\u00e9sultats exp\u00e9rimentaux et des ensembles de donn\u00e9es de terrain. Elle travaille actuellement \u00e0 l&rsquo;\u00e9laboration et \u00e0 l&rsquo;essai de sc\u00e9narios de trajectoires futures de changement afin de trouver les meilleures solutions pour une gestion transformatrice des oc\u00e9ans.<\/p>\t\t\t\t\t\t\t\t<\/div>\n\t\t\t\t<\/div>\n\t\t\t\t\t<\/div>\n\t\t<\/div>\n\t\t\t\t\t<\/div>\n\t\t<\/section>\n\t\t\t\t<\/div>\n\t\t<\/div>\n\t\t\t\t\t\t<\/div>\n\t\t\t\t<\/div>\n\t\t\t\t\t<\/div>\n\t\t<\/div>\n\t\t\t\t\t<\/div>\n\t\t<\/section>\n\t\t\t\t<\/div>\n\t\t","protected":false},"excerpt":{"rendered":"<p>\/Conf\u00e9renciers<\/p>\n","protected":false},"author":9,"featured_media":0,"parent":0,"menu_order":0,"comment_status":"closed","ping_status":"closed","template":"","meta":{"footnotes":""},"class_list":["post-4943","page","type-page","status-publish","hentry"],"yoast_head":"<!-- This site is optimized with the Yoast SEO plugin v26.8 - https:\/\/yoast.com\/product\/yoast-seo-wordpress\/ -->\n<title>Conf\u00e9renciers - uhinak<\/title>\n<meta name=\"robots\" content=\"index, follow, max-snippet:-1, max-image-preview:large, max-video-preview:-1\" \/>\n<link rel=\"canonical\" href=\"https:\/\/www.uhinak.com\/fr\/conferenciers\/\" \/>\n<meta property=\"og:locale\" content=\"fr_FR\" \/>\n<meta property=\"og:type\" content=\"article\" \/>\n<meta property=\"og:title\" content=\"Conf\u00e9renciers - uhinak\" \/>\n<meta property=\"og:description\" content=\"\/Conf\u00e9renciers\" \/>\n<meta property=\"og:url\" content=\"https:\/\/www.uhinak.com\/fr\/conferenciers\/\" \/>\n<meta property=\"og:site_name\" content=\"uhinak\" \/>\n<meta property=\"article:modified_time\" content=\"2022-10-27T10:43:04+00:00\" \/>\n<meta property=\"og:image\" content=\"https:\/\/www.uhinak.com\/wp-content\/uploads\/2022\/04\/logo_uhinak.png\" \/>\n\t<meta property=\"og:image:width\" content=\"216\" \/>\n\t<meta property=\"og:image:height\" content=\"138\" \/>\n\t<meta property=\"og:image:type\" content=\"image\/png\" \/>\n<meta name=\"twitter:card\" content=\"summary_large_image\" \/>\n<meta name=\"twitter:site\" content=\"@UhinakK\" \/>\n<script type=\"application\/ld+json\" class=\"yoast-schema-graph\">{\"@context\":\"https:\/\/schema.org\",\"@graph\":[{\"@type\":\"WebPage\",\"@id\":\"https:\/\/www.uhinak.com\/fr\/conferenciers\/\",\"url\":\"https:\/\/www.uhinak.com\/fr\/conferenciers\/\",\"name\":\"Conf\u00e9renciers - uhinak\",\"isPartOf\":{\"@id\":\"https:\/\/www.uhinak.com\/#website\"},\"datePublished\":\"2022-07-20T11:42:37+00:00\",\"dateModified\":\"2022-10-27T10:43:04+00:00\",\"breadcrumb\":{\"@id\":\"https:\/\/www.uhinak.com\/fr\/conferenciers\/#breadcrumb\"},\"inLanguage\":\"fr-FR\",\"potentialAction\":[{\"@type\":\"ReadAction\",\"target\":[\"https:\/\/www.uhinak.com\/fr\/conferenciers\/\"]}]},{\"@type\":\"BreadcrumbList\",\"@id\":\"https:\/\/www.uhinak.com\/fr\/conferenciers\/#breadcrumb\",\"itemListElement\":[{\"@type\":\"ListItem\",\"position\":1,\"name\":\"Portada\",\"item\":\"https:\/\/www.uhinak.com\/fr\/home\/\"},{\"@type\":\"ListItem\",\"position\":2,\"name\":\"Conf\u00e9renciers\"}]},{\"@type\":\"WebSite\",\"@id\":\"https:\/\/www.uhinak.com\/#website\",\"url\":\"https:\/\/www.uhinak.com\/\",\"name\":\"uhinak\",\"description\":\"VII Congreso transfronterizo sobre Cambio Clim\u00e1tico y Litoral\",\"publisher\":{\"@id\":\"https:\/\/www.uhinak.com\/#organization\"},\"alternateName\":\"VI Congreso transfronterizo sobre Cambio Clim\u00e1tico y Litoral\",\"potentialAction\":[{\"@type\":\"SearchAction\",\"target\":{\"@type\":\"EntryPoint\",\"urlTemplate\":\"https:\/\/www.uhinak.com\/?s={search_term_string}\"},\"query-input\":{\"@type\":\"PropertyValueSpecification\",\"valueRequired\":true,\"valueName\":\"search_term_string\"}}],\"inLanguage\":\"fr-FR\"},{\"@type\":\"Organization\",\"@id\":\"https:\/\/www.uhinak.com\/#organization\",\"name\":\"uhinak\",\"alternateName\":\"VI Congreso transfronterizo sobre Cambio Clim\u00e1tico y Litoral\",\"url\":\"https:\/\/www.uhinak.com\/\",\"logo\":{\"@type\":\"ImageObject\",\"inLanguage\":\"fr-FR\",\"@id\":\"https:\/\/www.uhinak.com\/#\/schema\/logo\/image\/\",\"url\":\"https:\/\/www.uhinak.com\/wp-content\/uploads\/2022\/04\/logo_uhinak.png\",\"contentUrl\":\"https:\/\/www.uhinak.com\/wp-content\/uploads\/2022\/04\/logo_uhinak.png\",\"width\":216,\"height\":138,\"caption\":\"uhinak\"},\"image\":{\"@id\":\"https:\/\/www.uhinak.com\/#\/schema\/logo\/image\/\"},\"sameAs\":[\"https:\/\/x.com\/UhinakK\",\"https:\/\/www.linkedin.com\/company\/ficoba\/\"]}]}<\/script>\n<!-- \/ Yoast SEO plugin. -->","yoast_head_json":{"title":"Conf\u00e9renciers - uhinak","robots":{"index":"index","follow":"follow","max-snippet":"max-snippet:-1","max-image-preview":"max-image-preview:large","max-video-preview":"max-video-preview:-1"},"canonical":"https:\/\/www.uhinak.com\/fr\/conferenciers\/","og_locale":"fr_FR","og_type":"article","og_title":"Conf\u00e9renciers - uhinak","og_description":"\/Conf\u00e9renciers","og_url":"https:\/\/www.uhinak.com\/fr\/conferenciers\/","og_site_name":"uhinak","article_modified_time":"2022-10-27T10:43:04+00:00","og_image":[{"width":216,"height":138,"url":"https:\/\/www.uhinak.com\/wp-content\/uploads\/2022\/04\/logo_uhinak.png","type":"image\/png"}],"twitter_card":"summary_large_image","twitter_site":"@UhinakK","schema":{"@context":"https:\/\/schema.org","@graph":[{"@type":"WebPage","@id":"https:\/\/www.uhinak.com\/fr\/conferenciers\/","url":"https:\/\/www.uhinak.com\/fr\/conferenciers\/","name":"Conf\u00e9renciers - uhinak","isPartOf":{"@id":"https:\/\/www.uhinak.com\/#website"},"datePublished":"2022-07-20T11:42:37+00:00","dateModified":"2022-10-27T10:43:04+00:00","breadcrumb":{"@id":"https:\/\/www.uhinak.com\/fr\/conferenciers\/#breadcrumb"},"inLanguage":"fr-FR","potentialAction":[{"@type":"ReadAction","target":["https:\/\/www.uhinak.com\/fr\/conferenciers\/"]}]},{"@type":"BreadcrumbList","@id":"https:\/\/www.uhinak.com\/fr\/conferenciers\/#breadcrumb","itemListElement":[{"@type":"ListItem","position":1,"name":"Portada","item":"https:\/\/www.uhinak.com\/fr\/home\/"},{"@type":"ListItem","position":2,"name":"Conf\u00e9renciers"}]},{"@type":"WebSite","@id":"https:\/\/www.uhinak.com\/#website","url":"https:\/\/www.uhinak.com\/","name":"uhinak","description":"VII Congreso transfronterizo sobre Cambio Clim\u00e1tico y Litoral","publisher":{"@id":"https:\/\/www.uhinak.com\/#organization"},"alternateName":"VI Congreso transfronterizo sobre Cambio Clim\u00e1tico y Litoral","potentialAction":[{"@type":"SearchAction","target":{"@type":"EntryPoint","urlTemplate":"https:\/\/www.uhinak.com\/?s={search_term_string}"},"query-input":{"@type":"PropertyValueSpecification","valueRequired":true,"valueName":"search_term_string"}}],"inLanguage":"fr-FR"},{"@type":"Organization","@id":"https:\/\/www.uhinak.com\/#organization","name":"uhinak","alternateName":"VI Congreso transfronterizo sobre Cambio Clim\u00e1tico y Litoral","url":"https:\/\/www.uhinak.com\/","logo":{"@type":"ImageObject","inLanguage":"fr-FR","@id":"https:\/\/www.uhinak.com\/#\/schema\/logo\/image\/","url":"https:\/\/www.uhinak.com\/wp-content\/uploads\/2022\/04\/logo_uhinak.png","contentUrl":"https:\/\/www.uhinak.com\/wp-content\/uploads\/2022\/04\/logo_uhinak.png","width":216,"height":138,"caption":"uhinak"},"image":{"@id":"https:\/\/www.uhinak.com\/#\/schema\/logo\/image\/"},"sameAs":["https:\/\/x.com\/UhinakK","https:\/\/www.linkedin.com\/company\/ficoba\/"]}]}},"_links":{"self":[{"href":"https:\/\/www.uhinak.com\/fr\/wp-json\/wp\/v2\/pages\/4943","targetHints":{"allow":["GET"]}}],"collection":[{"href":"https:\/\/www.uhinak.com\/fr\/wp-json\/wp\/v2\/pages"}],"about":[{"href":"https:\/\/www.uhinak.com\/fr\/wp-json\/wp\/v2\/types\/page"}],"author":[{"embeddable":true,"href":"https:\/\/www.uhinak.com\/fr\/wp-json\/wp\/v2\/users\/9"}],"replies":[{"embeddable":true,"href":"https:\/\/www.uhinak.com\/fr\/wp-json\/wp\/v2\/comments?post=4943"}],"version-history":[{"count":1,"href":"https:\/\/www.uhinak.com\/fr\/wp-json\/wp\/v2\/pages\/4943\/revisions"}],"predecessor-version":[{"id":4944,"href":"https:\/\/www.uhinak.com\/fr\/wp-json\/wp\/v2\/pages\/4943\/revisions\/4944"}],"wp:attachment":[{"href":"https:\/\/www.uhinak.com\/fr\/wp-json\/wp\/v2\/media?parent=4943"}],"curies":[{"name":"wp","href":"https:\/\/api.w.org\/{rel}","templated":true}]}}